{"id":18,"date":"2021-10-14T16:22:50","date_gmt":"2021-10-14T19:22:50","guid":{"rendered":"https:\/\/semanacientifica.unsa.edu.ar\/?page_id=18"},"modified":"2022-11-29T19:09:30","modified_gmt":"2022-11-29T22:09:30","slug":"videos","status":"publish","type":"page","link":"https:\/\/semana.exa.unsa.edu.ar\/?page_id=18","title":{"rendered":"Videos y P\u00f3dcast"},"content":{"rendered":"\n<p class=\"has-white-color has-accent-background-color has-text-color has-background\"><strong>P\u00d3DCAST: VOCES DE ESTUDIANTES EN TIEMPOS DE PANDEMIA<\/strong><\/p>\n\n\n\n<div class=\"wp-block-columns are-vertically-aligned-center is-layout-flex wp-container-core-columns-is-layout-28f84493 wp-block-columns-is-layout-flex\">\n<div class=\"wp-block-column is-vertically-aligned-center is-layout-flow wp-block-column-is-layout-flow\">\n<div class=\"wp-block-columns is-layout-flex wp-container-core-columns-is-layout-28f84493 wp-block-columns-is-layout-flex\">\n<div class=\"wp-block-column is-layout-flow wp-block-column-is-layout-flow\" style=\"flex-basis:100%\"><div class=\"wp-block-image\">\n<figure class=\"aligncenter size-large\"><a href=\"https:\/\/open.spotify.com\/show\/12NuPhjInMlCSNCmAZyoeM\"><img loading=\"lazy\" decoding=\"async\" width=\"1024\" height=\"576\" src=\"https:\/\/semanacientifica.unsa.edu.ar\/wp-content\/uploads\/2022\/09\/Podcast-Voces-de-estudiantes-en-tiempos-de-pandemia-001-1-1024x576.jpg\" alt=\"\" class=\"wp-image-1011\" srcset=\"https:\/\/semana.exa.unsa.edu.ar\/wp-content\/uploads\/2022\/09\/Podcast-Voces-de-estudiantes-en-tiempos-de-pandemia-001-1-1024x576.jpg 1024w, https:\/\/semana.exa.unsa.edu.ar\/wp-content\/uploads\/2022\/09\/Podcast-Voces-de-estudiantes-en-tiempos-de-pandemia-001-1-300x169.jpg 300w, https:\/\/semana.exa.unsa.edu.ar\/wp-content\/uploads\/2022\/09\/Podcast-Voces-de-estudiantes-en-tiempos-de-pandemia-001-1-768x432.jpg 768w, https:\/\/semana.exa.unsa.edu.ar\/wp-content\/uploads\/2022\/09\/Podcast-Voces-de-estudiantes-en-tiempos-de-pandemia-001-1-1536x864.jpg 1536w, https:\/\/semana.exa.unsa.edu.ar\/wp-content\/uploads\/2022\/09\/Podcast-Voces-de-estudiantes-en-tiempos-de-pandemia-001-1-2048x1152.jpg 2048w, https:\/\/semana.exa.unsa.edu.ar\/wp-content\/uploads\/2022\/09\/Podcast-Voces-de-estudiantes-en-tiempos-de-pandemia-001-1-600x338.jpg 600w\" sizes=\"auto, (max-width: 1024px) 100vw, 1024px\" \/><\/a><\/figure>\n<\/div><\/div>\n<\/div>\n<\/div>\n\n\n\n<div class=\"wp-block-column is-vertically-aligned-center is-layout-flow wp-block-column-is-layout-flow\">\n<h2 class=\"has-text-align-right wp-block-heading\" style=\"font-size:11px\">PODCAST: VOCES DE ESTUDIANTES EN TIEMPOS DE PANDEMIA<\/h2>\n\n\n\n<p class=\"has-text-align-right\" style=\"font-size:11px\"><strong>Dependencia<\/strong>: Facultad de Humanidades<\/p>\n\n\n\n<p class=\"has-text-align-right\" style=\"font-size:11px\"><strong>Responsable:<\/strong> Lucrecia Carmen Coscio\u2013- <\/p>\n\n\n\n<p class=\"has-text-align-right\" style=\"font-size:11px\"><strong>Resumen<\/strong>: Desde la c\u00e1tedra de Sociolog\u00eda de la Educaci\u00f3n de la carrera de Ciencias de la Educaci\u00f3n pretendemos retomar las vivencias, dificultades, incertidumbres, inquietudes y desaf\u00edos de los\/as estudiantes durante en el cursado de las materias en circunstancias del ASPO (Aislamiento Social Preventivo y Obligatorio)<\/p>\n\n\n\n<p class=\"has-text-align-right\" style=\"font-size:11px\"><strong>Participantes:<\/strong> Daiana Micaela Guardia-Sara Isabel Garc\u00eda<\/p>\n\n\n\n<div class=\"wp-block-buttons is-layout-flex wp-block-buttons-is-layout-flex\">\n<div class=\"wp-block-button aligncenter has-custom-font-size has-small-font-size\"><a class=\"wp-block-button__link has-white-color has-accent-background-color has-text-color has-background wp-element-button\" href=\"https:\/\/open.spotify.com\/show\/12NuPhjInMlCSNCmAZyoeM\" target=\"_blank\" rel=\"noreferrer noopener\">Acceder <\/a><\/div>\n<\/div>\n<\/div>\n<\/div>\n\n\n\n<p class=\"has-white-color has-header-gradient-background-color has-text-color has-background\"><strong>DOCUMENTAL &#8220;PIONEROS DEL SOL&#8221;<\/strong><\/p>\n\n\n\n<div class=\"wp-block-columns is-layout-flex wp-container-core-columns-is-layout-28f84493 wp-block-columns-is-layout-flex\">\n<div class=\"wp-block-column is-vertically-aligned-center is-layout-flow wp-block-column-is-layout-flow\">\n<figure class=\"wp-block-embed is-type-video is-provider-youtube wp-block-embed-youtube wp-embed-aspect-16-9 wp-has-aspect-ratio\"><div class=\"wp-block-embed__wrapper\">\n<iframe loading=\"lazy\" title=\"DOCUMENTAL &quot;PIONEROS DEL SOL&quot;\" width=\"750\" height=\"422\" src=\"https:\/\/www.youtube.com\/embed\/xWDzEnFC8_w?feature=oembed\" frameborder=\"0\" allow=\"accelerometer; autoplay; clipboard-write; encrypted-media; gyroscope; picture-in-picture\" allowfullscreen><\/iframe>\n<\/div><\/figure>\n<\/div>\n\n\n\n<div class=\"wp-block-column is-layout-flow wp-block-column-is-layout-flow\">\n<p class=\"has-small-font-size\"><strong>DOCUMENTAL &#8220;PIONEROS DEL SOL&#8221;<\/strong><\/p>\n\n\n\n<p style=\"font-size:11px\">Dependencia: Subsecretar\u00eda de Comunicaci\u00f3n rectorado <\/p>\n\n\n\n<p style=\"font-size:11px\">Responsable: Raul Marti Vargas\u2013- <\/p>\n\n\n\n<p style=\"font-size:11px\">Resumen: Testimonios de los inicios del Instituto Nacional de Energ\u00eda No Convencional INENCO y su incidencia en la academia, la investigaci\u00f3n y el impacto en la calidad de vida de la regi\u00f3n. <\/p>\n\n\n\n<p style=\"font-size:11px\">Participantes: Camila Rene Anze- Julio Alejandro Arroz-<\/p>\n<\/div>\n<\/div>\n\n\n\n<p class=\"has-white-color has-text-color has-background\" style=\"background-color:#54b8d3\"><strong>INFORMACI\u00d3N SOBRE EL CONICET SALTA-JUJUY<\/strong><\/p>\n\n\n\n<div class=\"wp-block-columns is-layout-flex wp-container-core-columns-is-layout-28f84493 wp-block-columns-is-layout-flex\">\n<div class=\"wp-block-column is-vertically-aligned-center is-layout-flow wp-block-column-is-layout-flow\">\n<figure class=\"wp-block-embed aligncenter is-type-video is-provider-youtube wp-block-embed-youtube wp-embed-aspect-16-9 wp-has-aspect-ratio\"><div class=\"wp-block-embed__wrapper\">\n<iframe loading=\"lazy\" title=\"INFORMACI\u00d3N SOBRE EL CONICET SALTA JUJUY\" width=\"750\" height=\"422\" src=\"https:\/\/www.youtube.com\/embed\/3C6zscSLYpc?feature=oembed\" frameborder=\"0\" allow=\"accelerometer; autoplay; clipboard-write; encrypted-media; gyroscope; picture-in-picture\" allowfullscreen><\/iframe>\n<\/div><\/figure>\n<\/div>\n\n\n\n<div class=\"wp-block-column is-layout-flow wp-block-column-is-layout-flow\">\n<figure class=\"wp-block-embed aligncenter is-type-video is-provider-youtube wp-block-embed-youtube wp-embed-aspect-16-9 wp-has-aspect-ratio\"><div class=\"wp-block-embed__wrapper\">\n<iframe loading=\"lazy\" title=\"Presentaci\u00f3n CONICET\" width=\"750\" height=\"422\" src=\"https:\/\/www.youtube.com\/embed\/i5YYLPVNdXM?feature=oembed\" frameborder=\"0\" allow=\"accelerometer; autoplay; clipboard-write; encrypted-media; gyroscope; picture-in-picture\" allowfullscreen><\/iframe>\n<\/div><\/figure>\n<\/div>\n<\/div>\n\n\n\n<div class=\"wp-block-columns is-layout-flex wp-container-core-columns-is-layout-28f84493 wp-block-columns-is-layout-flex\">\n<div class=\"wp-block-column is-vertically-aligned-center is-layout-flow wp-block-column-is-layout-flow\">\n<figure class=\"wp-block-embed aligncenter is-type-video is-provider-youtube wp-block-embed-youtube wp-embed-aspect-16-9 wp-has-aspect-ratio\"><div class=\"wp-block-embed__wrapper\">\n<iframe loading=\"lazy\" title=\"Video CCT Salta Jujuy\" width=\"750\" height=\"422\" src=\"https:\/\/www.youtube.com\/embed\/t9pvTLyJFj8?feature=oembed\" frameborder=\"0\" allow=\"accelerometer; autoplay; clipboard-write; encrypted-media; gyroscope; picture-in-picture\" allowfullscreen><\/iframe>\n<\/div><\/figure>\n<\/div>\n\n\n\n<div class=\"wp-block-column is-vertically-aligned-center is-layout-flow wp-block-column-is-layout-flow\">\n<p class=\"has-small-font-size\"><strong>INFORMACI\u00d3N SOBRE EL CONICET SALTA-JUJUY<\/strong><\/p>\n\n\n\n<p class=\"has-small-font-size\">Dependencia: CCT Salta- Jujuy Responsable: In\u00e9s Zuvir\u00eda Saravia- Resumen: Muestra del trabajo institucional, e informaci\u00f3n sobre oportunidades de becas del Consejo Nacional de Investigaciones Cient\u00edficas y T\u00e9cnicas (CONICET) Salta Jujuy<\/p>\n<\/div>\n<\/div>\n\n\n\n<p class=\"has-white-color has-text-color has-background\" style=\"background-color:#2336a4\"><strong>TECNORIGINARIA. ARQUEOLOG\u00cdA DE ESTA TIERRA<\/strong><\/p>\n\n\n\n<div class=\"wp-block-columns is-layout-flex wp-container-core-columns-is-layout-28f84493 wp-block-columns-is-layout-flex\">\n<div class=\"wp-block-column is-layout-flow wp-block-column-is-layout-flow\">\n<figure class=\"wp-block-embed aligncenter is-type-video is-provider-youtube wp-block-embed-youtube wp-embed-aspect-16-9 wp-has-aspect-ratio\"><div class=\"wp-block-embed__wrapper\">\n<iframe loading=\"lazy\" title=\"TECNORIGINARIA. ARQUEOLOG\u00cdA DE ESTA TIERRA\" width=\"750\" height=\"422\" src=\"https:\/\/www.youtube.com\/embed\/XNdotjERNr0?feature=oembed\" frameborder=\"0\" allow=\"accelerometer; autoplay; clipboard-write; encrypted-media; gyroscope; picture-in-picture\" allowfullscreen><\/iframe>\n<\/div><\/figure>\n<\/div>\n\n\n\n<div class=\"wp-block-column is-layout-flow wp-block-column-is-layout-flow\">\n<figure class=\"wp-block-embed aligncenter is-type-video is-provider-youtube wp-block-embed-youtube wp-embed-aspect-16-9 wp-has-aspect-ratio\"><div class=\"wp-block-embed__wrapper\">\n<iframe loading=\"lazy\" title=\"TECNORIGINARIA. ARQUEOLOG\u00cdA DE ESTA TIERRA\" width=\"750\" height=\"422\" src=\"https:\/\/www.youtube.com\/embed\/T0XXLfouAxw?feature=oembed\" frameborder=\"0\" allow=\"accelerometer; autoplay; clipboard-write; encrypted-media; gyroscope; picture-in-picture\" allowfullscreen><\/iframe>\n<\/div><\/figure>\n<\/div>\n\n\n\n<div class=\"wp-block-column is-layout-flow wp-block-column-is-layout-flow\">\n<figure class=\"wp-block-embed aligncenter is-type-video is-provider-youtube wp-block-embed-youtube wp-embed-aspect-16-9 wp-has-aspect-ratio\"><div class=\"wp-block-embed__wrapper\">\n<iframe loading=\"lazy\" title=\"TECNORIGINARIA. ARQUEOLOG\u00cdA DE ESTA TIERRA\" width=\"750\" height=\"422\" src=\"https:\/\/www.youtube.com\/embed\/YW6HxieMTpc?feature=oembed\" frameborder=\"0\" allow=\"accelerometer; autoplay; clipboard-write; encrypted-media; gyroscope; picture-in-picture\" allowfullscreen><\/iframe>\n<\/div><\/figure>\n<\/div>\n<\/div>\n\n\n\n<div class=\"wp-block-columns is-layout-flex wp-container-core-columns-is-layout-28f84493 wp-block-columns-is-layout-flex\">\n<div class=\"wp-block-column is-layout-flow wp-block-column-is-layout-flow\">\n<figure class=\"wp-block-embed aligncenter is-type-video is-provider-youtube wp-block-embed-youtube wp-embed-aspect-4-3 wp-has-aspect-ratio\"><div class=\"wp-block-embed__wrapper\">\n<iframe loading=\"lazy\" title=\"TECNORIGINARIA. ARQUEOLOG\u00cdA DE ESTA TIERRA\" width=\"750\" height=\"563\" src=\"https:\/\/www.youtube.com\/embed\/FF5RkPXr3tk?feature=oembed\" frameborder=\"0\" allow=\"accelerometer; autoplay; clipboard-write; encrypted-media; gyroscope; picture-in-picture\" allowfullscreen><\/iframe>\n<\/div><\/figure>\n<\/div>\n\n\n\n<div class=\"wp-block-column is-layout-flow wp-block-column-is-layout-flow\">\n<figure class=\"wp-block-embed aligncenter is-type-video is-provider-youtube wp-block-embed-youtube wp-embed-aspect-4-3 wp-has-aspect-ratio\"><div class=\"wp-block-embed__wrapper\">\n<iframe loading=\"lazy\" title=\"TECNORIGINARIA. ARQUEOLOG\u00cdA DE ESTA TIERRA\" width=\"750\" height=\"563\" src=\"https:\/\/www.youtube.com\/embed\/tj95MpbLwkY?feature=oembed\" frameborder=\"0\" allow=\"accelerometer; autoplay; clipboard-write; encrypted-media; gyroscope; picture-in-picture\" allowfullscreen><\/iframe>\n<\/div><\/figure>\n<\/div>\n\n\n\n<div class=\"wp-block-column is-layout-flow wp-block-column-is-layout-flow\">\n<figure class=\"wp-block-embed aligncenter is-type-video is-provider-youtube wp-block-embed-youtube wp-embed-aspect-16-9 wp-has-aspect-ratio\"><div class=\"wp-block-embed__wrapper\">\n<iframe loading=\"lazy\" title=\"TECNORIGINARIA. ARQUEOLOG\u00cdA DE ESTA TIERRA\" width=\"750\" height=\"422\" src=\"https:\/\/www.youtube.com\/embed\/v8TlV1jQ19E?feature=oembed\" frameborder=\"0\" allow=\"accelerometer; autoplay; clipboard-write; encrypted-media; gyroscope; picture-in-picture\" allowfullscreen><\/iframe>\n<\/div><\/figure>\n<\/div>\n<\/div>\n\n\n\n<div class=\"wp-block-columns is-layout-flex wp-container-core-columns-is-layout-28f84493 wp-block-columns-is-layout-flex\">\n<div class=\"wp-block-column is-layout-flow wp-block-column-is-layout-flow\">\n<figure class=\"wp-block-embed is-type-video is-provider-youtube wp-block-embed-youtube wp-embed-aspect-4-3 wp-has-aspect-ratio\"><div class=\"wp-block-embed__wrapper\">\n<iframe loading=\"lazy\" title=\"TECNORIGINARIA. ARQUEOLOG\u00cdA DE ESTA TIERRA\" width=\"750\" height=\"563\" src=\"https:\/\/www.youtube.com\/embed\/e1hVnNNr3a0?feature=oembed\" frameborder=\"0\" allow=\"accelerometer; autoplay; clipboard-write; encrypted-media; gyroscope; picture-in-picture\" allowfullscreen><\/iframe>\n<\/div><\/figure>\n<\/div>\n\n\n\n<div class=\"wp-block-column is-layout-flow wp-block-column-is-layout-flow\">\n<figure class=\"wp-block-embed is-type-video is-provider-youtube wp-block-embed-youtube wp-embed-aspect-4-3 wp-has-aspect-ratio\"><div class=\"wp-block-embed__wrapper\">\n<iframe loading=\"lazy\" title=\"TECNORIGINARIA. ARQUEOLOG\u00cdA DE ESTA TIERRA\" width=\"750\" height=\"563\" src=\"https:\/\/www.youtube.com\/embed\/e1hVnNNr3a0?feature=oembed\" frameborder=\"0\" allow=\"accelerometer; autoplay; clipboard-write; encrypted-media; gyroscope; picture-in-picture\" allowfullscreen><\/iframe>\n<\/div><\/figure>\n<\/div>\n\n\n\n<div class=\"wp-block-column is-layout-flow wp-block-column-is-layout-flow\">\n<figure class=\"wp-block-embed is-type-video is-provider-youtube wp-block-embed-youtube wp-embed-aspect-16-9 wp-has-aspect-ratio\"><div class=\"wp-block-embed__wrapper\">\n<iframe loading=\"lazy\" title=\"TECNORIGINARIA. ARQUEOLOG\u00cdA DE ESTA TIERRA\" width=\"750\" height=\"422\" src=\"https:\/\/www.youtube.com\/embed\/j-UEKatjLRo?feature=oembed\" frameborder=\"0\" allow=\"accelerometer; autoplay; clipboard-write; encrypted-media; gyroscope; picture-in-picture\" allowfullscreen><\/iframe>\n<\/div><\/figure>\n<\/div>\n<\/div>\n\n\n\n<div class=\"wp-block-columns is-layout-flex wp-container-core-columns-is-layout-28f84493 wp-block-columns-is-layout-flex\">\n<div class=\"wp-block-column is-layout-flow wp-block-column-is-layout-flow\">\n<p class=\"has-small-font-size\"><strong>TECNORIGINARIA. ARQUEOLOG\u00cdA DE ESTA TIERRA<\/strong><\/p>\n\n\n\n<p style=\"font-size:11px\"><strong>Dependencia<\/strong>: ICSHO -Facultad de Humanidades<\/p>\n\n\n\n<p style=\"font-size:11px\"><strong>Responsable:<\/strong> Rossana Ledesma\u2013- <\/p>\n\n\n\n<p style=\"font-size:11px\"><strong>Resumen<\/strong>: El Gabinete de Arqueolog\u00eda Prof. Antonio Serrano fue creado mediante Resol. H 1.254\/12. Est\u00e1 conformado, en parte, por el Dep\u00f3sito de Materiales Arqueol\u00f3gicos en Tr\u00e1nsito y el Dep\u00f3sito de la Colecci\u00f3n Antonio Serrano. Re\u00fane los materiales arqueol\u00f3gicos provenientes del Museo de Arqueolog\u00eda de la Universidad Nacional de Salta (cerrado en 1976), piezas cedidas por particulares, el traspaso por parte de organismos oficiales y todo procedimiento que implique la permanencia de los materiales por un lapso superior a diez a\u00f1os. Por medio de recursos digitales, se podr\u00e1n observar los materiales arqueol\u00f3gicos que no se encuentran disponibles para la visita del p\u00fablico (videos, podcast, carrusel de im\u00e1genes y juegos did\u00e1cticos virtuales).<\/p>\n\n\n\n<p style=\"font-size:11px\"><strong>Participantes:<\/strong> Elsa Mabel Maman\u00ed, Rodrigo Sebasti\u00e1n Cardozo, Cecilia Mercuri, Claudia Macoritto Torcivia, Jimena Villarroel, Luciana Yazlle, Florencia Ganam Campos, Valentina Torres L\u00f3pez, Carlos Flores, Joaqu\u00edn D\u00edaz y Jos\u00e9 Sanmill\u00e1n<\/p>\n<\/div>\n\n\n\n<div class=\"wp-block-column is-layout-flow wp-block-column-is-layout-flow\">\n<div class=\"wp-block-buttons is-content-justification-center is-layout-flex wp-container-core-buttons-is-layout-a89b3969 wp-block-buttons-is-layout-flex\">\n<div class=\"wp-block-button aligncenter has-custom-font-size has-small-font-size\"><a class=\"wp-block-button__link has-white-color has-text-color has-background wp-element-button\" href=\"https:\/\/drive.google.com\/file\/d\/1xbUCKre-auWCa7p61zjKtBIduWyq6Doe\/view?usp=sharing\" style=\"background-color:#3653a8\">POSCAST: TECNORIGINARIA. ARQUEOLOG\u00cdA DE ESTA TIERRA<\/a><\/div>\n<\/div>\n<\/div>\n<\/div>\n\n\n\n<p class=\"has-white-color has-text-color has-background\" style=\"background-color:#d97a15\"><strong>CONSTRUYENDO JUNTOS, VOCACIONES CIENTIFICAS<\/strong><\/p>\n\n\n\n<div class=\"wp-block-columns is-layout-flex wp-container-core-columns-is-layout-28f84493 wp-block-columns-is-layout-flex\">\n<div class=\"wp-block-column is-layout-flow wp-block-column-is-layout-flow\">\n<figure class=\"wp-block-embed aligncenter is-type-video is-provider-youtube wp-block-embed-youtube wp-embed-aspect-4-3 wp-has-aspect-ratio\"><div class=\"wp-block-embed__wrapper\">\n<iframe loading=\"lazy\" title=\"CONSTRUYENDO JUNTOS, VOCACIONES CIENTIFICAS\" width=\"750\" height=\"563\" src=\"https:\/\/www.youtube.com\/embed\/wl2yZA2Lw-Y?feature=oembed\" frameborder=\"0\" allow=\"accelerometer; autoplay; clipboard-write; encrypted-media; gyroscope; picture-in-picture\" allowfullscreen><\/iframe>\n<\/div><\/figure>\n<\/div>\n\n\n\n<div class=\"wp-block-column is-layout-flow wp-block-column-is-layout-flow\">\n<p style=\"font-size:11px\"><strong>CONSTRUYENDO JUNTOS, VOCACIONES CIENTIFICAS <\/strong><\/p>\n\n\n\n<p style=\"font-size:11px\">Dependencia: Facultad de Ciencias Exactas- SOE <\/p>\n\n\n\n<p style=\"font-size:11px\">Responsable: Dalcy Argentina Flores <\/p>\n\n\n\n<p style=\"font-size:11px\">Resumen: Se trata de una propuesta para orientar la elecci\u00f3n de carrera, a trav\u00e9s del desarrollo de temas vinculados a las distintas titulaciones de la Facultad de Ciencias Exactas. La presentaci\u00f3n de temas cient\u00edficos posibilitara que los estudiantes relacionen diversas disciplinas y reconozcan que la configuraci\u00f3n de las investigaciones en este campo, son un aporte relevante a los desaf\u00edos que enfrenta el mundo actual. <\/p>\n\n\n\n<p style=\"font-size:11px\"><strong>Participantes:<\/strong> Berta Di Carlo Natalia Patricia P\u00e9rez Norma Beatriz Olivera Luis Alfredo Peredo Augusto Ezequiel D&#8217;Ambrosio Ornass Alejandra Gabriela Villegas Yamila Velazquez Gabriela Ines Villegas Marines Farfan Pablo Cinco Reynaga<\/p>\n<\/div>\n<\/div>\n\n\n\n<p class=\"has-white-color has-text-color has-background\" style=\"background-color:#4d974c\"><strong>ENTRE ESCAMAS, PLUMAS Y PELOS APRENDEMOS Y CUIDAMOS NUESTROS VERTEBRADOS DEL NOA<\/strong><\/p>\n\n\n\n<div class=\"wp-block-columns is-layout-flex wp-container-core-columns-is-layout-28f84493 wp-block-columns-is-layout-flex\">\n<div class=\"wp-block-column is-vertically-aligned-center is-layout-flow wp-block-column-is-layout-flow\">\n<figure class=\"wp-block-embed aligncenter is-type-video is-provider-youtube wp-block-embed-youtube wp-embed-aspect-4-3 wp-has-aspect-ratio\"><div class=\"wp-block-embed__wrapper\">\n<iframe loading=\"lazy\" title=\"ENTRE ESCAMAS, PLUMAS Y PELOS APRENDEMOS Y CUIDAMOS NUESTROS VERTEBRADOS DEL NOA\" width=\"750\" height=\"563\" src=\"https:\/\/www.youtube.com\/embed\/g5J5kx71Yis?feature=oembed\" frameborder=\"0\" allow=\"accelerometer; autoplay; clipboard-write; encrypted-media; gyroscope; picture-in-picture\" allowfullscreen><\/iframe>\n<\/div><\/figure>\n<\/div>\n\n\n\n<div class=\"wp-block-column is-layout-flow wp-block-column-is-layout-flow\">\n<p style=\"font-size:11px\"><strong>ENTRE ESCAMAS, PLUMAS Y PELOS: APRENDEMOS Y CUIDAMOS NUESTROS VERTEBRADOS DEL NOA. <\/strong><\/p>\n\n\n\n<p style=\"font-size:11px\"><strong>Dependencia: <\/strong>Facultad de Ciencias Naturales- IBIGEO <\/p>\n\n\n\n<p style=\"font-size:11px\"><strong>Responsable:<\/strong> Sabrina Portelli &#8211; <\/p>\n\n\n\n<p style=\"font-size:11px\"><strong>Resumen<\/strong>: La actividad propuesta lleva a conocer mediante la observaci\u00f3n y la informaci\u00f3n las diversas especies que habitan en nuestra provincia. Contar\u00e1 con material de animales (fotos y modelos) para observar sus caracter\u00edsticas y sus nombres comunes y cient\u00edficos. Adem\u00e1s, se realizar\u00e1n juegos did\u00e1cticos para favorecer el aprendizaje y cuidado de la biodiversidad que nos rodea. <\/p>\n\n\n\n<p style=\"font-size:11px\"><strong>Participantes: <\/strong>Andrea Demayo Mar\u00eda Gimena Fern\u00e1ndez Sebasti\u00e1n Quinteros Sabrina Portelli Exequiel Navarro Andrea Demayo Carolina Lobo Vanesa Chocobar Rodrigo Gamarra Marcia Villagr\u00e1n Juli\u00e1n Hern\u00e1ndez<\/p>\n<\/div>\n<\/div>\n\n\n\n<p class=\"has-white-color has-accent-background-color has-text-color has-background\"><strong>STAND DE PROMOCI\u00d3N DEL SERVICIO KIOSCO SALUDABLE<\/strong><\/p>\n\n\n\n<div class=\"wp-block-columns is-layout-flex wp-container-core-columns-is-layout-28f84493 wp-block-columns-is-layout-flex\">\n<div class=\"wp-block-column is-vertically-aligned-center is-layout-flow wp-block-column-is-layout-flow\">\n<figure class=\"wp-block-embed aligncenter is-type-video is-provider-youtube wp-block-embed-youtube wp-embed-aspect-16-9 wp-has-aspect-ratio\"><div class=\"wp-block-embed__wrapper\">\n<iframe loading=\"lazy\" title=\"Stand de Promocion del Servicio Kiosco Saludable\" width=\"750\" height=\"422\" src=\"https:\/\/www.youtube.com\/embed\/-GRzYwjnOrM?feature=oembed\" frameborder=\"0\" allow=\"accelerometer; autoplay; clipboard-write; encrypted-media; gyroscope; picture-in-picture\" allowfullscreen><\/iframe>\n<\/div><\/figure>\n<\/div>\n\n\n\n<div class=\"wp-block-column is-vertically-aligned-center is-layout-flow wp-block-column-is-layout-flow\">\n<figure class=\"wp-block-embed aligncenter is-type-video is-provider-youtube wp-block-embed-youtube wp-embed-aspect-16-9 wp-has-aspect-ratio\"><div class=\"wp-block-embed__wrapper\">\n<iframe loading=\"lazy\" title=\"Stand de Promocion del Servicio Kiosco Saludable\" width=\"750\" height=\"422\" src=\"https:\/\/www.youtube.com\/embed\/Gux4L1M4yBI?feature=oembed\" frameborder=\"0\" allow=\"accelerometer; autoplay; clipboard-write; encrypted-media; gyroscope; picture-in-picture\" allowfullscreen><\/iframe>\n<\/div><\/figure>\n<\/div>\n<\/div>\n\n\n\n<div class=\"wp-block-columns are-vertically-aligned-center is-layout-flex wp-container-core-columns-is-layout-28f84493 wp-block-columns-is-layout-flex\">\n<div class=\"wp-block-column is-vertically-aligned-center is-layout-flow wp-block-column-is-layout-flow\">\n<p style=\"font-size:11px\"><strong>STAND DE PROMOCI\u00d3N DEL SERVICIO KIOSCO SALUDABLE<\/strong><\/p>\n\n\n\n<p style=\"font-size:11px\"><strong>Dependencia:<\/strong> Facultad de Ciencias de la Salud <\/p>\n\n\n\n<p style=\"font-size:11px\"><strong>Responsable: <\/strong>Mgs. Marcela Mart\u00ednez Bustos- <\/p>\n\n\n\n<p style=\"font-size:11px\"><strong>Resumen:<\/strong> Recibir informaci\u00f3n sobre las actividades que desarrolla el Servicio <\/p>\n\n\n\n<p style=\"font-size:11px\"><strong>Participantes:<\/strong> Abigail Alejandra Guzm\u00e1n P\u00e9rez Laura Viviana \u2013 Rosario Rivas \u2013 Fernanda Baltazar \u2013<\/p>\n<\/div>\n\n\n\n<div class=\"wp-block-column is-vertically-aligned-center is-layout-flow wp-block-column-is-layout-flow\">\n<figure class=\"wp-block-embed aligncenter is-type-video is-provider-youtube wp-block-embed-youtube wp-embed-aspect-16-9 wp-has-aspect-ratio\"><div class=\"wp-block-embed__wrapper\">\n<iframe loading=\"lazy\" title=\"Stand de Promoci\u00f3n del Servicio Kiosco Saludable\" width=\"750\" height=\"422\" src=\"https:\/\/www.youtube.com\/embed\/NvCYYHgYwE4?feature=oembed\" frameborder=\"0\" allow=\"accelerometer; autoplay; clipboard-write; encrypted-media; gyroscope; picture-in-picture\" allowfullscreen><\/iframe>\n<\/div><\/figure>\n<\/div>\n<\/div>\n\n\n\n<p class=\"has-white-color has-text-color has-background\" style=\"background-color:#45d8c9\"><strong>STAND DE DIFUSI\u00d3N DEL SERVICIO EL TEL\u00c9FONO DE LA SALUD<\/strong><\/p>\n\n\n\n<div class=\"wp-block-columns is-layout-flex wp-container-core-columns-is-layout-28f84493 wp-block-columns-is-layout-flex\">\n<div class=\"wp-block-column is-vertically-aligned-center is-layout-flow wp-block-column-is-layout-flow\">\n<figure class=\"wp-block-embed aligncenter is-type-video is-provider-youtube wp-block-embed-youtube wp-embed-aspect-16-9 wp-has-aspect-ratio\"><div class=\"wp-block-embed__wrapper\">\n<iframe loading=\"lazy\" title=\"STAND DE DIFUSI\u00d3N DEL SERVICIO EL TEL\u00c9FONO DE LA SALUD\" width=\"750\" height=\"422\" src=\"https:\/\/www.youtube.com\/embed\/4YyMib3F--Y?feature=oembed\" frameborder=\"0\" allow=\"accelerometer; autoplay; clipboard-write; encrypted-media; gyroscope; picture-in-picture\" allowfullscreen><\/iframe>\n<\/div><\/figure>\n<\/div>\n\n\n\n<div class=\"wp-block-column is-layout-flow wp-block-column-is-layout-flow\">\n<p style=\"font-size:11px\"><strong>STAND DE DIFUSI\u00d3N DEL SERVICIO EL TEL\u00c9FONO DE LA SALUD<\/strong><\/p>\n\n\n\n<p style=\"font-size:11px\"><strong>Dependencia:<\/strong> Facultad de Salud<\/p>\n\n\n\n<p style=\"font-size:11px\"><strong>Responsable<\/strong>: Mgs Patricia Zelaya directora del Servicio- <\/p>\n\n\n\n<p style=\"font-size:11px\"><strong>Resumen:<\/strong> Stand con presentaci\u00f3n de folleto institucional, videos, fotos de actividades realizadas desde el servicio P\u00fablico: P\u00fablico en General <\/p>\n\n\n\n<p style=\"font-size:11px\"><strong>Participantes<\/strong>: Milagro Moluenda Beatriz Lozano In\u00e9s Mendoza Patricia Zelaya<\/p>\n<\/div>\n<\/div>\n\n\n\n<p class=\"has-white-color has-text-color has-background\" style=\"background-color:#ca9494\"><strong>RESERVA FINCA LAS COSTAS: AN\u00c1LISIS DE SUS USOS DESDE UNA MIRADA PARTICIPATIVA COMUNIDAD-UNIVERSIDAD<\/strong><\/p>\n\n\n\n<div class=\"wp-block-columns is-layout-flex wp-container-core-columns-is-layout-28f84493 wp-block-columns-is-layout-flex\">\n<div class=\"wp-block-column is-vertically-aligned-center is-layout-flow wp-block-column-is-layout-flow\">\n<figure class=\"wp-block-embed aligncenter is-type-video is-provider-youtube wp-block-embed-youtube wp-embed-aspect-16-9 wp-has-aspect-ratio\"><div class=\"wp-block-embed__wrapper\">\n<iframe loading=\"lazy\" title=\"RESERVA FINCA LAS COSTAS: AN\u00c1LISIS DE SUS USOS DESDE UNA MIRADA PARTICIPATIVA COMUNIDAD-UNIVERSIDAD\" width=\"750\" height=\"422\" src=\"https:\/\/www.youtube.com\/embed\/tJugBIaeJes?feature=oembed\" frameborder=\"0\" allow=\"accelerometer; autoplay; clipboard-write; encrypted-media; gyroscope; picture-in-picture\" allowfullscreen><\/iframe>\n<\/div><\/figure>\n<\/div>\n\n\n\n<div class=\"wp-block-column is-layout-flow wp-block-column-is-layout-flow\">\n<p style=\"font-size:11px\"><strong>RESERVA FINCA LAS COSTAS: AN\u00c1LISIS DE SUS USOS DESDE UNA MIRADA PARTICIPATIVA COMUNIDAD-UNIVERSIDAD<\/strong><\/p>\n\n\n\n<p style=\"font-size:11px\"><strong>Dependencia:<\/strong> Facultad de Ciencias Naturales <\/p>\n\n\n\n<p style=\"font-size:11px\"><strong>Responsable:<\/strong> N\u00e9lida Bay\u00f3n de Torena &#8211; <\/p>\n\n\n\n<p style=\"font-size:11px\"><strong>Resumen:<\/strong> Charla debate para visibilizar los usos de recursos naturales que realiza la comunidad Lule que habita en la reserva y los usos de la poblaci\u00f3n en general de los que surge el conflicto del agua y deterioro por residuos y deportes extremos de los visitantes a la reserva. P\u00fablico: Nivel Medio, Educaci\u00f3n Superior, P\u00fablico en General Participaci\u00f3n: N\u00e9lida Bay\u00f3n de Torena M\u00f3nica Noem\u00ed Pasculli Ana Laura Moya Gisela Santos Emiliano Quiroga Paola Luz Ayel\u00e9n Maman\u00ed Ana Beatriz Moreyra David Torres Miguel Sarapura<\/p>\n<\/div>\n<\/div>\n\n\n\n<p class=\"has-white-color has-text-color has-background\" style=\"background-color:#4bb4e9\"><strong>PROHIBIDO OLVIDAR, A 40 A\u00d1OS DE LA GESTA DE MALVINAS<\/strong><\/p>\n\n\n\n<div class=\"wp-block-columns is-layout-flex wp-container-core-columns-is-layout-28f84493 wp-block-columns-is-layout-flex\">\n<div class=\"wp-block-column is-layout-flow wp-block-column-is-layout-flow\">\n<figure class=\"wp-block-embed aligncenter is-type-video is-provider-youtube wp-block-embed-youtube wp-embed-aspect-16-9 wp-has-aspect-ratio\"><div class=\"wp-block-embed__wrapper\">\n<iframe loading=\"lazy\" title=\"SPOT PROMOCIONAL: PROHIBIDO OLVIDAR, A 40 A\u00d1OS DE LA GESTA DE MALVINAS\" width=\"750\" height=\"422\" src=\"https:\/\/www.youtube.com\/embed\/Lgk7PEti2Pg?feature=oembed\" frameborder=\"0\" allow=\"accelerometer; autoplay; clipboard-write; encrypted-media; gyroscope; picture-in-picture\" allowfullscreen><\/iframe>\n<\/div><\/figure>\n<\/div>\n\n\n\n<div class=\"wp-block-column is-layout-flow wp-block-column-is-layout-flow\">\n<figure class=\"wp-block-embed aligncenter is-type-video is-provider-youtube wp-block-embed-youtube wp-embed-aspect-16-9 wp-has-aspect-ratio\"><div class=\"wp-block-embed__wrapper\">\n<iframe loading=\"lazy\" title=\"RESUMEN DEL PROYECTO PROHIBIDO OLVIDAR: PROHIBIDO OLVIDAR, A 40 A\u00d1OS DE LA GESTA DE MALVINAS\" width=\"750\" height=\"422\" src=\"https:\/\/www.youtube.com\/embed\/b4R36wwzi6o?feature=oembed\" frameborder=\"0\" allow=\"accelerometer; autoplay; clipboard-write; encrypted-media; gyroscope; picture-in-picture\" allowfullscreen><\/iframe>\n<\/div><\/figure>\n<\/div>\n<\/div>\n\n\n\n<div class=\"wp-block-columns is-layout-flex wp-container-core-columns-is-layout-28f84493 wp-block-columns-is-layout-flex\">\n<div class=\"wp-block-column is-layout-flow wp-block-column-is-layout-flow\">\n<figure class=\"wp-block-embed aligncenter is-type-video is-provider-youtube wp-block-embed-youtube wp-embed-aspect-4-3 wp-has-aspect-ratio\"><div class=\"wp-block-embed__wrapper\">\n<iframe loading=\"lazy\" title=\"PODCAST 1: PROHIBIDO OLVIDAR, A 40 A\u00d1OS DE LA GESTA DE MALVINAS\" width=\"750\" height=\"563\" src=\"https:\/\/www.youtube.com\/embed\/MV-Nyb_0AZo?feature=oembed\" frameborder=\"0\" allow=\"accelerometer; autoplay; clipboard-write; encrypted-media; gyroscope; picture-in-picture\" allowfullscreen><\/iframe>\n<\/div><\/figure>\n<\/div>\n\n\n\n<div class=\"wp-block-column is-layout-flow wp-block-column-is-layout-flow\">\n<figure class=\"wp-block-embed aligncenter is-type-video is-provider-youtube wp-block-embed-youtube wp-embed-aspect-4-3 wp-has-aspect-ratio\"><div class=\"wp-block-embed__wrapper\">\n<iframe loading=\"lazy\" title=\"PODCAST 2: PROHIBIDO OLVIDAR, A 40 A\u00d1OS DE LA GESTA DE MALVINAS\" width=\"750\" height=\"563\" src=\"https:\/\/www.youtube.com\/embed\/_u5bSEb4gzs?feature=oembed\" frameborder=\"0\" allow=\"accelerometer; autoplay; clipboard-write; encrypted-media; gyroscope; picture-in-picture\" allowfullscreen><\/iframe>\n<\/div><\/figure>\n<\/div>\n\n\n\n<div class=\"wp-block-column is-layout-flow wp-block-column-is-layout-flow\">\n<figure class=\"wp-block-embed aligncenter is-type-video is-provider-youtube wp-block-embed-youtube wp-embed-aspect-4-3 wp-has-aspect-ratio\"><div class=\"wp-block-embed__wrapper\">\n<iframe loading=\"lazy\" title=\"PODCAST 3: PROHIBIDO OLVIDAR, A 40 A\u00d1OS DE LA GESTA DE MALVINAS\" width=\"750\" height=\"563\" src=\"https:\/\/www.youtube.com\/embed\/4AFWIHwD3Pk?feature=oembed\" frameborder=\"0\" allow=\"accelerometer; autoplay; clipboard-write; encrypted-media; gyroscope; picture-in-picture\" allowfullscreen><\/iframe>\n<\/div><\/figure>\n<\/div>\n<\/div>\n\n\n\n<p class=\"has-small-font-size\"><strong>PROHIBIDO OLVIDAR, A 40 A\u00d1OS DE LA GESTA DE MALVINAS<\/strong><\/p>\n\n\n\n<p style=\"font-size:11px\"><strong>Dependencia<\/strong>: Facultad de Humanidades<\/p>\n\n\n\n<p style=\"font-size:11px\"><strong>Responsable<\/strong>: Lic. Eva \u00c1vila\u2013 <\/p>\n\n\n\n<p style=\"font-size:11px\"><strong>Resumen<\/strong>: Con motivo de conmemorarse los 40 a\u00f1os de la gesta de Malvinas y 189 a\u00f1os de la ocupaci\u00f3n ileg\u00edtima de las Islas Malvinas por el Reino Unido, los Comunicadores Salte\u00f1os por Malvinas Argentinas, integrada por Eva \u00c1vila, Licenciada en Ciencias de la Comunicaci\u00f3n, Locutora Nacional Diplomada en Comunicaci\u00f3n y Defensa y Gerardo Villaroel, Periodista y Locutor Nacional dar\u00e1n un sentido homenaje a los ca\u00eddos y reconocer\u00e1n a los excombatientes, veteranos\/as de guerra y a sus familias.<br>A trav\u00e9s \u201cProhibido Olvidar\u201d queremos visibilizar la Cuesti\u00f3n y Causa Malvinas, desde una visi\u00f3n m\u00e1s provincial, compartiendo un sentido patri\u00f3tico nacional.<br>El objetivo es remarcar de manera permanente e irrenunciable que el pueblo salte\u00f1o y argentino reclama recuperar el ejercicio de soberan\u00eda sobre los territorios argentinos ocupados por el Reino Unido, conforme a los principios del derecho internacional. Dar a conocer los nombres de los 34 salte\u00f1os ca\u00eddos de Malvinas. Los 700 nombres de salte\u00f1os que participaron de la gesta de Malvinas.<\/p>\n\n\n\n<p style=\"font-size:11px\">Participante: Gerardo Villaroel<\/p>\n\n\n\n<p class=\"has-white-color has-text-color has-background\" style=\"background-color:#f12972\"><strong> TALLEREANDO EN ACCI\u00d3N: COMUNICACI\u00d3N Y G\u00c9NERO EN LA EXTENSI\u00d3N UNIVERSITARIA<\/strong><\/p>\n\n\n\n<div class=\"wp-block-columns is-layout-flex wp-container-core-columns-is-layout-28f84493 wp-block-columns-is-layout-flex\">\n<div class=\"wp-block-column is-vertically-aligned-center is-layout-flow wp-block-column-is-layout-flow\">\n<figure class=\"wp-block-embed aligncenter is-type-video is-provider-youtube wp-block-embed-youtube wp-embed-aspect-16-9 wp-has-aspect-ratio\"><div class=\"wp-block-embed__wrapper\">\n<iframe loading=\"lazy\" title=\"TALLEREANDO EN ACCI\u00d3N: COMUNICACI\u00d3N Y G\u00c9NERO EN LA EXTENSI\u00d3N UNIVERSITARIA\" width=\"750\" height=\"422\" src=\"https:\/\/www.youtube.com\/embed\/mdBtP7RU6_A?feature=oembed\" frameborder=\"0\" allow=\"accelerometer; autoplay; clipboard-write; encrypted-media; gyroscope; picture-in-picture\" allowfullscreen><\/iframe>\n<\/div><\/figure>\n<\/div>\n\n\n\n<div class=\"wp-block-column is-layout-flow wp-block-column-is-layout-flow\">\n<p class=\"has-small-font-size\"><strong>TALLEREANDO EN ACCI\u00d3N: COMUNICACI\u00d3N Y G\u00c9NERO EN LA EXTENSI\u00d3N UNIVERSITARIA<\/strong><\/p>\n\n\n\n<p style=\"font-size:11px\"><strong>Dependencia<\/strong>: Facultad de Humanidades<\/p>\n\n\n\n<p style=\"font-size:11px\"><strong>Responsable:<\/strong> Mar\u00eda Rosa Chachagua\u2013 <\/p>\n\n\n\n<p style=\"font-size:11px\"><strong>Resumen<\/strong>: Este video da cuenta de la ejecuci\u00f3n del Proyecto de extensi\u00f3n \u201cDe la Universidad al Barrio: Saberes compartidos y construidos colectivamente\u201d desde los meses de junio de 2021 a Julio de 2022 en el Colegio Secundario N\u00ba 5169 del barrio Siglo XXI de la ciudad de Salta capital. En el mismo se narran las actividades y talleres sobre comunicaci\u00f3n y g\u00e9nero, realizados con las juventudes del barrio mencionado. Estas experiencias son expresadas desde las voces de lxs estudiantes universitarios que participaron del proyecto.<\/p>\n\n\n\n<p style=\"font-size:11px\"><strong>Participantes:<\/strong> Lic. Ortega Portal, Cintia &#8211; Lic. Eliana Amina Samir El Sayem &#8211; Rodr\u00edguez, Jazm\u00edn Anah\u00ed -Romano G\u00fcemes, Constanza Roc\u00edo -Peralta, Romina Micaela &#8211; Calb\u00f3, F\u00e1tima de los \u00c1ngeles &#8211; Govetto, Sof\u00eda Carolina -Pedraza, Melanie Lutmila Barrios, Mar\u00eda Gabriela -Cruz, Anita Micaela Torres, Hector Ariel -Arjona, Mar\u00eda del Mar -Tolaba, Agustina Elizabeth -Cuellar, Lautaro Valent\u00edn -Soria, Margarita Marisel  -Maman\u00ed, Yamil Daniela Elizabeth <\/p>\n<\/div>\n<\/div>\n\n\n\n<p class=\"has-white-color has-text-color has-background\" style=\"background-color:#9138d5\"><strong>CREACI\u00d3N DEL CANAL DE YOUTUBE: \u201cAVENTURAS SEMIOL\u00d3GICAS<\/strong><\/p>\n\n\n\n<div class=\"wp-block-columns is-layout-flex wp-container-core-columns-is-layout-28f84493 wp-block-columns-is-layout-flex\">\n<div class=\"wp-block-column is-vertically-aligned-center is-layout-flow wp-block-column-is-layout-flow\">\n<figure class=\"wp-block-embed aligncenter is-type-video is-provider-youtube wp-block-embed-youtube wp-embed-aspect-16-9 wp-has-aspect-ratio\"><div class=\"wp-block-embed__wrapper\">\n<iframe loading=\"lazy\" title=\"Presentaci\u00f3n del trabajo de las c\u00e1tedras de Semi\u00f3tica General y Semi\u00f3tica de la Cultura\" width=\"750\" height=\"422\" src=\"https:\/\/www.youtube.com\/embed\/nci9GRGFCAg?feature=oembed\" frameborder=\"0\" allow=\"accelerometer; autoplay; clipboard-write; encrypted-media; gyroscope; picture-in-picture\" allowfullscreen><\/iframe>\n<\/div><\/figure>\n<\/div>\n\n\n\n<div class=\"wp-block-column is-layout-flow wp-block-column-is-layout-flow\">\n<p style=\"font-size:11px\"><strong>CREACI\u00d3N DEL CANAL DE YOUTUBE: \u201cAVENTURAS SEMIOL\u00d3GICAS<\/strong><\/p>\n\n\n\n<p style=\"font-size:11px\"><strong>Dependencia<\/strong>: Facultad de Humanidades<\/p>\n\n\n\n<p style=\"font-size:11px\"><strong>Responsable:<\/strong> DANIELA NAVA LE FAVI\u2013 <\/p>\n\n\n\n<p style=\"font-size:11px\"><strong>Resumen<\/strong>: La propuesta se basa en un video explicativo contando la experiencia de la c\u00e1tedra en la creaci\u00f3n de un canal de Youtbe &#8220;Aventuras semiol\u00f3gicas&#8221; para visibilizar material producido por los integrantes de la materia (docentes, adscriptxs) como as\u00ed tambi\u00e9n por lxs estudiantes. El contenido tiene un doble valor: resulta did\u00e1ctico para el acercamiento de autores del campo semi\u00f3tico\/semiol\u00f3gico y, por otra parte, tiene un cariz divulgativo.<\/p>\n\n\n\n<p style=\"font-size:11px\"><strong>Participantes:<\/strong> Mat\u00edas Lazarte- Melanie Lutmila Pedraza- Paula Abal- Cristian Leonel Juli\u00e1n Flores<\/p>\n<\/div>\n<\/div>\n\n\n\n<p class=\"has-white-color has-text-color has-background\" style=\"background-color:#398d9f\"><strong>DIGITALISTAS: un canal de PODCAST para gente enredada y conectada.<\/strong><\/p>\n\n\n\n<p class=\"has-small-font-size\"><strong>DIGITALISTAS: un canal de PODCAST para gente enredada y conectada.<\/strong><br><strong>Dependencia<\/strong>: Facultad de Humanidades<br><strong>Responsable:<\/strong> LEONARDO GABRIEL SOSA<br><strong>Resumen:<\/strong> Podcast de entrevistas de Ciencia y Tecnolog\u00eda de la c\u00e1tedra de Teor\u00eda y Pr\u00e1ctica de los usos tecnol\u00f3gicos de la comunicaci\u00f3n destinado a la divulgaci\u00f3n de innovaciones, desarrollo y emprendedurismo en TIC.<br><strong>Participantes: <\/strong>Eduardo Lozano Laxi, Aldana D\u00edaz, Mar\u00eda Silvia Morales, Hugo Eduardo Morales, Liz Ayel\u00e9n Flores, Marcelo Plaza.<\/p>\n\n\n\n<div class=\"wp-block-columns are-vertically-aligned-center is-layout-flex wp-container-core-columns-is-layout-28f84493 wp-block-columns-is-layout-flex\">\n<div class=\"wp-block-column is-vertically-aligned-center is-layout-flow wp-block-column-is-layout-flow\">\n<div class=\"wp-block-buttons is-content-justification-center is-layout-flex wp-container-core-buttons-is-layout-a89b3969 wp-block-buttons-is-layout-flex\">\n<div class=\"wp-block-button aligncenter has-custom-font-size has-small-font-size\"><a class=\"wp-block-button__link has-header-gradient-background-color has-background wp-element-button\" href=\"https:\/\/drive.google.com\/file\/d\/1g6RMcy-fgm-PNZ23vZI8iXiFk3GOH60t\/view?usp=sharing\" target=\"_blank\" rel=\"noreferrer noopener\">REPRODUCIR<\/a><\/div>\n<\/div>\n<\/div>\n\n\n\n<div class=\"wp-block-column is-vertically-aligned-center is-layout-flow wp-block-column-is-layout-flow\">\n<div class=\"wp-block-buttons is-content-justification-center is-layout-flex wp-container-core-buttons-is-layout-a89b3969 wp-block-buttons-is-layout-flex\">\n<div class=\"wp-block-button has-custom-font-size has-small-font-size\"><a class=\"wp-block-button__link has-accent-background-color has-background wp-element-button\" href=\"https:\/\/drive.google.com\/file\/d\/1sHbTEtYJ18dszCj1X-xg9g-CZchBdJAx\/view?usp=sharing\" target=\"_blank\" rel=\"noreferrer noopener\">REPRODUCIR<\/a><\/div>\n<\/div>\n<\/div>\n\n\n\n<div class=\"wp-block-column is-vertically-aligned-center is-layout-flow wp-block-column-is-layout-flow\">\n<div class=\"wp-block-buttons is-content-justification-center is-layout-flex wp-container-core-buttons-is-layout-a89b3969 wp-block-buttons-is-layout-flex\">\n<div class=\"wp-block-button aligncenter has-custom-font-size has-small-font-size\"><a class=\"wp-block-button__link has-background wp-element-button\" href=\"https:\/\/drive.google.com\/file\/d\/1Ic-nTOgVsq1KXmhb7iSbkfbZzcDvxjuB\/view?usp=sharing\" style=\"background-color:#3b42bd\" target=\"_blank\" rel=\"noreferrer noopener\">REPRODUCIR<\/a><\/div>\n<\/div>\n<\/div>\n<\/div>\n\n\n\n<div class=\"wp-block-columns are-vertically-aligned-center is-layout-flex wp-container-core-columns-is-layout-28f84493 wp-block-columns-is-layout-flex\">\n<div class=\"wp-block-column is-vertically-aligned-center is-layout-flow wp-block-column-is-layout-flow\">\n<div class=\"wp-block-buttons is-content-justification-center is-layout-flex wp-container-core-buttons-is-layout-a89b3969 wp-block-buttons-is-layout-flex\">\n<div class=\"wp-block-button aligncenter has-custom-font-size has-small-font-size\"><a class=\"wp-block-button__link has-background wp-element-button\" href=\"https:\/\/drive.google.com\/file\/d\/1eScZwszLTtxtLPtvzaoLResUqqQcQRyw\/view?usp=sharing\" style=\"background-color:#49bd37\" target=\"_blank\" rel=\"noreferrer noopener\">REPRODUCIR<\/a><\/div>\n<\/div>\n<\/div>\n\n\n\n<div class=\"wp-block-column is-vertically-aligned-center is-layout-flow wp-block-column-is-layout-flow\">\n<div class=\"wp-block-buttons is-content-justification-center is-layout-flex wp-container-core-buttons-is-layout-a89b3969 wp-block-buttons-is-layout-flex\">\n<div class=\"wp-block-button aligncenter has-custom-font-size has-small-font-size\"><a class=\"wp-block-button__link has-background wp-element-button\" href=\"https:\/\/drive.google.com\/file\/d\/1dHEN1WFAkwHPRHzQGl0Qp3STeTDOtPzs\/view?usp=sharing\" style=\"background-color:#2ed0c5\" target=\"_blank\" rel=\"noreferrer noopener\">REPRODUCIR<\/a><\/div>\n<\/div>\n<\/div>\n\n\n\n<div class=\"wp-block-column is-vertically-aligned-center is-layout-flow wp-block-column-is-layout-flow\">\n<div class=\"wp-block-buttons is-content-justification-center is-layout-flex wp-container-core-buttons-is-layout-a89b3969 wp-block-buttons-is-layout-flex\">\n<div class=\"wp-block-button aligncenter has-custom-font-size has-small-font-size\"><a class=\"wp-block-button__link has-background wp-element-button\" href=\"https:\/\/drive.google.com\/file\/d\/1tQjG2LkobJUAXAsedoFdlba3XdEDWjCw\/view?usp=sharing\" style=\"background-color:#9c779c\" target=\"_blank\" rel=\"noreferrer noopener\">REPRODUCIR<\/a><\/div>\n<\/div>\n<\/div>\n<\/div>\n\n\n\n<div class=\"wp-block-columns are-vertically-aligned-center is-layout-flex wp-container-core-columns-is-layout-28f84493 wp-block-columns-is-layout-flex\">\n<div class=\"wp-block-column is-vertically-aligned-center is-layout-flow wp-block-column-is-layout-flow\">\n<div class=\"wp-block-buttons is-content-justification-center is-layout-flex wp-container-core-buttons-is-layout-a89b3969 wp-block-buttons-is-layout-flex\">\n<div class=\"wp-block-button aligncenter has-custom-font-size has-small-font-size\"><a class=\"wp-block-button__link has-background wp-element-button\" href=\"https:\/\/drive.google.com\/file\/d\/19mi3yFX2Er6osOFM0mFR8gYTZq6pSdHs\/view?usp=sharing\" style=\"background-color:#1548c8\" target=\"_blank\" rel=\"noreferrer noopener\">DIGITALISTAS-ENTREVISTA- ROLY-ARIAS<\/a><\/div>\n<\/div>\n<\/div>\n\n\n\n<div class=\"wp-block-column is-vertically-aligned-center is-layout-flow wp-block-column-is-layout-flow\">\n<div class=\"wp-block-buttons is-content-justification-center is-layout-flex wp-container-core-buttons-is-layout-a89b3969 wp-block-buttons-is-layout-flex\">\n<div class=\"wp-block-button has-custom-font-size has-small-font-size\"><a class=\"wp-block-button__link has-background wp-element-button\" href=\"https:\/\/drive.google.com\/file\/d\/1Qp80VXbElcVYnGlF5_pcOIxTtVPydsnl\/view?usp=sharing\" style=\"background-color:#e13535\" target=\"_blank\" rel=\"noreferrer noopener\">ENTREVISTA CARLOS PORCELO<\/a><\/div>\n<\/div>\n<\/div>\n\n\n\n<div class=\"wp-block-column is-vertically-aligned-center is-layout-flow wp-block-column-is-layout-flow\">\n<div class=\"wp-block-buttons is-content-justification-center is-layout-flex wp-container-core-buttons-is-layout-a89b3969 wp-block-buttons-is-layout-flex\">\n<div class=\"wp-block-button aligncenter has-custom-font-size has-small-font-size\"><a class=\"wp-block-button__link has-background wp-element-button\" href=\"https:\/\/drive.google.com\/file\/d\/16bc_WZ4-LeCsXYm4F8__USKUH6tQ4yXc\/view?usp=sharing\" style=\"background-color:#9c38ad\" target=\"_blank\" rel=\"noreferrer noopener\">ENTREVISTA FEDERICO DADA<\/a><\/div>\n<\/div>\n<\/div>\n<\/div>\n\n\n\n<div class=\"wp-block-columns are-vertically-aligned-center is-layout-flex wp-container-core-columns-is-layout-28f84493 wp-block-columns-is-layout-flex\">\n<div class=\"wp-block-column is-vertically-aligned-center is-layout-flow wp-block-column-is-layout-flow\">\n<div class=\"wp-block-buttons is-content-justification-center is-layout-flex wp-container-core-buttons-is-layout-a89b3969 wp-block-buttons-is-layout-flex\">\n<div class=\"wp-block-button aligncenter has-custom-font-size has-small-font-size\"><a class=\"wp-block-button__link has-background wp-element-button\" href=\"https:\/\/drive.google.com\/file\/d\/1NaMm4Ds6Upwnjsr9aqhB--sV4NsQsQiP\/view?usp=sharing\" style=\"background-color:#2a7c70\" target=\"_blank\" rel=\"noreferrer noopener\">ENTREVISTA ITATI CARRIQUE<\/a><\/div>\n<\/div>\n<\/div>\n\n\n\n<div class=\"wp-block-column is-vertically-aligned-center is-layout-flow wp-block-column-is-layout-flow\">\n<div class=\"wp-block-buttons is-layout-flex wp-block-buttons-is-layout-flex\">\n<div class=\"wp-block-button has-custom-font-size has-small-font-size\"><a class=\"wp-block-button__link has-background wp-element-button\" href=\"https:\/\/drive.google.com\/file\/d\/1JDvAray0XI9FbL_1LHwlFpSvNGma7PX5\/view?usp=sharing\" style=\"background-color:#2588ca\" target=\"_blank\" rel=\"noreferrer noopener\">ENTREVISTA-ALBERTO-DOUSDEBES<\/a><\/div>\n<\/div>\n<\/div>\n\n\n\n<div class=\"wp-block-column is-vertically-aligned-center is-layout-flow wp-block-column-is-layout-flow\">\n<div class=\"wp-block-buttons is-content-justification-center is-layout-flex wp-container-core-buttons-is-layout-a89b3969 wp-block-buttons-is-layout-flex\">\n<div class=\"wp-block-button aligncenter has-custom-font-size has-small-font-size\"><a class=\"wp-block-button__link has-background wp-element-button\" href=\"https:\/\/drive.google.com\/file\/d\/1JDvAray0XI9FbL_1LHwlFpSvNGma7PX5\/view?usp=sharing\" style=\"background-color:#d31cac\" target=\"_blank\" rel=\"noreferrer noopener\">ENTREVISTA-ALBERTO-DOUSDEBES<\/a><\/div>\n<\/div>\n<\/div>\n<\/div>\n\n\n\n<div class=\"wp-block-columns are-vertically-aligned-center is-layout-flex wp-container-core-columns-is-layout-28f84493 wp-block-columns-is-layout-flex\">\n<div class=\"wp-block-column is-vertically-aligned-center is-layout-flow wp-block-column-is-layout-flow\">\n<div class=\"wp-block-buttons is-content-justification-center is-layout-flex wp-container-core-buttons-is-layout-a89b3969 wp-block-buttons-is-layout-flex\">\n<div class=\"wp-block-button aligncenter has-custom-font-size has-small-font-size\"><a class=\"wp-block-button__link has-background wp-element-button\" href=\"https:\/\/drive.google.com\/file\/d\/1yZL4C5d-kCzBew6eeP6GJ8nNAllaDlTp\/view?usp=sharing\" style=\"background-color:#e97d7d\" target=\"_blank\" rel=\"noreferrer noopener\">ENTREVISTA-CELESTE-JUAREZ<\/a><\/div>\n<\/div>\n<\/div>\n\n\n\n<div class=\"wp-block-column is-vertically-aligned-center is-layout-flow wp-block-column-is-layout-flow\">\n<div class=\"wp-block-buttons is-content-justification-center is-layout-flex wp-container-core-buttons-is-layout-a89b3969 wp-block-buttons-is-layout-flex\">\n<div class=\"wp-block-button has-custom-font-size has-small-font-size\"><a class=\"wp-block-button__link has-background wp-element-button\" href=\"https:\/\/drive.google.com\/file\/d\/1a_C1rZ5za1wpRDc41DYlP-ebuhHETA88\/view?usp=sharing\" style=\"background-color:#1ed44b\" target=\"_blank\" rel=\"noreferrer noopener\">ENTREVISTA-CONXA-ROD<\/a><\/div>\n<\/div>\n<\/div>\n\n\n\n<div class=\"wp-block-column is-vertically-aligned-center is-layout-flow wp-block-column-is-layout-flow\">\n<div class=\"wp-block-buttons is-content-justification-center is-layout-flex wp-container-core-buttons-is-layout-a89b3969 wp-block-buttons-is-layout-flex\">\n<div class=\"wp-block-button aligncenter has-custom-font-size has-small-font-size\"><a class=\"wp-block-button__link has-background wp-element-button\" href=\"https:\/\/drive.google.com\/file\/d\/1IRyirFLAVWxLWeBg4GDasxE4dN1l_uqz\/view?usp=sharing\" style=\"background-color:#932828\" target=\"_blank\" rel=\"noreferrer noopener\">ENTREVISTA-MONICA-BORETTO-<\/a><\/div>\n<\/div>\n<\/div>\n<\/div>\n\n\n\n<p class=\"has-white-color has-text-color has-background\" style=\"background-color:#d312b6\"> <strong>HABLEMOS DE SEMI\u00d3TICA: SERIE DE PODCASTS EDUCATIVOS Y DIVULGATIVOS<\/strong><\/p>\n\n\n\n<div class=\"wp-block-columns is-layout-flex wp-container-core-columns-is-layout-28f84493 wp-block-columns-is-layout-flex\">\n<div class=\"wp-block-column is-vertically-aligned-center is-layout-flow wp-block-column-is-layout-flow\">\n<div class=\"wp-block-columns is-layout-flex wp-container-core-columns-is-layout-28f84493 wp-block-columns-is-layout-flex\">\n<div class=\"wp-block-column is-layout-flow wp-block-column-is-layout-flow\">\n<figure class=\"wp-block-embed aligncenter is-type-video is-provider-youtube wp-block-embed-youtube wp-embed-aspect-16-9 wp-has-aspect-ratio\"><div class=\"wp-block-embed__wrapper\">\n<iframe loading=\"lazy\" title=\"Parte I: HABLEMOS DE SEMI\u00d3TICA: SERIE DE PODCASTS EDUCATIVOS Y DIVULGATIVOS\" width=\"750\" height=\"422\" src=\"https:\/\/www.youtube.com\/embed\/pCKKz9FamjQ?feature=oembed\" frameborder=\"0\" allow=\"accelerometer; autoplay; clipboard-write; encrypted-media; gyroscope; picture-in-picture\" allowfullscreen><\/iframe>\n<\/div><\/figure>\n<\/div>\n\n\n\n<div class=\"wp-block-column is-layout-flow wp-block-column-is-layout-flow\">\n<figure class=\"wp-block-embed aligncenter is-type-video is-provider-youtube wp-block-embed-youtube wp-embed-aspect-16-9 wp-has-aspect-ratio\"><div class=\"wp-block-embed__wrapper\">\n<iframe loading=\"lazy\" title=\"Parte II: HABLEMOS DE SEMI\u00d3TICA: SERIE DE PODCASTS EDUCATIVOS Y DIVULGATIVOS\" width=\"750\" height=\"422\" src=\"https:\/\/www.youtube.com\/embed\/pO4Hsk1Uumo?feature=oembed\" frameborder=\"0\" allow=\"accelerometer; autoplay; clipboard-write; encrypted-media; gyroscope; picture-in-picture\" allowfullscreen><\/iframe>\n<\/div><\/figure>\n<\/div>\n\n\n\n<div class=\"wp-block-column is-layout-flow wp-block-column-is-layout-flow\">\n<figure class=\"wp-block-embed aligncenter is-type-video is-provider-youtube wp-block-embed-youtube wp-embed-aspect-16-9 wp-has-aspect-ratio\"><div class=\"wp-block-embed__wrapper\">\n<iframe loading=\"lazy\" title=\"Parte III: HABLEMOS DE SEMI\u00d3TICA: SERIE DE PODCASTS EDUCATIVOS Y DIVULGATIVOS\" width=\"750\" height=\"422\" src=\"https:\/\/www.youtube.com\/embed\/Q7QFR0JkMj0?feature=oembed\" frameborder=\"0\" allow=\"accelerometer; autoplay; clipboard-write; encrypted-media; gyroscope; picture-in-picture\" allowfullscreen><\/iframe>\n<\/div><\/figure>\n<\/div>\n<\/div>\n\n\n\n<h2 class=\"has-small-font-size wp-block-heading\">HABLEMOS DE SEMI\u00d3TICA: SERIE DE PODCASTS EDUCATIVOS Y DIVULGATIVOS<\/h2>\n\n\n\n<p style=\"font-size:11px\"><strong>Dependencia<\/strong>: Facultad de Humanidades<\/p>\n\n\n\n<p style=\"font-size:11px\"><strong>Responsable:<\/strong> DANIELA NAVA LE FAVI<\/p>\n\n\n\n<p class=\"has-text-align-left\" style=\"font-size:11px\"><strong>Resumen<\/strong>: La propuesta se basa en la realizaci\u00f3n de tres podcasts que conforman la serie &#8220;Hablemos de Semi\u00f3tica&#8221;. Aqu\u00ed, se trabajan autores del campo de la semi\u00f3tica y la semiolog\u00eda para acercar al p\u00fablico conceptos sobre signos, ciudades, entre otros. La actividad fue realizada en el marco de la c\u00e1tedra de Semi\u00f3tica General por estudiantes adscriptas y este contenido es interesante tanto por constituirse como material did\u00e1ctico como, as\u00ed tambi\u00e9n, para divulgaci\u00f3n cient\u00edfica.<\/p>\n\n\n\n<p style=\"font-size:11px\"><strong>Participantes:<\/strong> Roc\u00edo Mamani-Mar\u00eda Jos\u00e9 Maldonado-Cebrelli, Alejandra<\/p>\n<\/div>\n<\/div>\n\n\n\n<p class=\"has-white-color has-text-color has-background\" style=\"background-color:#6d2d81\"><strong>C\u00d3MO SEMBRAR TUS IDEAS Y COSECHAR CONOCIMIENTO EN LA ERA DIGITAL<\/strong><\/p>\n\n\n\n<div class=\"wp-block-columns is-layout-flex wp-container-core-columns-is-layout-28f84493 wp-block-columns-is-layout-flex\">\n<div class=\"wp-block-column is-vertically-aligned-center is-layout-flow wp-block-column-is-layout-flow\">\n<figure class=\"wp-block-embed aligncenter is-type-video is-provider-youtube wp-block-embed-youtube wp-embed-aspect-16-9 wp-has-aspect-ratio\"><div class=\"wp-block-embed__wrapper\">\n<iframe loading=\"lazy\" title=\"C\u00d3MO SEMBRAR TUS IDEAS Y COSECHAR CONOCIMIENTO EN LA ERA DIGITAL\" width=\"750\" height=\"422\" src=\"https:\/\/www.youtube.com\/embed\/NaW60um1Tzw?feature=oembed\" frameborder=\"0\" allow=\"accelerometer; autoplay; clipboard-write; encrypted-media; gyroscope; picture-in-picture\" allowfullscreen><\/iframe>\n<\/div><\/figure>\n<\/div>\n\n\n\n<div class=\"wp-block-column is-layout-flow wp-block-column-is-layout-flow\">\n<p class=\"has-small-font-size\"><strong>C\u00d3MO SEMBRAR TUS IDEAS Y COSECHAR CONOCIMIENTO EN LA ERA DIGITAL<\/strong><\/p>\n\n\n\n<p style=\"font-size:11px\"><strong>Dependencia<\/strong>: Facultad de Ingenier\u00eda<\/p>\n\n\n\n<p style=\"font-size:11px\"><strong>Responsable:<\/strong> Pablo Ezequiel Ramos\u2013 <\/p>\n\n\n\n<p style=\"font-size:11px\"><strong>Resumen<\/strong>: En esta propuesta se desarrollar\u00e1n conceptos te\u00f3ricos y pr\u00e1cticos sobre la Gesti\u00f3n del Conocimiento Personal (tambi\u00e9n conocida como PKM) y c\u00f3mo la misma puede dar respuesta al manejo de la sobreinformaci\u00f3n en la era digital, aplicando metodolog\u00edas y sistemas en la toma de notas.<\/p>\n<\/div>\n<\/div>\n\n\n\n<p class=\"has-white-color has-text-color has-background\" style=\"background-color:#38369b\"><strong>LA FACULTAD DE CIENCIAS ECON\u00d3MICAS, JUR\u00cdDICAS Y SOCIALES Y SU VINCULACI\u00d3N AL MEDIO<\/strong><\/p>\n\n\n\n<div class=\"wp-block-columns is-layout-flex wp-container-core-columns-is-layout-28f84493 wp-block-columns-is-layout-flex\">\n<div class=\"wp-block-column is-vertically-aligned-center is-layout-flow wp-block-column-is-layout-flow\">\n<figure class=\"wp-block-embed aligncenter is-type-video is-provider-youtube wp-block-embed-youtube wp-embed-aspect-16-9 wp-has-aspect-ratio\"><div class=\"wp-block-embed__wrapper\">\n<iframe loading=\"lazy\" title=\"LA FACULTAD DE CIENCIAS ECON\u00d3MICAS, JUR\u00cdDICAS Y SOCIALES Y SU VINCULACI\u00d3N AL MEDIO\" width=\"750\" height=\"422\" src=\"https:\/\/www.youtube.com\/embed\/qKqPxc5Roqw?feature=oembed\" frameborder=\"0\" allow=\"accelerometer; autoplay; clipboard-write; encrypted-media; gyroscope; picture-in-picture\" allowfullscreen><\/iframe>\n<\/div><\/figure>\n<\/div>\n\n\n\n<div class=\"wp-block-column is-layout-flow wp-block-column-is-layout-flow\">\n<p class=\"has-small-font-size\"><strong>LA FACULTAD DE CIENCIAS ECON\u00d3MICAS, JUR\u00cdDICAS Y SOCIALES Y SU VINCULACI\u00d3N AL MEDIO<\/strong><\/p>\n\n\n\n<p style=\"font-size:11px\"><strong>Dependencia<\/strong>: Facultad de Ciencias Econ\u00f3mica, Jur\u00eddica y Sociales<\/p>\n\n\n\n<p style=\"font-size:11px\"><strong>Responsable:<\/strong> Teodelina Zuvir\u00eda\u201323365316- teodezuviria@gmail.com<\/p>\n\n\n\n<p style=\"font-size:11px\"><strong>Tel\u00e9fono<\/strong>: 3875616562<\/p>\n\n\n\n<p style=\"font-size:11px\"><strong>Resumen<\/strong>: En este video queremos contarte algunas de las actividades de Extensi\u00f3n, Vinculaci\u00f3n e Investigaci\u00f3n que se realizan por docentes y estudiantes de la Facultad de Ciencias Econ\u00f3micas.<\/p>\n<\/div>\n<\/div>\n\n\n\n<p class=\"has-white-color has-text-color has-background\" style=\"background-color:#2ab3e0\"><strong>ECON\u00d3MICAS- UNSA: UN MODELO DE GESTI\u00d3N CON AGENDA PROPIA<\/strong><\/p>\n\n\n\n<div class=\"wp-block-columns is-layout-flex wp-container-core-columns-is-layout-28f84493 wp-block-columns-is-layout-flex\">\n<div class=\"wp-block-column is-layout-flow wp-block-column-is-layout-flow\">\n<figure class=\"wp-block-embed aligncenter is-type-video is-provider-youtube wp-block-embed-youtube wp-embed-aspect-16-9 wp-has-aspect-ratio\"><div class=\"wp-block-embed__wrapper\">\n<iframe loading=\"lazy\" title=\"VIDEO INSTITUCIONAL FAC CS ECONOMICAS, JURIDICAS Y SOCIALES\" width=\"750\" height=\"422\" src=\"https:\/\/www.youtube.com\/embed\/Bn5gCOaeNIs?feature=oembed\" frameborder=\"0\" allow=\"accelerometer; autoplay; clipboard-write; encrypted-media; gyroscope; picture-in-picture\" allowfullscreen><\/iframe>\n<\/div><\/figure>\n<\/div>\n\n\n\n<div class=\"wp-block-column is-layout-flow wp-block-column-is-layout-flow\">\n<h2 class=\"has-small-font-size wp-block-heading\">ECON\u00d3MICAS- UNSA: UN MODELO DE GESTI\u00d3N CON AGENDA PROPIA<\/h2>\n\n\n\n<p style=\"font-size:11px\"><strong>Dependencia<\/strong>: Facultad de Ciencias Econ\u00f3mica, Jur\u00eddica y Sociales<\/p>\n\n\n\n<p style=\"font-size:11px\"><strong>Responsable:<\/strong> Miguel Mart\u00edn Nina\u2013<\/p>\n\n\n\n<p style=\"font-size:11px\"><strong>Resumen<\/strong>: Te presentamos el Plan Estrat\u00e9gico de la Facultad de Ciencias Econ\u00f3micas, Jur\u00eddicas y Sociales que enmarca y da sentido a nuestra labor cotidiana.<\/p>\n\n\n\n<p style=\"font-size:11px\"><strong>Participantes<\/strong>: Teodelina Zuvir\u00eda-Ang\u00e9lica Elvira Astorga<\/p>\n<\/div>\n<\/div>\n\n\n\n<p class=\"has-white-color has-text-color has-background\" style=\"background-color:#005dde\"><strong>\u00bfQU\u00c9 HACE EL INSTITUTO DE INVESTIGACIONES ECON\u00d3MICAS DE LA UNSA CON OTRAS INSTITUCIONES DE LA COMUNIDAD?<\/strong><\/p>\n\n\n\n<div class=\"wp-block-columns is-layout-flex wp-container-core-columns-is-layout-28f84493 wp-block-columns-is-layout-flex\">\n<div class=\"wp-block-column is-vertically-aligned-center is-layout-flow wp-block-column-is-layout-flow\">\n<figure class=\"wp-block-embed aligncenter is-type-video is-provider-youtube wp-block-embed-youtube wp-embed-aspect-16-9 wp-has-aspect-ratio\"><div class=\"wp-block-embed__wrapper\">\n<iframe loading=\"lazy\" title=\"\u00bfQU\u00c9 HACE EL INSTITUTO DE INVESTIGACIONES ECON\u00d3MICAS DE LA UNSA CON INSTITUCIONES DE LA COMUNIDAD?\" width=\"750\" height=\"422\" src=\"https:\/\/www.youtube.com\/embed\/iYWZjzbR518?feature=oembed\" frameborder=\"0\" allow=\"accelerometer; autoplay; clipboard-write; encrypted-media; gyroscope; picture-in-picture\" allowfullscreen><\/iframe>\n<\/div><\/figure>\n<\/div>\n\n\n\n<div class=\"wp-block-column is-layout-flow wp-block-column-is-layout-flow\">\n<p class=\"has-small-font-size\"><strong>\u00bfQU\u00c9 HACE EL INSTITUTO DE INVESTIGACIONES ECON\u00d3MICAS DE LA UNSA CON OTRAS INSTITUCIONES DE LA COMUNIDAD?<\/strong><\/p>\n\n\n\n<p style=\"font-size:11px\"><strong>Dependencia<\/strong>: Facultad de Ciencias Econ\u00f3mica, Jur\u00eddica y Sociales<\/p>\n\n\n\n<p style=\"font-size:11px\"><strong>Responsable:<\/strong> Lorena Mart\u00ednez \u2013<\/p>\n\n\n\n<p style=\"font-size:11px\"><strong>Resumen<\/strong>: Video que contar\u00e1 los proyectos de extensi\u00f3n en los ha estado involucrado el Instituto de Investigaciones Econ\u00f3micas de la Unsa. En particular, se mencionar\u00e1 la encuesta a turistas y excursionistas de la Provincia de Salta.<\/p>\n<\/div>\n<\/div>\n\n\n\n<p class=\"has-white-color has-accent-background-color has-text-color has-background\"><strong>DESHIDRATANDO VEGETALES: UNA EXPERIENCIA EN EL LABORATORIO<\/strong><\/p>\n\n\n\n<div class=\"wp-block-columns is-layout-flex wp-container-core-columns-is-layout-28f84493 wp-block-columns-is-layout-flex\">\n<div class=\"wp-block-column is-vertically-aligned-center is-layout-flow wp-block-column-is-layout-flow\">\n<figure class=\"wp-block-embed aligncenter is-type-video is-provider-youtube wp-block-embed-youtube wp-embed-aspect-16-9 wp-has-aspect-ratio\"><div class=\"wp-block-embed__wrapper\">\n<iframe loading=\"lazy\" title=\"DESHIDRATANDO VEGETALES: UNA EXPERIENCIA EN EL LABORATORIO\" width=\"750\" height=\"422\" src=\"https:\/\/www.youtube.com\/embed\/odwxQqO6jc8?feature=oembed\" frameborder=\"0\" allow=\"accelerometer; autoplay; clipboard-write; encrypted-media; gyroscope; picture-in-picture\" allowfullscreen><\/iframe>\n<\/div><\/figure>\n<\/div>\n\n\n\n<div class=\"wp-block-column is-layout-flow wp-block-column-is-layout-flow\">\n<p class=\"has-small-font-size\"><strong>DESHIDRATANDO VEGETALES: UNA EXPERIENCIA EN EL LABORATORIO<\/strong><\/p>\n\n\n\n<p style=\"font-size:11px\"><strong>Dependencia<\/strong>: Facultad de Salud<\/p>\n\n\n\n<p style=\"font-size:11px\"><strong>Responsable:<\/strong> Elena Vargas Ferra- <\/p>\n\n\n\n<p style=\"font-size:11px\"><strong>Resumen<\/strong>: La deshidrataci\u00f3n de los alimentos es una operaci\u00f3n de conservaci\u00f3n muy utilizada por la industria alimentaria. Con la finalidad de reconocer los factores que influyen en este proceso, se realiz\u00f3 en el Laboratorio de Alimentos de la Facultad de Ciencias de la Salud, un trabajo experimental con zapallo tipo coreanito y manzana. La deshidrataci\u00f3n se realiz\u00f3 en estufa a 105 \u00b1 1\u00b0C a diferentes tiempos y formas de subdivisi\u00f3n de los vegetales, evidenciando la influencia de estos factores sobre la p\u00e9rdida de peso, contenido y actividad de agua, y velocidad de secado de los alimentos.<\/p>\n<\/div>\n<\/div>\n\n\n\n<p class=\"has-white-color has-text-color has-background\" style=\"background-color:#42d551\"><strong>DERIVADOS DE SUERO DE QUESO DE CABRA CON AGREGADO DE VALOR PARA LOS PEQUE\u00d1OS PRODUCTORES DE AMBLAYO<\/strong><\/p>\n\n\n\n<div class=\"wp-block-columns is-layout-flex wp-container-core-columns-is-layout-28f84493 wp-block-columns-is-layout-flex\">\n<div class=\"wp-block-column is-vertically-aligned-center is-layout-flow wp-block-column-is-layout-flow\">\n<figure class=\"wp-block-embed aligncenter is-type-video is-provider-youtube wp-block-embed-youtube wp-embed-aspect-16-9 wp-has-aspect-ratio\"><div class=\"wp-block-embed__wrapper\">\n<iframe loading=\"lazy\" title=\"DERIVADOS DE SUERO DE QUESO DE CABRA CON AGREGADO DE VALOR PARA LOS PEQUE\u00d1OS PRODUCTORES DE AMBLAYO\" width=\"750\" height=\"422\" src=\"https:\/\/www.youtube.com\/embed\/Jh0qeehM6CI?feature=oembed\" frameborder=\"0\" allow=\"accelerometer; autoplay; clipboard-write; encrypted-media; gyroscope; picture-in-picture\" allowfullscreen><\/iframe>\n<\/div><\/figure>\n<\/div>\n\n\n\n<div class=\"wp-block-column is-layout-flow wp-block-column-is-layout-flow\">\n<p class=\"has-small-font-size\"><strong>DERIVADOS DE SUERO DE QUESO DE CABRA CON AGREGADO DE VALOR PARA LOS PEQUE\u00d1OS PRODUCTORES DE AMBLAYO<\/strong><\/p>\n\n\n\n<p style=\"font-size:11px\"><strong>Dependencia<\/strong>: Facultad de Ciencias Exactas, Facultad de Salud, Facultad de Ciencias Naturales, INIQUI, Secretar\u00eda Agricultura Familiar y Desarrollo Territorial &#8211; Deleg. Salta (MAGyP)<\/p>\n\n\n\n<p style=\"font-size:11px\"><strong>Responsable:<\/strong> Carolina Ibarguren-<\/p>\n\n\n\n<p style=\"font-size:11px\"><strong>Resumen<\/strong>: Actualmente, el suero remanente de la producci\u00f3n de queso de cabra en la comunidad de Amblayo, es destinado mayormente a la alimentaci\u00f3n animal, con el consiguiente impacto ambiental negativo; desaprovechado, adem\u00e1s, su potencialidad como nuevo ingrediente con propiedades nutritivas beneficiosas, que podr\u00eda destinarse a la elaboraci\u00f3n de productos l\u00e1cteos con agregado de valor. <\/p>\n\n\n\n<p style=\"font-size:11px\"><strong>Participantes:<\/strong> Emilce Ayel\u00e9n Yapura Diego Manuel L\u00f3pez Rivas<\/p>\n<\/div>\n<\/div>\n\n\n\n<p class=\"has-white-color has-text-color has-background\" style=\"background-color:#bd20ba\"><strong>GARBANZOS, UNA LEGUMBRE TRADICIONAL Y NUTRITIVA<\/strong><\/p>\n\n\n\n<div class=\"wp-block-columns is-layout-flex wp-container-core-columns-is-layout-28f84493 wp-block-columns-is-layout-flex\">\n<div class=\"wp-block-column is-vertically-aligned-center is-layout-flow wp-block-column-is-layout-flow\">\n<figure class=\"wp-block-embed aligncenter is-type-video is-provider-youtube wp-block-embed-youtube wp-embed-aspect-16-9 wp-has-aspect-ratio\"><div class=\"wp-block-embed__wrapper\">\n<iframe loading=\"lazy\" title=\"Garbanzos una legumbre tradicional y nutritiva\" width=\"750\" height=\"422\" src=\"https:\/\/www.youtube.com\/embed\/Lsk-CQxKIxU?feature=oembed\" frameborder=\"0\" allow=\"accelerometer; autoplay; clipboard-write; encrypted-media; gyroscope; picture-in-picture\" allowfullscreen><\/iframe>\n<\/div><\/figure>\n<\/div>\n\n\n\n<div class=\"wp-block-column is-layout-flow wp-block-column-is-layout-flow\">\n<h2 class=\"has-small-font-size wp-block-heading\">GARBANZOS, UNA LEGUMBRE TRADICIONAL Y NUTRITIVA<\/h2>\n\n\n\n<p style=\"font-size:11px\"><strong>Dependencia<\/strong>: Facultad de Salud, INIQUI<\/p>\n\n\n\n<p style=\"font-size:11px\"><strong>Responsable:<\/strong> Nancy Mariela Tocon\u00e0s<\/p>\n\n\n\n<p style=\"font-size:11px\"><strong>Resumen<\/strong>: Se sabe que el garbanzo contribuye a la salud humana dadas sus caracter\u00edsticas nutricionales, tales como adecuado aporte de prote\u00ednas, presencia de grasas monoinsaturadas e insaturadas e hidratos de carbono complejos, esto ha contribuido a ser foco de investigaci\u00f3n particularmente en el \u00e1rea nutricional con los fines por ejemplo de obtener subproductos como harina de garbanzo. M\u00e1s de la mitad de la poblaci\u00f3n en Argentina presenta sobrepeso\/obesidad, esto genera la necesidad de reformular alimentos de consumo cotidiano y que a su vez estos presenten propiedades funcionales, que contribuyan a la prevenci\u00f3n de enfermedades cr\u00f3nicas no transmisibles.<\/p>\n\n\n\n<p style=\"font-size:11px\"><strong>Participantes<\/strong>: Adriana Noemi Ram\u00f3n \u2013 Margarita Armada \u2013 <\/p>\n<\/div>\n<\/div>\n\n\n\n<p class=\"has-white-color has-text-color has-background\" style=\"background-color:#aa2626\"><strong>INVESTIGANDO LA SARCOPENIA Y EL ESTADO NUTRICIONAL DE LOS ADULTOS MAYORES<\/strong><\/p>\n\n\n\n<div class=\"wp-block-columns is-layout-flex wp-container-core-columns-is-layout-28f84493 wp-block-columns-is-layout-flex\">\n<div class=\"wp-block-column is-vertically-aligned-center is-layout-flow wp-block-column-is-layout-flow\">\n<figure class=\"wp-block-embed aligncenter is-type-video is-provider-youtube wp-block-embed-youtube wp-embed-aspect-16-9 wp-has-aspect-ratio\"><div class=\"wp-block-embed__wrapper\">\n<iframe loading=\"lazy\" title=\"INVESTIGANDO LA SARCOPENIA Y EL ESTADO NUTRICIONAL DE LOS ADULTOS MAYORES\" width=\"750\" height=\"422\" src=\"https:\/\/www.youtube.com\/embed\/PCoyeI_40Kk?feature=oembed\" frameborder=\"0\" allow=\"accelerometer; autoplay; clipboard-write; encrypted-media; gyroscope; picture-in-picture\" allowfullscreen><\/iframe>\n<\/div><\/figure>\n<\/div>\n\n\n\n<div class=\"wp-block-column is-layout-flow wp-block-column-is-layout-flow\">\n<p class=\"has-small-font-size\"><strong>INVESTIGANDO LA SARCOPENIA Y EL ESTADO NUTRICIONAL DE LOS ADULTOS MAYORES<\/strong><\/p>\n\n\n\n<p style=\"font-size:11px\"><strong>Dependencia<\/strong>: Facultad de Salud<\/p>\n\n\n\n<p style=\"font-size:11px\"><strong>Responsable:<\/strong> Soledad Marilina Elizabet Yapura\u2013- <\/p>\n\n\n\n<p style=\"font-size:11px\"><strong>Resumen<\/strong>: El presente video tiene como objetivo difundir a la poblaci\u00f3n en general el proyecto de investigaci\u00f3n CIUNSA N\u00b02826: \u201cPrevalencia de sarcopenia y su relaci\u00f3n con el estado nutricional en adultos mayores que concurren a centros de jubilados de zona norte de la ciudad de salta, periodo 2022 &#8211; 2023\u201d.&nbsp; Este trabajo tiene como prop\u00f3sito generar conocimiento y concientizar sobre la problem\u00e1tica; al sustento cient\u00edfico de las intervenciones en salud, nutrici\u00f3n y actividad f\u00edsica, favoreciendo el envejecimiento saludable.<\/p>\n\n\n\n<p style=\"font-size:11px\"><strong>Participantes<\/strong>: Viviana Rossanna- Mend\u00e9z Mar\u00eda del Carmen Herrera -Romina D\u00e9bora M\u00e1rquez &#8211; Josefina Guti\u00e9rrez- Ben\u00edtez Cecilia Alicia- Mar\u00eda Bel\u00e9n P\u00e1ez- Jos\u00e9 Luis P\u00e9rez Caihuara- Claudia Mar\u00eda del Valle Dom\u00ednguez &#8211; Mar\u00eda Rosa Herrera- Carlos Mat\u00edas Tapia- \u00c1ngela Milagro Vargas- Nahir Adriana Bel\u00e9n Toconas &#8211; Malka Carhue Chauque &#8211; Abigail Alejandra Guzm\u00e1n- Silva Roc\u00edo Bel\u00e9n<\/p>\n<\/div>\n<\/div>\n\n\n\n<p class=\"has-white-color has-text-color has-background\" style=\"background-color:#7bd651\"><strong>C\u00c1SCARA DE BANANA, INGREDIENTE SUSTENTABLE E INNOVADOR<\/strong><\/p>\n\n\n\n<div class=\"wp-block-columns is-layout-flex wp-container-core-columns-is-layout-28f84493 wp-block-columns-is-layout-flex\">\n<div class=\"wp-block-column is-vertically-aligned-center is-layout-flow wp-block-column-is-layout-flow\">\n<figure class=\"wp-block-embed aligncenter is-type-video is-provider-youtube wp-block-embed-youtube wp-embed-aspect-16-9 wp-has-aspect-ratio\"><div class=\"wp-block-embed__wrapper\">\n<iframe loading=\"lazy\" title=\"C\u00c0SCARA DE BANANA, INGREDIENTE SUSTENTABLE E INNOVADOR\" width=\"750\" height=\"422\" src=\"https:\/\/www.youtube.com\/embed\/6d41pXuWm0s?feature=oembed\" frameborder=\"0\" allow=\"accelerometer; autoplay; clipboard-write; encrypted-media; gyroscope; picture-in-picture\" allowfullscreen><\/iframe>\n<\/div><\/figure>\n<\/div>\n\n\n\n<div class=\"wp-block-column is-layout-flow wp-block-column-is-layout-flow\">\n<p class=\"has-small-font-size\"><strong>C\u00c0SCARA DE BANANA, INGREDIENTE SUSTENTABLE E INNOVADOR<\/strong><\/p>\n\n\n\n<p style=\"font-size:11px\"><strong>Dependencia<\/strong>: Facultad de Salud, INIQUI<\/p>\n\n\n\n<p style=\"font-size:11px\"><strong>Responsable:<\/strong> Tocon\u00e1s Nancy Mariela \u2013 <\/p>\n\n\n\n<p style=\"font-size:11px\"><strong>Resumen<\/strong>: La prevenci\u00f3n de enfermedades cr\u00f3nicas no transmisibles, ha demandado por ejemplo la b\u00fasqueda de alimentos que permitan la reformulaci\u00f3n de alimentos de consumo tradicional, en este contexto la banana es de gran inter\u00e9s, fundamentalmente cuando esta inmadura, ahora se sabe que la c\u00e1scara representa el 40% del peso de la fruta, la cual es una parte no comestible, sin embargo, en el \u00faltimo tiempo la investigaci\u00f3n ha apuntado a estudiar formas de obtener harina a partir de este residuo con un particular inter\u00e9s en investigar sus caracter\u00edsticas nutricionales, a los fines de establecer su potencialidad ya como posible ingrediente.<\/p>\n\n\n\n<p style=\"font-size:11px\">Por ello se plantea, estandarizar el proceso de obtenci\u00f3n de harina de c\u00e1scara verde, en el marco del proyecto \u201cUtilizaci\u00f3n de residuos agroindustriales para la obtenci\u00f3n de harinas vegetales y su potencial aplicaci\u00f3n en productos de panificaci\u00f3n\u201d Res. 2824.<\/p>\n\n\n\n<p style=\"font-size:11px\"><strong>Participantes:<\/strong> Emilce Yapura &#8211; GONCALVEZ de OLIVEIRA, Enzo- VILLALVA, Fernando Josue-  VARGAS FERRA, Elena-  CURTI, Carolina- MILLAN, M\u00f3nica- RIVAS, Marisa- SAJAMA, Jaquelina-  GARAY, Agust\u00edn QUIPILDOR, Silvia-  ARDAYA, Alejandra-  PEREIRA, Mar\u00eda- SHAN, Natalia- GUZMAN, Abigail Alejandra-  SILVA, Roci\u00f3 Bel\u00e9n-&nbsp; <\/p>\n<\/div>\n<\/div>\n\n\n\n<p class=\"has-white-color has-accent-background-color has-text-color has-background\"><strong>PROPIEDADES FUNCIONALES DE LA C\u00daRCUMA<\/strong><\/p>\n\n\n\n<div class=\"wp-block-columns is-layout-flex wp-container-core-columns-is-layout-28f84493 wp-block-columns-is-layout-flex\">\n<div class=\"wp-block-column is-layout-flow wp-block-column-is-layout-flow\">\n<figure class=\"wp-block-embed aligncenter is-type-video is-provider-youtube wp-block-embed-youtube wp-embed-aspect-16-9 wp-has-aspect-ratio\"><div class=\"wp-block-embed__wrapper\">\n<iframe loading=\"lazy\" title=\"PROPIEDADES FUNCIONALES DE LA CURCUMA\" width=\"750\" height=\"422\" src=\"https:\/\/www.youtube.com\/embed\/XXWtEAiE4j8?feature=oembed\" frameborder=\"0\" allow=\"accelerometer; autoplay; clipboard-write; encrypted-media; gyroscope; picture-in-picture\" allowfullscreen><\/iframe>\n<\/div><\/figure>\n<\/div>\n\n\n\n<div class=\"wp-block-column is-layout-flow wp-block-column-is-layout-flow\">\n<p class=\"has-small-font-size\"><strong>PROPIEDADES FUNCIONALES DE LA C\u00daRCUMA<\/strong><\/p>\n\n\n\n<p style=\"font-size:11px\"><strong>Dependencia<\/strong>: Facultad de Salud, INIQUI<\/p>\n\n\n\n<p style=\"font-size:11px\"><strong>Responsable:<\/strong> Jaquelina Noemi Sajama<\/p>\n\n\n\n<p style=\"font-size:11px\"><strong>Resumen<\/strong>: La C\u00farcuma contiene principios bioactivos los cuales poseen capacidad antioxidante que proporcionan efectos ben\u00e9ficos para la salud por lo que lo hace un alimento con propiedades funcionales.&nbsp; Esta actividad se desarrolla en el marco del Plan de trabajo de una Beca Doctoral &#8211; CONICET y el Proyecto de investigaci\u00f3n \u201cObtenci\u00f3n de oleorresinas con propiedades antioxidantes a partir de hierbas arom\u00e1ticas y especias del NOA, como potencial ingrediente bioactivo en la incorporaci\u00f3n de diferentes matrices alimentarias\u201d, N\u00b0 2791\/0.<\/p>\n\n\n\n<p style=\"font-size:11px\"><strong>Participantes:<\/strong> Adriana Noemi Ram\u00f3n- Margarita Armada &#8211; Enzo Goncalvez de Oliveira- <\/p>\n<\/div>\n<\/div>\n\n\n\n<p class=\"has-white-color has-header-gradient-background-color has-text-color has-background\"><strong>EL JENGIBRE, UN ALIMENTO NUTRITIVO<\/strong><\/p>\n\n\n\n<div class=\"wp-block-columns is-layout-flex wp-container-core-columns-is-layout-28f84493 wp-block-columns-is-layout-flex\">\n<div class=\"wp-block-column is-layout-flow wp-block-column-is-layout-flow\">\n<figure class=\"wp-block-embed aligncenter is-type-video is-provider-youtube wp-block-embed-youtube wp-embed-aspect-16-9 wp-has-aspect-ratio\"><div class=\"wp-block-embed__wrapper\">\n<iframe loading=\"lazy\" title=\"EL JENGIBRE, UN ALIMENTO NUTRITIVO\" width=\"750\" height=\"422\" src=\"https:\/\/www.youtube.com\/embed\/VpVYtU2uhM0?feature=oembed\" frameborder=\"0\" allow=\"accelerometer; autoplay; clipboard-write; encrypted-media; gyroscope; picture-in-picture\" allowfullscreen><\/iframe>\n<\/div><\/figure>\n<\/div>\n\n\n\n<div class=\"wp-block-column is-layout-flow wp-block-column-is-layout-flow\">\n<h2 class=\"has-small-font-size wp-block-heading\">EL JENGIBRE, UN ALIMENTO NUTRITIVO<\/h2>\n\n\n\n<p style=\"font-size:11px\"><strong>Dependencia<\/strong>: Facultad de Salud, INIQUI<\/p>\n\n\n\n<p style=\"font-size:11px\"><strong>Responsable:<\/strong> Jaquelina Noemi Sajama\u2013<\/p>\n\n\n\n<p style=\"font-size:11px\"><strong>Resumen<\/strong>: Se describe las propiedades funcionales y los efectos beneficios para la salud del jengibre. Este alimento, contiene compuestos fen\u00f3licos con actividad antioxidante, asociada a una menor incidencia de enfermedades cr\u00f3nicas no transmisibles (ECNT), debido a la prevenci\u00f3n del da\u00f1o oxidativo, muy relacionado con el inicio de estas patolog\u00edas.<br>Esta actividad se desarrolla en el marco del Plan de trabajo de una Beca Doctoral &#8211; CONICET y el Proyecto de investigaci\u00f3n \u201cObtenci\u00f3n de oleorresinas con propiedades antioxidantes a partir de hierbas arom\u00e1ticas y especias del NOA, como potencial ingrediente bioactivo en la incorporaci\u00f3n de diferentes matrices alimentarias, N\u00b0 2791\/0\u201d.<\/p>\n\n\n\n<p style=\"font-size:11px\"><strong>Participantes:<\/strong> Adriana Noemi Ram\u00f3n \u2013Margarita Armada &#8211; Enzo Goncalvez de Oliveira- <\/p>\n<\/div>\n<\/div>\n\n\n\n<p class=\"has-white-color has-text-color has-background has-medium-font-size\" style=\"background-color:#43587c\"><strong>Semana de la Ciencia y la Tecnolog\u00eda 2021<\/strong><\/p>\n\n\n\n<div class=\"wp-block-columns is-layout-flex wp-container-core-columns-is-layout-28f84493 wp-block-columns-is-layout-flex\">\n<div class=\"wp-block-column is-layout-flow wp-block-column-is-layout-flow\">\n<figure class=\"wp-block-embed is-type-video is-provider-youtube wp-block-embed-youtube wp-embed-aspect-16-9 wp-has-aspect-ratio\"><div class=\"wp-block-embed__wrapper\">\n<iframe loading=\"lazy\" title=\"Comenz\u00f3 la Semana de la Ciencia y la Tecnolog\u00eda\" width=\"750\" height=\"422\" src=\"https:\/\/www.youtube.com\/embed\/s7gopweVduQ?feature=oembed\" frameborder=\"0\" allow=\"accelerometer; autoplay; clipboard-write; encrypted-media; gyroscope; picture-in-picture\" allowfullscreen><\/iframe>\n<\/div><figcaption class=\"wp-element-caption\">Semana de la Ciencia y la Tecnolog\u00eda 2021.<br><br><\/figcaption><\/figure>\n<\/div>\n\n\n\n<div class=\"wp-block-column is-layout-flow wp-block-column-is-layout-flow\">\n<figure class=\"wp-block-embed is-type-video is-provider-youtube wp-block-embed-youtube wp-embed-aspect-16-9 wp-has-aspect-ratio\"><div class=\"wp-block-embed__wrapper\">\n<iframe loading=\"lazy\" title=\"Experiencias en Energ\u00edas Renovables Semana CyT Salta\" width=\"750\" height=\"422\" src=\"https:\/\/www.youtube.com\/embed\/uSMf4bfVav0?feature=oembed\" frameborder=\"0\" allow=\"accelerometer; autoplay; clipboard-write; encrypted-media; gyroscope; picture-in-picture\" allowfullscreen><\/iframe>\n<\/div><figcaption class=\"wp-element-caption\">Experiencias en Energ\u00edas Renovables Semana CyT Salta<\/figcaption><\/figure>\n<\/div>\n\n\n\n<div class=\"wp-block-column is-layout-flow wp-block-column-is-layout-flow\">\n<figure class=\"wp-block-embed is-type-video is-provider-youtube wp-block-embed-youtube wp-embed-aspect-16-9 wp-has-aspect-ratio\"><div class=\"wp-block-embed__wrapper\">\n<iframe loading=\"lazy\" title=\"Cierre de la Semana de la CyT Salta 2021\" width=\"750\" height=\"422\" src=\"https:\/\/www.youtube.com\/embed\/2L9Z3G1LqQA?feature=oembed\" frameborder=\"0\" allow=\"accelerometer; autoplay; clipboard-write; encrypted-media; gyroscope; picture-in-picture\" allowfullscreen><\/iframe>\n<\/div><\/figure>\n\n\n\n<p>Cierre de la Semana de la CyT Salta.<\/p>\n<\/div>\n<\/div>\n\n\n\n<p class=\"has-vivid-cyan-blue-color has-text-color has-medium-font-size\">Proyecto PFIP: \u201cInnovaci\u00f3n tecnol\u00f3gica, valor agregado y sustentabilidad en sistemas de producci\u00f3n agropecuaria de la regi\u00f3n andina salte\u00f1a\u201c<\/p>\n\n\n\n<div class=\"wp-block-columns is-layout-flex wp-container-core-columns-is-layout-28f84493 wp-block-columns-is-layout-flex\">\n<div class=\"wp-block-column is-layout-flow wp-block-column-is-layout-flow\">\n<figure class=\"wp-block-embed is-type-video is-provider-youtube wp-block-embed-youtube wp-embed-aspect-16-9 wp-has-aspect-ratio\"><div class=\"wp-block-embed__wrapper\">\n<iframe loading=\"lazy\" title=\"Acceso al agua en Cerro Negro del Tirao. Salta, Argentina.\" width=\"750\" height=\"422\" src=\"https:\/\/www.youtube.com\/embed\/GrQqbKz277w?feature=oembed\" frameborder=\"0\" allow=\"accelerometer; autoplay; clipboard-write; encrypted-media; gyroscope; picture-in-picture\" allowfullscreen><\/iframe>\n<\/div><figcaption class=\"wp-element-caption\"><strong>Acceso al agua en Cerro Negro del Tirao. Salta, Argentina.<\/strong><br><br>Producci\u00f3n: Grupo de Investigaci\u00f3n Acci\u00f3n &#8220;Gesti\u00f3n Territorial en H\u00e1bitats Rurales&#8221; INENCO-UNSa. Edici\u00f3n: Valent\u00edn Becchio. Voces en off: Mar\u00eda Elena Alderete, Rodolfo Andres Di Fonzo y Daniel Guillermo Cussi.<\/figcaption><\/figure>\n<\/div>\n\n\n\n<div class=\"wp-block-column is-layout-flow wp-block-column-is-layout-flow\">\n<figure class=\"wp-block-embed is-type-video is-provider-youtube wp-block-embed-youtube wp-embed-aspect-16-9 wp-has-aspect-ratio\"><div class=\"wp-block-embed__wrapper\">\n<iframe loading=\"lazy\" title=\"Cultivos andinos. Cerro Negro del Tirao. Salta, Argentina.\" width=\"750\" height=\"422\" src=\"https:\/\/www.youtube.com\/embed\/1gTOjwo-yWw?feature=oembed\" frameborder=\"0\" allow=\"accelerometer; autoplay; clipboard-write; encrypted-media; gyroscope; picture-in-picture\" allowfullscreen><\/iframe>\n<\/div><figcaption class=\"wp-element-caption\"><strong>Cultivos andinos. Cerro Negro del Tirao. Salta, Argentina.<\/strong><\/figcaption><\/figure>\n\n\n\n<p>Producci\u00f3n: Grupo de Investigaci\u00f3n Acci\u00f3n &#8220;Gesti\u00f3n Territorial en H\u00e1bitats Rurales&#8221; INENCO-UNSa. Edici\u00f3n: Valent\u00edn Becchio. Voces en off: Mar\u00eda Elena Alderete, Rodolfo Andres Di Fonzo y Daniel Guillermo Cussi.<\/p>\n<\/div>\n\n\n\n<div class=\"wp-block-column is-layout-flow wp-block-column-is-layout-flow\">\n<figure class=\"wp-block-embed is-type-video is-provider-youtube wp-block-embed-youtube wp-embed-aspect-16-9 wp-has-aspect-ratio\"><div class=\"wp-block-embed__wrapper\">\n<iframe loading=\"lazy\" title=\"Sanidad animal. Cerro Negro del Tirao. Salta, Argentina.\" width=\"750\" height=\"422\" src=\"https:\/\/www.youtube.com\/embed\/HEC_-jb1kxc?feature=oembed\" frameborder=\"0\" allow=\"accelerometer; autoplay; clipboard-write; encrypted-media; gyroscope; picture-in-picture\" allowfullscreen><\/iframe>\n<\/div><figcaption class=\"wp-element-caption\">Sanidad animal. Cerro Negro del Tirao. Salta, Argentina.<\/figcaption><\/figure>\n\n\n\n<p>Producci\u00f3n: Grupo de Investigaci\u00f3n Acci\u00f3n &#8220;Gesti\u00f3n Territorial en H\u00e1bitats Rurales&#8221; INENCO-UNSa. Edici\u00f3n: Valent\u00edn Becchio. Voces en off: Mar\u00eda Elena Alderete y Rodolfo Andres Di Fonzo.<\/p>\n<\/div>\n<\/div>\n\n\n\n<p class=\"has-vivid-cyan-blue-color has-text-color has-medium-font-size\">Semana de la Ciencia y la Tecnolog\u00eda_ Edici\u00f3n 2019<\/p>\n\n\n\n<div class=\"wp-block-columns is-layout-flex wp-container-core-columns-is-layout-28f84493 wp-block-columns-is-layout-flex\">\n<div class=\"wp-block-column is-layout-flow wp-block-column-is-layout-flow\">\n<figure class=\"wp-block-embed is-type-video is-provider-youtube wp-block-embed-youtube wp-embed-aspect-16-9 wp-has-aspect-ratio\"><div class=\"wp-block-embed__wrapper\">\n<iframe loading=\"lazy\" title=\"Semana Nacional de la Ciencia y la Tecnolog\u00eda Salta - 2019\" width=\"750\" height=\"422\" src=\"https:\/\/www.youtube.com\/embed\/42gdF7ZBjho?feature=oembed\" frameborder=\"0\" allow=\"accelerometer; autoplay; clipboard-write; encrypted-media; gyroscope; picture-in-picture\" allowfullscreen><\/iframe>\n<\/div><\/figure>\n<\/div>\n\n\n\n<div class=\"wp-block-column is-layout-flow wp-block-column-is-layout-flow\">\n<figure class=\"wp-block-embed is-type-video is-provider-youtube wp-block-embed-youtube wp-embed-aspect-16-9 wp-has-aspect-ratio\"><div class=\"wp-block-embed__wrapper\">\n<iframe loading=\"lazy\" title=\"Semana de la Ciencia : Calefones Solares\" width=\"750\" height=\"422\" src=\"https:\/\/www.youtube.com\/embed\/1ChuWV5BmjU?feature=oembed\" frameborder=\"0\" allow=\"accelerometer; autoplay; clipboard-write; encrypted-media; gyroscope; picture-in-picture\" allowfullscreen><\/iframe>\n<\/div><\/figure>\n<\/div>\n\n\n\n<div class=\"wp-block-column is-layout-flow wp-block-column-is-layout-flow\">\n<figure class=\"wp-block-embed is-type-video is-provider-youtube wp-block-embed-youtube wp-embed-aspect-16-9 wp-has-aspect-ratio\"><div class=\"wp-block-embed__wrapper\">\n<iframe loading=\"lazy\" title=\"Semana de la Ciencia: Director del INENCO\" width=\"750\" height=\"422\" src=\"https:\/\/www.youtube.com\/embed\/E5pt89tccvM?feature=oembed\" frameborder=\"0\" allow=\"accelerometer; autoplay; clipboard-write; encrypted-media; gyroscope; picture-in-picture\" allowfullscreen><\/iframe>\n<\/div><\/figure>\n<\/div>\n<\/div>\n\n\n\n<div class=\"wp-block-columns is-layout-flex wp-container-core-columns-is-layout-28f84493 wp-block-columns-is-layout-flex\">\n<div class=\"wp-block-column is-layout-flow wp-block-column-is-layout-flow\">\n<figure class=\"wp-block-embed is-type-video is-provider-youtube wp-block-embed-youtube wp-embed-aspect-16-9 wp-has-aspect-ratio\"><div class=\"wp-block-embed__wrapper\">\nhttps:\/\/www.youtube.com\/watch?v=YLDd85jLwq8\n<\/div><\/figure>\n<\/div>\n\n\n\n<div class=\"wp-block-column is-layout-flow wp-block-column-is-layout-flow\"><\/div>\n\n\n\n<div class=\"wp-block-column is-layout-flow wp-block-column-is-layout-flow\"><\/div>\n<\/div>\n","protected":false},"excerpt":{"rendered":"<p>P\u00d3DCAST: VOCES DE ESTUDIANTES EN TIEMPOS DE PANDEMIA PODCAST: VOCES DE ESTUDIANTES EN TIEMPOS DE PANDEMIA Dependencia: Facultad de Humanidades Responsable: Lucrecia Carmen Coscio\u2013- Resumen: Desde la c\u00e1tedra de Sociolog\u00eda de la Educaci\u00f3n de la carrera de Ciencias de la Educaci\u00f3n pretendemos retomar las vivencias, dificultades, incertidumbres, inquietudes y desaf\u00edos [&hellip;]<\/p>\n","protected":false},"author":2,"featured_media":0,"parent":0,"menu_order":0,"comment_status":"closed","ping_status":"closed","template":"","meta":{"footnotes":""},"class_list":["post-18","page","type-page","status-publish","hentry"],"_links":{"self":[{"href":"https:\/\/semana.exa.unsa.edu.ar\/index.php?rest_route=\/wp\/v2\/pages\/18","targetHints":{"allow":["GET"]}}],"collection":[{"href":"https:\/\/semana.exa.unsa.edu.ar\/index.php?rest_route=\/wp\/v2\/pages"}],"about":[{"href":"https:\/\/semana.exa.unsa.edu.ar\/index.php?rest_route=\/wp\/v2\/types\/page"}],"author":[{"embeddable":true,"href":"https:\/\/semana.exa.unsa.edu.ar\/index.php?rest_route=\/wp\/v2\/users\/2"}],"replies":[{"embeddable":true,"href":"https:\/\/semana.exa.unsa.edu.ar\/index.php?rest_route=%2Fwp%2Fv2%2Fcomments&post=18"}],"version-history":[{"count":42,"href":"https:\/\/semana.exa.unsa.edu.ar\/index.php?rest_route=\/wp\/v2\/pages\/18\/revisions"}],"predecessor-version":[{"id":1018,"href":"https:\/\/semana.exa.unsa.edu.ar\/index.php?rest_route=\/wp\/v2\/pages\/18\/revisions\/1018"}],"wp:attachment":[{"href":"https:\/\/semana.exa.unsa.edu.ar\/index.php?rest_route=%2Fwp%2Fv2%2Fmedia&parent=18"}],"curies":[{"name":"wp","href":"https:\/\/api.w.org\/{rel}","templated":true}]}}