{"id":20,"date":"2021-10-14T16:22:50","date_gmt":"2021-10-14T19:22:50","guid":{"rendered":"https:\/\/semanacientifica.unsa.edu.ar\/?page_id=20"},"modified":"2022-09-29T13:02:04","modified_gmt":"2022-09-29T16:02:04","slug":"poster-y-audios","status":"publish","type":"page","link":"https:\/\/semana.exa.unsa.edu.ar\/?page_id=20","title":{"rendered":"Poster &#8211; Art\u00edculos"},"content":{"rendered":"\n<p class=\"has-white-color has-text-color has-background\" style=\"background-color:#f834fb\"><strong><a href=\"https:\/\/drive.google.com\/drive\/folders\/1r6WaHePNM3MZ8ZljLFK_06yAXf10x8c0?usp=sharing\" data-type=\"URL\" data-id=\"https:\/\/drive.google.com\/drive\/folders\/1r6WaHePNM3MZ8ZljLFK_06yAXf10x8c0?usp=sharing\" target=\"_blank\" rel=\"noreferrer noopener\">EDUCACI\u00d3N SIN M\u00c1S PROTOCOLO<\/a><\/strong><\/p>\n\n\n\n<p class=\"has-white-color has-text-color has-background\" style=\"background-color:#991c1c\"><strong><a href=\"https:\/\/drive.google.com\/drive\/folders\/1Nn1TRRxHUhcoVVD8ol1mwDD_LywN5t57?usp=sharing\" data-type=\"URL\" data-id=\"https:\/\/drive.google.com\/drive\/folders\/1Nn1TRRxHUhcoVVD8ol1mwDD_LywN5t57?usp=sharing\" target=\"_blank\" rel=\"noreferrer noopener\">MATERIAL TALLER EDUCAR.NOS<\/a><\/strong><\/p>\n\n\n\n<p class=\"has-white-color has-text-color has-background\" style=\"background-color:#260c4c\"><strong><a href=\"https:\/\/drive.google.com\/drive\/folders\/1KfoTOfSYm6qxmeZ3gfX6WpK3-JLvTy3d?usp=sharing\" data-type=\"URL\" data-id=\"https:\/\/drive.google.com\/drive\/folders\/1KfoTOfSYm6qxmeZ3gfX6WpK3-JLvTy3d?usp=sharing\" target=\"_blank\" rel=\"noreferrer noopener\">MATERIAL TALLER LA CULTURA DE LAS REDES SOCIALES Y LOS DISCURSOS DE ODIO.<\/a><\/strong><\/p>\n\n\n\n<p class=\"has-white-color has-text-color has-background\" style=\"background-color:#40d1ee\"><a> <\/a><strong><a href=\"https:\/\/drive.google.com\/drive\/folders\/1pO-wwPP913hpnO8gjMoKTqjnfyax8n3l?usp=sharing\" data-type=\"URL\" data-id=\"https:\/\/drive.google.com\/drive\/folders\/1pO-wwPP913hpnO8gjMoKTqjnfyax8n3l?usp=sharing\" target=\"_blank\" rel=\"noreferrer noopener\">DICTADURA Y ROCK: UN RECORRIDO MUSICAL POR LA HISTORIA ARGENTINA ENTRE 1976 Y 1983<\/a><\/strong><\/p>\n\n\n\n<p class=\"has-white-color has-text-color has-background\" style=\"background-color:#3fb95a\"><strong><a href=\"https:\/\/drive.google.com\/file\/d\/15WBof5WMjr68cJMHebdws8kSqMKYYqYl\/view?usp=sharing\" data-type=\"URL\" data-id=\"https:\/\/drive.google.com\/file\/d\/15WBof5WMjr68cJMHebdws8kSqMKYYqYl\/view?usp=sharing\" target=\"_blank\" rel=\"noreferrer noopener\">APLICANDO PRACTICAS SUSTENTABLES EN VIVERO Y HUERTA<\/a><\/strong><\/p>\n\n\n\n<p class=\"has-white-color has-header-gradient-background-color has-text-color has-background\"><strong><a href=\"https:\/\/drive.google.com\/file\/d\/14sGAtjt1Bd8ES9pFzEY8_shrsHao8Vco\/view?usp=sharing\" data-type=\"URL\" data-id=\"https:\/\/drive.google.com\/file\/d\/14sGAtjt1Bd8ES9pFzEY8_shrsHao8Vco\/view?usp=sharing\" target=\"_blank\" rel=\"noreferrer noopener\">MATERIAL: LA CONSTITUCI\u00d3N ARGENTINA EN LA ESCUELA SECUNDARIA<\/a><\/strong><\/p>\n\n\n\n<p class=\"has-white-color has-text-color has-background\" style=\"background-color:#399f95\"><strong><a href=\"https:\/\/drive.google.com\/drive\/folders\/1HBTBZ5DxapqXYk7k7kiYTNVf3CgPva3X?usp=sharing\" data-type=\"URL\" data-id=\"https:\/\/drive.google.com\/drive\/folders\/1HBTBZ5DxapqXYk7k7kiYTNVf3CgPva3X?usp=sharing\" target=\"_blank\" rel=\"noreferrer noopener\">MATERIAL DISPONIBLE TALLER &#8220;NOVELA GR\u00c1FICA<\/a><\/strong><\/p>\n\n\n\n<div class=\"wp-block-columns is-layout-flex wp-container-core-columns-is-layout-28f84493 wp-block-columns-is-layout-flex\">\n<div class=\"wp-block-column is-layout-flow wp-block-column-is-layout-flow\"><div class=\"wp-block-image\">\n<figure class=\"aligncenter size-large\"><a href=\"https:\/\/drive.google.com\/file\/d\/1MENyM8agB1zE-ztyvXuHkfxBsITe1wcs\/view?usp=sharing\"><img loading=\"lazy\" decoding=\"async\" width=\"1024\" height=\"724\" src=\"https:\/\/semanacientifica.unsa.edu.ar\/wp-content\/uploads\/2022\/09\/Triptico-Jornadas-001-1024x724.jpg\" alt=\"\" class=\"wp-image-982\" srcset=\"https:\/\/semana.exa.unsa.edu.ar\/wp-content\/uploads\/2022\/09\/Triptico-Jornadas-001-1024x724.jpg 1024w, https:\/\/semana.exa.unsa.edu.ar\/wp-content\/uploads\/2022\/09\/Triptico-Jornadas-001-300x212.jpg 300w, https:\/\/semana.exa.unsa.edu.ar\/wp-content\/uploads\/2022\/09\/Triptico-Jornadas-001-768x543.jpg 768w, https:\/\/semana.exa.unsa.edu.ar\/wp-content\/uploads\/2022\/09\/Triptico-Jornadas-001-1536x1086.jpg 1536w, https:\/\/semana.exa.unsa.edu.ar\/wp-content\/uploads\/2022\/09\/Triptico-Jornadas-001-600x424.jpg 600w, https:\/\/semana.exa.unsa.edu.ar\/wp-content\/uploads\/2022\/09\/Triptico-Jornadas-001.jpg 1684w\" sizes=\"auto, (max-width: 1024px) 100vw, 1024px\" \/><\/a><\/figure>\n<\/div><\/div>\n\n\n\n<div class=\"wp-block-column is-layout-flow wp-block-column-is-layout-flow\"><div class=\"wp-block-image\">\n<figure class=\"aligncenter size-large\"><a href=\"https:\/\/drive.google.com\/file\/d\/1MENyM8agB1zE-ztyvXuHkfxBsITe1wcs\/view?usp=sharing\"><img loading=\"lazy\" decoding=\"async\" width=\"1024\" height=\"724\" src=\"https:\/\/semanacientifica.unsa.edu.ar\/wp-content\/uploads\/2022\/09\/Triptico-Jornadas-002-1024x724.jpg\" alt=\"\" class=\"wp-image-983\" srcset=\"https:\/\/semana.exa.unsa.edu.ar\/wp-content\/uploads\/2022\/09\/Triptico-Jornadas-002-1024x724.jpg 1024w, https:\/\/semana.exa.unsa.edu.ar\/wp-content\/uploads\/2022\/09\/Triptico-Jornadas-002-300x212.jpg 300w, https:\/\/semana.exa.unsa.edu.ar\/wp-content\/uploads\/2022\/09\/Triptico-Jornadas-002-768x543.jpg 768w, https:\/\/semana.exa.unsa.edu.ar\/wp-content\/uploads\/2022\/09\/Triptico-Jornadas-002-1536x1086.jpg 1536w, https:\/\/semana.exa.unsa.edu.ar\/wp-content\/uploads\/2022\/09\/Triptico-Jornadas-002-600x424.jpg 600w, https:\/\/semana.exa.unsa.edu.ar\/wp-content\/uploads\/2022\/09\/Triptico-Jornadas-002.jpg 1684w\" sizes=\"auto, (max-width: 1024px) 100vw, 1024px\" \/><\/a><\/figure>\n<\/div><\/div>\n<\/div>\n\n\n\n<div class=\"wp-block-columns is-layout-flex wp-container-core-columns-is-layout-28f84493 wp-block-columns-is-layout-flex\">\n<div class=\"wp-block-column is-layout-flow wp-block-column-is-layout-flow\"><div class=\"wp-block-image\">\n<figure class=\"aligncenter size-large\"><a href=\"https:\/\/drive.google.com\/file\/d\/1smQHHTql8BqX7ZmUTnTtViTN7WCZpkTg\/view?usp=sharing\"><img loading=\"lazy\" decoding=\"async\" width=\"569\" height=\"1024\" src=\"https:\/\/semanacientifica.unsa.edu.ar\/wp-content\/uploads\/2022\/09\/banner-Infografia-Conciencia-Hidrica-001-569x1024.jpg\" alt=\"\" class=\"wp-image-984\" srcset=\"https:\/\/semana.exa.unsa.edu.ar\/wp-content\/uploads\/2022\/09\/banner-Infografia-Conciencia-Hidrica-001-569x1024.jpg 569w, https:\/\/semana.exa.unsa.edu.ar\/wp-content\/uploads\/2022\/09\/banner-Infografia-Conciencia-Hidrica-001-167x300.jpg 167w, https:\/\/semana.exa.unsa.edu.ar\/wp-content\/uploads\/2022\/09\/banner-Infografia-Conciencia-Hidrica-001-768x1382.jpg 768w, https:\/\/semana.exa.unsa.edu.ar\/wp-content\/uploads\/2022\/09\/banner-Infografia-Conciencia-Hidrica-001-854x1536.jpg 854w, https:\/\/semana.exa.unsa.edu.ar\/wp-content\/uploads\/2022\/09\/banner-Infografia-Conciencia-Hidrica-001-1138x2048.jpg 1138w, https:\/\/semana.exa.unsa.edu.ar\/wp-content\/uploads\/2022\/09\/banner-Infografia-Conciencia-Hidrica-001-600x1080.jpg 600w, https:\/\/semana.exa.unsa.edu.ar\/wp-content\/uploads\/2022\/09\/banner-Infografia-Conciencia-Hidrica-001-scaled.jpg 1423w\" sizes=\"auto, (max-width: 569px) 100vw, 569px\" \/><\/a><\/figure>\n<\/div><\/div>\n\n\n\n<div class=\"wp-block-column is-layout-flow wp-block-column-is-layout-flow\">\n<h2 class=\"has-small-font-size wp-block-heading\">EL AGUA: FORMANDO CONCIENCIA H\u00cdDRICA &#8211; DE LA UNIVERSIDAD A LA ESCUELA<\/h2>\n\n\n\n<p style=\"font-size:11px\"><strong>Dependencia<\/strong>: Universidad Tecnol\u00f3gica Nacional &#8211; Facultad Regional Mendoza<\/p>\n\n\n\n<p style=\"font-size:11px\"><strong>Responsable:<\/strong> Ing. Clarisa Fabiana Israel- clarisa.israel@gmail.com<\/p>\n\n\n\n<p style=\"font-size:11px\"><strong>Resumen<\/strong>: El valor que representa el Agua en el planeta &#8211; El Ciclo Hidrol\u00f3gico afectado por el hombre &#8211; Agua Dulce: un recurso escaso.<\/p>\n\n\n\n<p style=\"font-size:11px\"><strong>P\u00fablico<\/strong>: Primario- 5\u00b0 Grado de escuela primaria<\/p>\n\n\n\n<div class=\"wp-block-buttons is-layout-flex wp-block-buttons-is-layout-flex\">\n<div class=\"wp-block-button aligncenter has-custom-font-size has-small-font-size\"><a class=\"wp-block-button__link has-accent-background-color has-background\" href=\"https:\/\/drive.google.com\/drive\/folders\/11lxfLE0t64DElY9vGxzcS1Tv5ypE1S3Z?usp=sharing\" target=\"_blank\" rel=\"noreferrer noopener\">Acceder a los posters<\/a><\/div>\n<\/div>\n<\/div>\n<\/div>\n\n\n\n<div class=\"wp-block-columns is-layout-flex wp-container-core-columns-is-layout-28f84493 wp-block-columns-is-layout-flex\">\n<div class=\"wp-block-column is-layout-flow wp-block-column-is-layout-flow\">\n<figure class=\"wp-block-image size-large\"><img loading=\"lazy\" decoding=\"async\" width=\"768\" height=\"1024\" src=\"https:\/\/semanacientifica.unsa.edu.ar\/wp-content\/uploads\/2022\/09\/Poster-entomo_-1-1-001-768x1024.jpg\" alt=\"\" class=\"wp-image-934\" srcset=\"https:\/\/semana.exa.unsa.edu.ar\/wp-content\/uploads\/2022\/09\/Poster-entomo_-1-1-001-768x1024.jpg 768w, https:\/\/semana.exa.unsa.edu.ar\/wp-content\/uploads\/2022\/09\/Poster-entomo_-1-1-001-225x300.jpg 225w, https:\/\/semana.exa.unsa.edu.ar\/wp-content\/uploads\/2022\/09\/Poster-entomo_-1-1-001-1152x1536.jpg 1152w, https:\/\/semana.exa.unsa.edu.ar\/wp-content\/uploads\/2022\/09\/Poster-entomo_-1-1-001-1536x2048.jpg 1536w, https:\/\/semana.exa.unsa.edu.ar\/wp-content\/uploads\/2022\/09\/Poster-entomo_-1-1-001-600x800.jpg 600w, https:\/\/semana.exa.unsa.edu.ar\/wp-content\/uploads\/2022\/09\/Poster-entomo_-1-1-001-scaled.jpg 1920w\" sizes=\"auto, (max-width: 768px) 100vw, 768px\" \/><\/figure>\n<\/div>\n\n\n\n<div class=\"wp-block-column is-layout-flow wp-block-column-is-layout-flow\">\n<p class=\"has-small-font-size\"><strong>ENTOMOLO\u2026\u2026 QUE?? HISTORIAS DE INSECTOS Y ENFERMEDADES<\/strong><\/p>\n\n\n\n<p style=\"font-size:11px\"><strong>Responsable:<\/strong> Castillo Paola- <\/p>\n\n\n\n<p style=\"font-size:11px\"><strong>Resumen<\/strong>: Proponemos realizar un stand que contar\u00e1 con material biol\u00f3gico de distintos grupos de insectos vectores (mosquitos, vinchucas y fleb\u00f3tomos) en sus diferentes estados del desarrollo. Todo esto con el fin de difundir al p\u00fablico que asistir\u00e1 la importancia de este grupo en la transmisi\u00f3n de enfermedades en la regi\u00f3n. Para esta actividad se contar\u00e1 con lupas, y diferentes herramientas empleadas a campo para la colecta de estos insectos. Tambi\u00e9n se dejar\u00e1 a disposici\u00f3n infograf\u00edas respecto a las enfermedades que transmiten.<\/p>\n\n\n\n<p style=\"font-size:11px\"><strong>P\u00fablico:<\/strong> P\u00fablico en General<\/p>\n\n\n\n<p style=\"font-size:11px\"><strong>Participantes:<\/strong><\/p>\n\n\n\n<p style=\"font-size:11px\">Paola Marcela Castillo- Daira Nahir Ab\u00e1n Moreyra, Ana Carolina Alonso-  F\u00e1tima Elisabet Chauque- Lucas Ernesto Alonso- Noem\u00ed Griselda Copa, Mar\u00eda Cristina Almaz\u00e1n- Lorena Vanesa Aramayo, Jos\u00e9 Miguel Solis Munguia- <\/p>\n\n\n\n<div class=\"wp-block-buttons is-content-justification-center is-layout-flex wp-container-core-buttons-is-layout-a89b3969 wp-block-buttons-is-layout-flex\">\n<div class=\"wp-block-button has-custom-font-size has-small-font-size\"><a class=\"wp-block-button__link has-header-gradient-background-color has-background\" href=\"https:\/\/drive.google.com\/file\/d\/1QJGybgtyfLG3r84OJ3-JyHMQNoJw2nNw\/view?usp=sharing\" target=\"_blank\" rel=\"noreferrer noopener\">ACCEDER AL POSTER<\/a><\/div>\n<\/div>\n<\/div>\n<\/div>\n\n\n\n<div class=\"wp-block-columns is-layout-flex wp-container-core-columns-is-layout-28f84493 wp-block-columns-is-layout-flex\">\n<div class=\"wp-block-column is-vertically-aligned-center is-layout-flow wp-block-column-is-layout-flow\"><div class=\"wp-block-image\">\n<figure class=\"aligncenter size-large\"><img loading=\"lazy\" decoding=\"async\" width=\"720\" height=\"1024\" src=\"https:\/\/semanacientifica.unsa.edu.ar\/wp-content\/uploads\/2022\/09\/Poster-Semana-de-la-Ciencia-001-1-720x1024.jpg\" alt=\"\" class=\"wp-image-860\" srcset=\"https:\/\/semana.exa.unsa.edu.ar\/wp-content\/uploads\/2022\/09\/Poster-Semana-de-la-Ciencia-001-1-720x1024.jpg 720w, https:\/\/semana.exa.unsa.edu.ar\/wp-content\/uploads\/2022\/09\/Poster-Semana-de-la-Ciencia-001-1-211x300.jpg 211w, https:\/\/semana.exa.unsa.edu.ar\/wp-content\/uploads\/2022\/09\/Poster-Semana-de-la-Ciencia-001-1-768x1092.jpg 768w, https:\/\/semana.exa.unsa.edu.ar\/wp-content\/uploads\/2022\/09\/Poster-Semana-de-la-Ciencia-001-1-1080x1536.jpg 1080w, https:\/\/semana.exa.unsa.edu.ar\/wp-content\/uploads\/2022\/09\/Poster-Semana-de-la-Ciencia-001-1-1440x2048.jpg 1440w, https:\/\/semana.exa.unsa.edu.ar\/wp-content\/uploads\/2022\/09\/Poster-Semana-de-la-Ciencia-001-1-600x853.jpg 600w, https:\/\/semana.exa.unsa.edu.ar\/wp-content\/uploads\/2022\/09\/Poster-Semana-de-la-Ciencia-001-1-scaled.jpg 1800w\" sizes=\"auto, (max-width: 720px) 100vw, 720px\" \/><\/figure>\n<\/div><\/div>\n\n\n\n<div class=\"wp-block-column is-vertically-aligned-center is-layout-flow wp-block-column-is-layout-flow\">\n<h2 class=\"has-small-font-size wp-block-heading\">PIGMENTOS&#8230; \u00bf&#8221;MICROENCAPSULADOS&#8221;?<\/h2>\n\n\n\n<p style=\"font-size:11px\"><strong>Dependencia<\/strong>: Facultad de Ciencias Exactas, INIQUI<\/p>\n\n\n\n<p style=\"font-size:11px\"><strong>Responsable:<\/strong> Rita Victoria Wierna S\u00e1nchez Iturbe-<\/p>\n\n\n\n<p style=\"font-size:11px\"><strong>Resumen<\/strong>: \u00bf&#8221;Microencapsulaci\u00f3n&#8221;? \u00bfQu\u00e9 es? y \u00bfPara qu\u00e9 sirve? La microencapsulaci\u00f3n es un proceso mediante el cual compuestos bioactivos &#8211; componentes que tras su ingesta tienen un efecto beneficioso para la salud \u2013 presentes en los alimentos se introducen en una matriz s\u00f3lida adecuada para protegerlos y evitar que pierdan sus propiedades.<br>Es probable que, si en este momento est\u00e1s mascando un chicle, la aplicaci\u00f3n de esta t\u00e9cnica sea la responsable de la durabilidad de su sabor&#8230; O cuando consumes alimentos enriquecidos con, por ejemplo, Omega-6, su presencia sea tambi\u00e9n fruto de su aplicaci\u00f3n.<br>Se propone exponer, en formato de p\u00f3ster, los resultados de c\u00f3mo la aplicaci\u00f3n de la t\u00e9cnica de microencapsulaci\u00f3n por secado por aspersi\u00f3n, retarda la degradaci\u00f3n t\u00e9rmica de pigmentos naturales (carotenoides). Se mostrar\u00e1 al p\u00fablico cada &#8220;ingrediente&#8221; utilizado en la formulaci\u00f3n o &#8220;receta&#8221; para su preparaci\u00f3n, el polvo resultante luego de la microencapsulaci\u00f3n y su aplicaci\u00f3n en un producto de consumo final.<\/p>\n\n\n\n<div class=\"wp-block-buttons is-layout-flex wp-block-buttons-is-layout-flex\">\n<div class=\"wp-block-button aligncenter has-custom-font-size has-small-font-size\"><a class=\"wp-block-button__link has-header-gradient-background-color has-background\" href=\"https:\/\/drive.google.com\/file\/d\/1RcNX_vup7vsgP0r1lpBQh4Q0oAeWWZ7L\/view?usp=sharing\" target=\"_blank\" rel=\"noreferrer noopener\">ACCEDER AL POSTER<\/a><\/div>\n<\/div>\n<\/div>\n<\/div>\n\n\n\n<p class=\"has-small-font-size\"><strong>GESTI\u00d3N AMBIENTAL EN LA UNIVERSIDAD NACIONAL DE SALTA<\/strong><\/p>\n\n\n\n<div class=\"wp-block-columns is-layout-flex wp-container-core-columns-is-layout-28f84493 wp-block-columns-is-layout-flex\">\n<div class=\"wp-block-column is-layout-flow wp-block-column-is-layout-flow\"><div class=\"wp-block-image\">\n<figure class=\"aligncenter size-large\"><img loading=\"lazy\" decoding=\"async\" width=\"485\" height=\"1024\" src=\"https:\/\/semanacientifica.unsa.edu.ar\/wp-content\/uploads\/2022\/09\/POLITICA-1-1-001-485x1024.jpg\" alt=\"\" class=\"wp-image-854\" srcset=\"https:\/\/semana.exa.unsa.edu.ar\/wp-content\/uploads\/2022\/09\/POLITICA-1-1-001-485x1024.jpg 485w, https:\/\/semana.exa.unsa.edu.ar\/wp-content\/uploads\/2022\/09\/POLITICA-1-1-001-142x300.jpg 142w, https:\/\/semana.exa.unsa.edu.ar\/wp-content\/uploads\/2022\/09\/POLITICA-1-1-001-768x1621.jpg 768w, https:\/\/semana.exa.unsa.edu.ar\/wp-content\/uploads\/2022\/09\/POLITICA-1-1-001-728x1536.jpg 728w, https:\/\/semana.exa.unsa.edu.ar\/wp-content\/uploads\/2022\/09\/POLITICA-1-1-001-970x2048.jpg 970w, https:\/\/semana.exa.unsa.edu.ar\/wp-content\/uploads\/2022\/09\/POLITICA-1-1-001-600x1267.jpg 600w, https:\/\/semana.exa.unsa.edu.ar\/wp-content\/uploads\/2022\/09\/POLITICA-1-1-001-scaled.jpg 1213w\" sizes=\"auto, (max-width: 485px) 100vw, 485px\" \/><\/figure>\n<\/div>\n\n\n<div class=\"wp-block-buttons is-content-justification-center is-layout-flex wp-container-core-buttons-is-layout-a89b3969 wp-block-buttons-is-layout-flex\">\n<div class=\"wp-block-button aligncenter has-custom-font-size\" style=\"font-size:11px\"><a class=\"wp-block-button__link has-background\" href=\"https:\/\/drive.google.com\/file\/d\/1sjXRqfyrQyCA30dhoCvc5U1-GS5_OC46\/view?usp=sharing\" style=\"background-color:#a1bd42\" target=\"_blank\" rel=\"noreferrer noopener\">ACCEDER AL POSTER<\/a><\/div>\n<\/div>\n<\/div>\n\n\n\n<div class=\"wp-block-column is-layout-flow wp-block-column-is-layout-flow\"><div class=\"wp-block-image\">\n<figure class=\"aligncenter size-large\"><img loading=\"lazy\" decoding=\"async\" width=\"485\" height=\"1024\" src=\"https:\/\/semanacientifica.unsa.edu.ar\/wp-content\/uploads\/2022\/09\/RESIDUOS-6-001-485x1024.jpg\" alt=\"\" class=\"wp-image-855\" srcset=\"https:\/\/semana.exa.unsa.edu.ar\/wp-content\/uploads\/2022\/09\/RESIDUOS-6-001-485x1024.jpg 485w, https:\/\/semana.exa.unsa.edu.ar\/wp-content\/uploads\/2022\/09\/RESIDUOS-6-001-142x300.jpg 142w, https:\/\/semana.exa.unsa.edu.ar\/wp-content\/uploads\/2022\/09\/RESIDUOS-6-001-768x1621.jpg 768w, https:\/\/semana.exa.unsa.edu.ar\/wp-content\/uploads\/2022\/09\/RESIDUOS-6-001-728x1536.jpg 728w, https:\/\/semana.exa.unsa.edu.ar\/wp-content\/uploads\/2022\/09\/RESIDUOS-6-001-970x2048.jpg 970w, https:\/\/semana.exa.unsa.edu.ar\/wp-content\/uploads\/2022\/09\/RESIDUOS-6-001-600x1267.jpg 600w, https:\/\/semana.exa.unsa.edu.ar\/wp-content\/uploads\/2022\/09\/RESIDUOS-6-001-scaled.jpg 1213w\" sizes=\"auto, (max-width: 485px) 100vw, 485px\" \/><\/figure>\n<\/div>\n\n\n<div class=\"wp-block-buttons is-content-justification-center is-layout-flex wp-container-core-buttons-is-layout-a89b3969 wp-block-buttons-is-layout-flex\">\n<div class=\"wp-block-button aligncenter has-custom-font-size\" style=\"font-size:11px\"><a class=\"wp-block-button__link has-background\" href=\"https:\/\/drive.google.com\/file\/d\/1rfSm2yvkNVxkw9nOy8hDtgNTLa-Q0J3l\/view?usp=sharing\" style=\"background-color:#98a848\" target=\"_blank\" rel=\"noreferrer noopener\">ACCEDER AL POSTER<\/a><\/div>\n<\/div>\n<\/div>\n\n\n\n<div class=\"wp-block-column is-layout-flow wp-block-column-is-layout-flow\"><div class=\"wp-block-image\">\n<figure class=\"aligncenter size-large\"><img loading=\"lazy\" decoding=\"async\" width=\"485\" height=\"1024\" src=\"https:\/\/semanacientifica.unsa.edu.ar\/wp-content\/uploads\/2022\/09\/RESIDUOS-7-001-485x1024.jpg\" alt=\"\" class=\"wp-image-856\" srcset=\"https:\/\/semana.exa.unsa.edu.ar\/wp-content\/uploads\/2022\/09\/RESIDUOS-7-001-485x1024.jpg 485w, https:\/\/semana.exa.unsa.edu.ar\/wp-content\/uploads\/2022\/09\/RESIDUOS-7-001-142x300.jpg 142w, https:\/\/semana.exa.unsa.edu.ar\/wp-content\/uploads\/2022\/09\/RESIDUOS-7-001-768x1621.jpg 768w, https:\/\/semana.exa.unsa.edu.ar\/wp-content\/uploads\/2022\/09\/RESIDUOS-7-001-728x1536.jpg 728w, https:\/\/semana.exa.unsa.edu.ar\/wp-content\/uploads\/2022\/09\/RESIDUOS-7-001-970x2048.jpg 970w, https:\/\/semana.exa.unsa.edu.ar\/wp-content\/uploads\/2022\/09\/RESIDUOS-7-001-600x1267.jpg 600w, https:\/\/semana.exa.unsa.edu.ar\/wp-content\/uploads\/2022\/09\/RESIDUOS-7-001-scaled.jpg 1213w\" sizes=\"auto, (max-width: 485px) 100vw, 485px\" \/><\/figure>\n<\/div>\n\n\n<div class=\"wp-block-buttons is-content-justification-center is-layout-flex wp-container-core-buttons-is-layout-a89b3969 wp-block-buttons-is-layout-flex\">\n<div class=\"wp-block-button has-custom-font-size\" style=\"font-size:11px\"><a class=\"wp-block-button__link has-background\" href=\"https:\/\/drive.google.com\/file\/d\/1rfSm2yvkNVxkw9nOy8hDtgNTLa-Q0J3l\/view?usp=sharing\" style=\"background-color:#9faf44\" target=\"_blank\" rel=\"noreferrer noopener\">ACCEDER AL POSTER<\/a><\/div>\n<\/div>\n<\/div>\n<\/div>\n\n\n\n<div class=\"wp-block-columns is-layout-flex wp-container-core-columns-is-layout-28f84493 wp-block-columns-is-layout-flex\">\n<div class=\"wp-block-column is-vertically-aligned-center is-layout-flow wp-block-column-is-layout-flow\">\n<p class=\"has-small-font-size\"><strong>TALLER DE PRODUCCI\u00d3N DE INFOGRAF\u00cdAS<\/strong><\/p>\n\n\n\n<p style=\"font-size:11px\"><strong>Dependencia<\/strong>: Facultad de Humanidades<\/p>\n\n\n\n<p style=\"font-size:11px\"><strong>Responsable<\/strong>: Sergio Gustavo Grabosky &#8211; <\/p>\n\n\n\n<p style=\"font-size:11px\"><strong>Resumen<\/strong>: Esta propuesta busca compartir estrategias de visualizaci\u00f3n de informaci\u00f3n para la exposici\u00f3n ante auditorio la infograf\u00eda es un tipo textual vinculado con la divulgaci\u00f3n cient\u00edfica que muchas veces funciona tambi\u00e9n como para texto en la era digital se han diversificado los medios para producir infograf\u00edas a trav\u00e9s de aplicaciones sin embargo est\u00e1 disponibilidad requiere instancias de aprendizaje de nuevas habilidades y criterios de organizaci\u00f3n de informaci\u00f3n que se trabajar\u00e1n en este espacio propuesto por la c\u00e1tedra de comprensi\u00f3n y producci\u00f3n de textos de la materia de la carrera ciencias de la comunicaci\u00f3n<\/p>\n\n\n\n<p style=\"font-size:11px\"><strong>Participantes:<\/strong> Luana Daniela Bazan -B\u00e1rbara Natalia Rossetto- Claudia Patricia Cardozo- Naomi Daniela Monta\u00f1o- <\/p>\n<\/div>\n\n\n\n<div class=\"wp-block-column is-vertically-aligned-center is-layout-flow wp-block-column-is-layout-flow\"><div class=\"wp-block-image\">\n<figure class=\"aligncenter size-large\"><img loading=\"lazy\" decoding=\"async\" width=\"1024\" height=\"791\" src=\"https:\/\/semanacientifica.unsa.edu.ar\/wp-content\/uploads\/2022\/09\/Folleto-Infografias-001-1-1024x791.jpg\" alt=\"\" class=\"wp-image-850\" srcset=\"https:\/\/semana.exa.unsa.edu.ar\/wp-content\/uploads\/2022\/09\/Folleto-Infografias-001-1-1024x791.jpg 1024w, https:\/\/semana.exa.unsa.edu.ar\/wp-content\/uploads\/2022\/09\/Folleto-Infografias-001-1-300x232.jpg 300w, https:\/\/semana.exa.unsa.edu.ar\/wp-content\/uploads\/2022\/09\/Folleto-Infografias-001-1-768x593.jpg 768w, https:\/\/semana.exa.unsa.edu.ar\/wp-content\/uploads\/2022\/09\/Folleto-Infografias-001-1-1536x1187.jpg 1536w, https:\/\/semana.exa.unsa.edu.ar\/wp-content\/uploads\/2022\/09\/Folleto-Infografias-001-1-600x464.jpg 600w, https:\/\/semana.exa.unsa.edu.ar\/wp-content\/uploads\/2022\/09\/Folleto-Infografias-001-1.jpg 1584w\" sizes=\"auto, (max-width: 1024px) 100vw, 1024px\" \/><\/figure>\n<\/div><\/div>\n<\/div>\n\n\n\n<div class=\"wp-block-columns are-vertically-aligned-center is-layout-flex wp-container-core-columns-is-layout-28f84493 wp-block-columns-is-layout-flex\">\n<div class=\"wp-block-column is-vertically-aligned-center is-layout-flow wp-block-column-is-layout-flow\">\n<p class=\"has-small-font-size\"><\/p>\n<\/div>\n\n\n\n<div class=\"wp-block-column is-vertically-aligned-center is-layout-flow wp-block-column-is-layout-flow\"><div class=\"wp-block-image\">\n<figure class=\"alignright size-large\"><img loading=\"lazy\" decoding=\"async\" width=\"1024\" height=\"791\" src=\"https:\/\/semanacientifica.unsa.edu.ar\/wp-content\/uploads\/2022\/09\/Folleto-Infografias-002-1-1024x791.jpg\" alt=\"\" class=\"wp-image-851\" srcset=\"https:\/\/semana.exa.unsa.edu.ar\/wp-content\/uploads\/2022\/09\/Folleto-Infografias-002-1-1024x791.jpg 1024w, https:\/\/semana.exa.unsa.edu.ar\/wp-content\/uploads\/2022\/09\/Folleto-Infografias-002-1-300x232.jpg 300w, https:\/\/semana.exa.unsa.edu.ar\/wp-content\/uploads\/2022\/09\/Folleto-Infografias-002-1-768x593.jpg 768w, https:\/\/semana.exa.unsa.edu.ar\/wp-content\/uploads\/2022\/09\/Folleto-Infografias-002-1-1536x1187.jpg 1536w, https:\/\/semana.exa.unsa.edu.ar\/wp-content\/uploads\/2022\/09\/Folleto-Infografias-002-1-600x464.jpg 600w, https:\/\/semana.exa.unsa.edu.ar\/wp-content\/uploads\/2022\/09\/Folleto-Infografias-002-1.jpg 1584w\" sizes=\"auto, (max-width: 1024px) 100vw, 1024px\" \/><\/figure>\n<\/div><\/div>\n<\/div>\n\n\n\n<div class=\"wp-block-columns is-layout-flex wp-container-core-columns-is-layout-28f84493 wp-block-columns-is-layout-flex\">\n<div class=\"wp-block-column is-vertically-aligned-center is-layout-flow wp-block-column-is-layout-flow\"><div class=\"wp-block-image\">\n<figure class=\"aligncenter size-large\"><img loading=\"lazy\" decoding=\"async\" width=\"410\" height=\"1024\" src=\"https:\/\/semanacientifica.unsa.edu.ar\/wp-content\/uploads\/2022\/09\/Programa-001-410x1024.jpg\" alt=\"\" class=\"wp-image-835\" srcset=\"https:\/\/semana.exa.unsa.edu.ar\/wp-content\/uploads\/2022\/09\/Programa-001-410x1024.jpg 410w, https:\/\/semana.exa.unsa.edu.ar\/wp-content\/uploads\/2022\/09\/Programa-001-120x300.jpg 120w, https:\/\/semana.exa.unsa.edu.ar\/wp-content\/uploads\/2022\/09\/Programa-001-768x1920.jpg 768w, https:\/\/semana.exa.unsa.edu.ar\/wp-content\/uploads\/2022\/09\/Programa-001-819x2048.jpg 819w, https:\/\/semana.exa.unsa.edu.ar\/wp-content\/uploads\/2022\/09\/Programa-001-600x1500.jpg 600w, https:\/\/semana.exa.unsa.edu.ar\/wp-content\/uploads\/2022\/09\/Programa-001-scaled.jpg 1024w\" sizes=\"auto, (max-width: 410px) 100vw, 410px\" \/><\/figure>\n<\/div><\/div>\n\n\n\n<div class=\"wp-block-column is-vertically-aligned-center is-layout-flow wp-block-column-is-layout-flow\"><div class=\"wp-block-image\">\n<figure class=\"aligncenter size-large\"><img loading=\"lazy\" decoding=\"async\" width=\"410\" height=\"1024\" src=\"https:\/\/semanacientifica.unsa.edu.ar\/wp-content\/uploads\/2022\/09\/Casas-particulares-001-410x1024.jpg\" alt=\"\" class=\"wp-image-837\" srcset=\"https:\/\/semana.exa.unsa.edu.ar\/wp-content\/uploads\/2022\/09\/Casas-particulares-001-410x1024.jpg 410w, https:\/\/semana.exa.unsa.edu.ar\/wp-content\/uploads\/2022\/09\/Casas-particulares-001-120x300.jpg 120w, https:\/\/semana.exa.unsa.edu.ar\/wp-content\/uploads\/2022\/09\/Casas-particulares-001-768x1920.jpg 768w, https:\/\/semana.exa.unsa.edu.ar\/wp-content\/uploads\/2022\/09\/Casas-particulares-001-819x2048.jpg 819w, https:\/\/semana.exa.unsa.edu.ar\/wp-content\/uploads\/2022\/09\/Casas-particulares-001-600x1500.jpg 600w, https:\/\/semana.exa.unsa.edu.ar\/wp-content\/uploads\/2022\/09\/Casas-particulares-001-scaled.jpg 1024w\" sizes=\"auto, (max-width: 410px) 100vw, 410px\" \/><\/figure>\n<\/div><\/div>\n\n\n\n<div class=\"wp-block-column is-vertically-aligned-center is-layout-flow wp-block-column-is-layout-flow\">\n<h2 class=\"has-text-align-center has-small-font-size wp-block-heading\"> \u00bfQUI\u00c9N TIENE QUE LAVAR LOS PLATOS? ECONOM\u00cdA FEMINISTA PARA IGUALAR<\/h2>\n\n\n\n<p class=\"has-text-align-right has-small-font-size\"><strong>Dependencia<\/strong>: Facultad de Ciencias Econ\u00f3mica, Jur\u00eddica y Sociales<\/p>\n\n\n\n<p class=\"has-text-align-right has-small-font-size\"><strong>Responsable:<\/strong> Carla Ar\u00e9valo- <\/p>\n\n\n\n<p class=\"has-text-align-right has-small-font-size\"><strong>Resumen<\/strong>: Propongo una CHARLA sobre t\u00f3picos de econom\u00eda feminista: barreras que enfrentan las mujeres para lograr una plena autonom\u00eda econ\u00f3mica. As\u00ed tambi\u00e9n, ofrecer\u00e9 piezas gr\u00e1ficas, tipo infograf\u00edas.<\/p>\n\n\n\n<div class=\"wp-block-buttons is-content-justification-center is-layout-flex wp-container-core-buttons-is-layout-a89b3969 wp-block-buttons-is-layout-flex\">\n<div class=\"wp-block-button aligncenter has-custom-font-size has-small-font-size\"><a class=\"wp-block-button__link has-white-color has-text-color has-background\" href=\"https:\/\/drive.google.com\/file\/d\/18eAjNJE-kiWLUzQuzIgc0UsAdTqumR94\/view?usp=sharing\" style=\"background-color:#10b4ea\" target=\"_blank\" rel=\"noreferrer noopener\">ACCEDER AL CONTENIDO<\/a><\/div>\n<\/div>\n<\/div>\n<\/div>\n\n\n\n<div class=\"wp-block-columns is-layout-flex wp-container-core-columns-is-layout-28f84493 wp-block-columns-is-layout-flex\">\n<div class=\"wp-block-column is-layout-flow wp-block-column-is-layout-flow\"><div class=\"wp-block-image\">\n<figure class=\"aligncenter size-large\"><img loading=\"lazy\" decoding=\"async\" width=\"512\" height=\"1024\" src=\"https:\/\/semanacientifica.unsa.edu.ar\/wp-content\/uploads\/2022\/09\/banner-MUSEO-ESCOLAR-001-512x1024.jpg\" alt=\"\" class=\"wp-image-817\" srcset=\"https:\/\/semana.exa.unsa.edu.ar\/wp-content\/uploads\/2022\/09\/banner-MUSEO-ESCOLAR-001-512x1024.jpg 512w, https:\/\/semana.exa.unsa.edu.ar\/wp-content\/uploads\/2022\/09\/banner-MUSEO-ESCOLAR-001-150x300.jpg 150w, https:\/\/semana.exa.unsa.edu.ar\/wp-content\/uploads\/2022\/09\/banner-MUSEO-ESCOLAR-001-768x1536.jpg 768w, https:\/\/semana.exa.unsa.edu.ar\/wp-content\/uploads\/2022\/09\/banner-MUSEO-ESCOLAR-001-1024x2048.jpg 1024w, https:\/\/semana.exa.unsa.edu.ar\/wp-content\/uploads\/2022\/09\/banner-MUSEO-ESCOLAR-001-600x1200.jpg 600w, https:\/\/semana.exa.unsa.edu.ar\/wp-content\/uploads\/2022\/09\/banner-MUSEO-ESCOLAR-001-scaled.jpg 1280w\" sizes=\"auto, (max-width: 512px) 100vw, 512px\" \/><\/figure>\n<\/div><\/div>\n\n\n\n<div class=\"wp-block-column is-layout-flow wp-block-column-is-layout-flow\"><div class=\"wp-block-image\">\n<figure class=\"aligncenter size-large\"><img loading=\"lazy\" decoding=\"async\" width=\"724\" height=\"1024\" src=\"https:\/\/semanacientifica.unsa.edu.ar\/wp-content\/uploads\/2022\/09\/poster-parte-1-MUSEO-ESCOLAR-JUANA-AZURDUY-001-724x1024.jpg\" alt=\"\" class=\"wp-image-819\" srcset=\"https:\/\/semana.exa.unsa.edu.ar\/wp-content\/uploads\/2022\/09\/poster-parte-1-MUSEO-ESCOLAR-JUANA-AZURDUY-001-724x1024.jpg 724w, https:\/\/semana.exa.unsa.edu.ar\/wp-content\/uploads\/2022\/09\/poster-parte-1-MUSEO-ESCOLAR-JUANA-AZURDUY-001-212x300.jpg 212w, https:\/\/semana.exa.unsa.edu.ar\/wp-content\/uploads\/2022\/09\/poster-parte-1-MUSEO-ESCOLAR-JUANA-AZURDUY-001-768x1086.jpg 768w, https:\/\/semana.exa.unsa.edu.ar\/wp-content\/uploads\/2022\/09\/poster-parte-1-MUSEO-ESCOLAR-JUANA-AZURDUY-001-1086x1536.jpg 1086w, https:\/\/semana.exa.unsa.edu.ar\/wp-content\/uploads\/2022\/09\/poster-parte-1-MUSEO-ESCOLAR-JUANA-AZURDUY-001-1448x2048.jpg 1448w, https:\/\/semana.exa.unsa.edu.ar\/wp-content\/uploads\/2022\/09\/poster-parte-1-MUSEO-ESCOLAR-JUANA-AZURDUY-001-600x849.jpg 600w, https:\/\/semana.exa.unsa.edu.ar\/wp-content\/uploads\/2022\/09\/poster-parte-1-MUSEO-ESCOLAR-JUANA-AZURDUY-001-scaled.jpg 1810w\" sizes=\"auto, (max-width: 724px) 100vw, 724px\" \/><\/figure>\n<\/div>\n\n\n<div class=\"wp-block-buttons is-content-justification-center is-layout-flex wp-container-core-buttons-is-layout-a89b3969 wp-block-buttons-is-layout-flex\">\n<div class=\"wp-block-button aligncenter has-custom-font-size has-small-font-size\"><a class=\"wp-block-button__link has-header-gradient-background-color has-background\" href=\"https:\/\/drive.google.com\/file\/d\/173H4NDrPTBjIAGgJoNFGpkxlSGF7DHSV\/view?usp=sharing\" target=\"_blank\" rel=\"noreferrer noopener\">ACCEDER AL POSTER<\/a><\/div>\n<\/div>\n<\/div>\n\n\n\n<div class=\"wp-block-column is-layout-flow wp-block-column-is-layout-flow\"><div class=\"wp-block-image\">\n<figure class=\"aligncenter size-large\"><img loading=\"lazy\" decoding=\"async\" width=\"724\" height=\"1024\" src=\"https:\/\/semanacientifica.unsa.edu.ar\/wp-content\/uploads\/2022\/09\/poster-parte-2-Propositos-y-Objetivos-001-724x1024.jpg\" alt=\"\" class=\"wp-image-820\" srcset=\"https:\/\/semana.exa.unsa.edu.ar\/wp-content\/uploads\/2022\/09\/poster-parte-2-Propositos-y-Objetivos-001-724x1024.jpg 724w, https:\/\/semana.exa.unsa.edu.ar\/wp-content\/uploads\/2022\/09\/poster-parte-2-Propositos-y-Objetivos-001-212x300.jpg 212w, https:\/\/semana.exa.unsa.edu.ar\/wp-content\/uploads\/2022\/09\/poster-parte-2-Propositos-y-Objetivos-001-768x1086.jpg 768w, https:\/\/semana.exa.unsa.edu.ar\/wp-content\/uploads\/2022\/09\/poster-parte-2-Propositos-y-Objetivos-001-1086x1536.jpg 1086w, https:\/\/semana.exa.unsa.edu.ar\/wp-content\/uploads\/2022\/09\/poster-parte-2-Propositos-y-Objetivos-001-1448x2048.jpg 1448w, https:\/\/semana.exa.unsa.edu.ar\/wp-content\/uploads\/2022\/09\/poster-parte-2-Propositos-y-Objetivos-001-600x849.jpg 600w, https:\/\/semana.exa.unsa.edu.ar\/wp-content\/uploads\/2022\/09\/poster-parte-2-Propositos-y-Objetivos-001-scaled.jpg 1810w\" sizes=\"auto, (max-width: 724px) 100vw, 724px\" \/><\/figure>\n<\/div>\n\n\n<div class=\"wp-block-buttons is-content-justification-center is-layout-flex wp-container-core-buttons-is-layout-a89b3969 wp-block-buttons-is-layout-flex\">\n<div class=\"wp-block-button has-custom-font-size has-small-font-size\"><a class=\"wp-block-button__link has-accent-background-color has-background\" href=\"https:\/\/drive.google.com\/file\/d\/1TUAXBBADDh69j3jm_xrgwRfrpuF_7nt0\/view?usp=sharing\" target=\"_blank\" rel=\"noreferrer noopener\">ACCEDER AL POSTER<\/a><\/div>\n<\/div>\n<\/div>\n<\/div>\n\n\n\n<div class=\"wp-block-columns are-vertically-aligned-center is-layout-flex wp-container-core-columns-is-layout-28f84493 wp-block-columns-is-layout-flex\">\n<div class=\"wp-block-column is-vertically-aligned-center is-layout-flow wp-block-column-is-layout-flow\">\n<h2 class=\"has-small-font-size wp-block-heading\">&nbsp;INVESTIGADORES AL RESCATE<\/h2>\n\n\n\n<p style=\"font-size:11px\"><strong>Dependencia<\/strong>: Facultad de Humanidades<\/p>\n\n\n\n<p style=\"font-size:11px\"><strong>Responsable:<\/strong> L\u00f3pez Fabiana Ramona- 26131122- lopezfabiana@hum.unsa.edu.ar y equipo de investigaci\u00f3n.<\/p>\n\n\n\n<p style=\"font-size:11px\"><strong>Tel\u00e9fono<\/strong>: 3874047997<\/p>\n\n\n\n<p style=\"font-size:11px\"><strong>Resumen<\/strong>: Presentaremos a trav\u00e9s de posters la experiencia de formaci\u00f3n de j\u00f3venes investigadores del colegio secundario rural del mollar para recuperar saberes y pr\u00e1cticas de su paraje, realizada en el marco de proyectos de extensi\u00f3n en investigaci\u00f3n de la catedra investigaci\u00f3n educativa de la carrera de ciencias de la educaci\u00f3n.<\/p>\n\n\n\n<p style=\"font-size:11px\"><strong>P\u00fablico: <\/strong>General<\/p>\n\n\n\n<p style=\"font-size:11px\">Con Exposici\u00f3n Virtual \u2013<\/p>\n\n\n\n<p style=\"font-size:11px\"><strong>Participantes:<\/strong><\/p>\n\n\n\n<p style=\"font-size:11px\">Estefan\u00eda Natali S\u00e1nchez<\/p>\n\n\n\n<p style=\"font-size:11px\">Mamani Aban Carlos Jes\u00fas- Naira Elizabeth Diaz- 39675122- <\/p>\n<\/div>\n\n\n\n<div class=\"wp-block-column is-vertically-aligned-center is-layout-flow wp-block-column-is-layout-flow\"><div class=\"wp-block-image\">\n<figure class=\"aligncenter size-large\"><img loading=\"lazy\" decoding=\"async\" width=\"724\" height=\"1024\" src=\"https:\/\/semanacientifica.unsa.edu.ar\/wp-content\/uploads\/2022\/09\/poster-parte-3-Construccion-Colectiva-001-724x1024.jpg\" alt=\"\" class=\"wp-image-821\" srcset=\"https:\/\/semana.exa.unsa.edu.ar\/wp-content\/uploads\/2022\/09\/poster-parte-3-Construccion-Colectiva-001-724x1024.jpg 724w, https:\/\/semana.exa.unsa.edu.ar\/wp-content\/uploads\/2022\/09\/poster-parte-3-Construccion-Colectiva-001-212x300.jpg 212w, https:\/\/semana.exa.unsa.edu.ar\/wp-content\/uploads\/2022\/09\/poster-parte-3-Construccion-Colectiva-001-768x1086.jpg 768w, https:\/\/semana.exa.unsa.edu.ar\/wp-content\/uploads\/2022\/09\/poster-parte-3-Construccion-Colectiva-001-1086x1536.jpg 1086w, https:\/\/semana.exa.unsa.edu.ar\/wp-content\/uploads\/2022\/09\/poster-parte-3-Construccion-Colectiva-001-1448x2048.jpg 1448w, https:\/\/semana.exa.unsa.edu.ar\/wp-content\/uploads\/2022\/09\/poster-parte-3-Construccion-Colectiva-001-600x849.jpg 600w, https:\/\/semana.exa.unsa.edu.ar\/wp-content\/uploads\/2022\/09\/poster-parte-3-Construccion-Colectiva-001-scaled.jpg 1810w\" sizes=\"auto, (max-width: 724px) 100vw, 724px\" \/><\/figure>\n<\/div>\n\n\n<div class=\"wp-block-buttons is-content-justification-center is-layout-flex wp-container-core-buttons-is-layout-a89b3969 wp-block-buttons-is-layout-flex\">\n<div class=\"wp-block-button has-custom-font-size has-small-font-size\"><a class=\"wp-block-button__link has-background\" href=\"https:\/\/drive.google.com\/file\/d\/10pnjmC76Py5AMStWChj8JwMzM2Mspg_5\/view?usp=sharing\" style=\"background-color:#4daa53\" target=\"_blank\" rel=\"noreferrer noopener\">ACCEDER AL POSTER<\/a><\/div>\n<\/div>\n<\/div>\n\n\n\n<div class=\"wp-block-column is-vertically-aligned-center is-layout-flow wp-block-column-is-layout-flow\"><div class=\"wp-block-image\">\n<figure class=\"aligncenter size-large\"><img loading=\"lazy\" decoding=\"async\" width=\"724\" height=\"1024\" src=\"https:\/\/semanacientifica.unsa.edu.ar\/wp-content\/uploads\/2022\/09\/poster-parte-4-Revalorizando-el-rol-de-la-mujer-en-la-ruralidad.-001-724x1024.jpg\" alt=\"\" class=\"wp-image-822\" srcset=\"https:\/\/semana.exa.unsa.edu.ar\/wp-content\/uploads\/2022\/09\/poster-parte-4-Revalorizando-el-rol-de-la-mujer-en-la-ruralidad.-001-724x1024.jpg 724w, https:\/\/semana.exa.unsa.edu.ar\/wp-content\/uploads\/2022\/09\/poster-parte-4-Revalorizando-el-rol-de-la-mujer-en-la-ruralidad.-001-212x300.jpg 212w, https:\/\/semana.exa.unsa.edu.ar\/wp-content\/uploads\/2022\/09\/poster-parte-4-Revalorizando-el-rol-de-la-mujer-en-la-ruralidad.-001-768x1086.jpg 768w, https:\/\/semana.exa.unsa.edu.ar\/wp-content\/uploads\/2022\/09\/poster-parte-4-Revalorizando-el-rol-de-la-mujer-en-la-ruralidad.-001-1086x1536.jpg 1086w, https:\/\/semana.exa.unsa.edu.ar\/wp-content\/uploads\/2022\/09\/poster-parte-4-Revalorizando-el-rol-de-la-mujer-en-la-ruralidad.-001-1448x2048.jpg 1448w, https:\/\/semana.exa.unsa.edu.ar\/wp-content\/uploads\/2022\/09\/poster-parte-4-Revalorizando-el-rol-de-la-mujer-en-la-ruralidad.-001-600x849.jpg 600w, https:\/\/semana.exa.unsa.edu.ar\/wp-content\/uploads\/2022\/09\/poster-parte-4-Revalorizando-el-rol-de-la-mujer-en-la-ruralidad.-001-scaled.jpg 1810w\" sizes=\"auto, (max-width: 724px) 100vw, 724px\" \/><\/figure>\n<\/div>\n\n\n<div class=\"wp-block-buttons is-content-justification-center is-layout-flex wp-container-core-buttons-is-layout-a89b3969 wp-block-buttons-is-layout-flex\">\n<div class=\"wp-block-button has-custom-font-size has-small-font-size\"><a class=\"wp-block-button__link has-background\" href=\"https:\/\/drive.google.com\/file\/d\/16o8uC_7oZY8HNNKbt0TvkB3dxnbfpUaf\/view?usp=sharing\" style=\"background-color:#3c6eaa\" target=\"_blank\" rel=\"noreferrer noopener\">ACCEDER AL POSTER<\/a><\/div>\n<\/div>\n<\/div>\n<\/div>\n\n\n\n<div class=\"wp-block-columns is-layout-flex wp-container-core-columns-is-layout-28f84493 wp-block-columns-is-layout-flex\">\n<div class=\"wp-block-column is-vertically-aligned-center is-layout-flow wp-block-column-is-layout-flow\"><div class=\"wp-block-image\">\n<figure class=\"aligncenter size-large is-resized\"><a href=\"https:\/\/drive.google.com\/file\/d\/1TR0hljYkoNVmzW1-xshImvgS0j5DxLLw\/view?usp=sharing\"><img loading=\"lazy\" decoding=\"async\" src=\"https:\/\/semanacientifica.unsa.edu.ar\/wp-content\/uploads\/2022\/09\/Semana-de-la-Ciencia-COMPANY-DE-ZUANI-SIVERO-001-410x1024.jpg\" alt=\"\" class=\"wp-image-774\" width=\"292\" height=\"731\" srcset=\"https:\/\/semana.exa.unsa.edu.ar\/wp-content\/uploads\/2022\/09\/Semana-de-la-Ciencia-COMPANY-DE-ZUANI-SIVERO-001-120x300.jpg 120w, https:\/\/semana.exa.unsa.edu.ar\/wp-content\/uploads\/2022\/09\/Semana-de-la-Ciencia-COMPANY-DE-ZUANI-SIVERO-001-768x1920.jpg 768w, https:\/\/semana.exa.unsa.edu.ar\/wp-content\/uploads\/2022\/09\/Semana-de-la-Ciencia-COMPANY-DE-ZUANI-SIVERO-001-614x1536.jpg 614w, https:\/\/semana.exa.unsa.edu.ar\/wp-content\/uploads\/2022\/09\/Semana-de-la-Ciencia-COMPANY-DE-ZUANI-SIVERO-001-819x2048.jpg 819w, https:\/\/semana.exa.unsa.edu.ar\/wp-content\/uploads\/2022\/09\/Semana-de-la-Ciencia-COMPANY-DE-ZUANI-SIVERO-001-600x1500.jpg 600w, https:\/\/semana.exa.unsa.edu.ar\/wp-content\/uploads\/2022\/09\/Semana-de-la-Ciencia-COMPANY-DE-ZUANI-SIVERO-001-scaled.jpg 1024w\" sizes=\"auto, (max-width: 292px) 100vw, 292px\" \/><\/a><\/figure>\n<\/div><\/div>\n\n\n\n<div class=\"wp-block-column is-vertically-aligned-center is-layout-flow wp-block-column-is-layout-flow\">\n<p style=\"font-size:17px\"><strong>ALGUNOS RECURSOS DIGITALES PARA LA CLASE DE LECTO COMPRENSI\u00d3N DE TEXTOS DISCIPLINARES EN INGL\u00c9S EN LA UNIVERSIDAD<\/strong><\/p>\n\n\n\n<p class=\"has-small-font-size\"><strong>Dependencia<\/strong>: Facultad de Ingenier\u00eda<\/p>\n\n\n\n<p class=\"has-small-font-size\"><strong>Responsable:<\/strong> Susana Maria Company <\/p>\n\n\n\n<p class=\"has-small-font-size\"><strong>Resumen<\/strong>: &#8220;Esta propuesta presenta algunas de las herramientas digitales que resultan efectivas en los cursos de lecto comprensi\u00f3n en ingl\u00e9s en nivel universitario. La infograf\u00eda refleja parte del trabajo de investigaci\u00f3n del proyecto del CIUNSa N\u00b0 2777 \u201cLa lecto comprensi\u00f3n de textos acad\u00e9mico-cient\u00edficos en lengua extranjera ingl\u00e9s en entornos combinados: un estudio exploratorio para el desarrollo de las competencias digitales en la universidad\u201d. Este proyecto explora recursos tecnol\u00f3gicos aplicados a la educaci\u00f3n, y c\u00f3mo contribuyen en el desarrollo tanto de buenas pr\u00e1cticas docentes como de las competencias ling\u00fc\u00edsticas, digitales e interculturales de los estudiantes de los cursos de lecto comprensi\u00f3n en ingl\u00e9s de la UNSa. Creemos que estas herramientas pueden resultar \u00fatiles en otros contextos educativos y que compartirlas puede promover la construcci\u00f3n de espacios de colaboraci\u00f3n y aprendizaje entre colegas.<\/p>\n\n\n\n<p class=\"has-small-font-size\"><strong>Participantes:<\/strong> Nicol\u00e1s Farid Sivero \u2013 Anabella De Zuani- <\/p>\n<\/div>\n<\/div>\n\n\n\n<div class=\"wp-block-columns is-layout-flex wp-container-core-columns-is-layout-28f84493 wp-block-columns-is-layout-flex\">\n<div class=\"wp-block-column is-vertically-aligned-center is-layout-flow wp-block-column-is-layout-flow\"><div class=\"wp-block-image\">\n<figure class=\"aligncenter size-large is-resized\"><img loading=\"lazy\" decoding=\"async\" src=\"https:\/\/semanacientifica.unsa.edu.ar\/wp-content\/uploads\/2022\/09\/POSTER-IIENPo-SEMANA-CIENCIA-Y-TECNOLOGIA-2022-001-410x1024.jpg\" alt=\"\" class=\"wp-image-764\" width=\"295\" height=\"738\" srcset=\"https:\/\/semana.exa.unsa.edu.ar\/wp-content\/uploads\/2022\/09\/POSTER-IIENPo-SEMANA-CIENCIA-Y-TECNOLOGIA-2022-001-410x1024.jpg 410w, https:\/\/semana.exa.unsa.edu.ar\/wp-content\/uploads\/2022\/09\/POSTER-IIENPo-SEMANA-CIENCIA-Y-TECNOLOGIA-2022-001-120x300.jpg 120w, https:\/\/semana.exa.unsa.edu.ar\/wp-content\/uploads\/2022\/09\/POSTER-IIENPo-SEMANA-CIENCIA-Y-TECNOLOGIA-2022-001-768x1920.jpg 768w, https:\/\/semana.exa.unsa.edu.ar\/wp-content\/uploads\/2022\/09\/POSTER-IIENPo-SEMANA-CIENCIA-Y-TECNOLOGIA-2022-001-614x1536.jpg 614w, https:\/\/semana.exa.unsa.edu.ar\/wp-content\/uploads\/2022\/09\/POSTER-IIENPo-SEMANA-CIENCIA-Y-TECNOLOGIA-2022-001-819x2048.jpg 819w, https:\/\/semana.exa.unsa.edu.ar\/wp-content\/uploads\/2022\/09\/POSTER-IIENPo-SEMANA-CIENCIA-Y-TECNOLOGIA-2022-001-600x1500.jpg 600w, https:\/\/semana.exa.unsa.edu.ar\/wp-content\/uploads\/2022\/09\/POSTER-IIENPo-SEMANA-CIENCIA-Y-TECNOLOGIA-2022-001-scaled.jpg 1024w\" sizes=\"auto, (max-width: 295px) 100vw, 295px\" \/><\/figure>\n<\/div><\/div>\n\n\n\n<div class=\"wp-block-column is-layout-flow wp-block-column-is-layout-flow\">\n<h2 class=\"wp-block-heading\" style=\"font-size:18px\">VALORACI\u00d3N DE LA COMPOSICI\u00d3N CORPORAL<\/h2>\n\n\n\n<p class=\"has-small-font-size\"><strong>Dependencia<\/strong>: Facultad de Salud- Instituto de Investigaciones en Evaluaci\u00f3n Nutricional de Poblaciones (IIENPo) &#8211;<\/p>\n\n\n\n<p class=\"has-small-font-size\"><strong>Responsable:<\/strong> Mar\u00eda del C Zimmer Sarmiento &#8211; <\/p>\n\n\n\n<p class=\"has-small-font-size\"><strong>Resumen<\/strong>: La valoraci\u00f3n de la composici\u00f3n corporal de un individuo a trav\u00e9s de bioimpedancia permite determinar la proporci\u00f3n de masa muscular masa grasa y agua corporal intra y extracelular en los distintos segmentos corporales para evaluar el estado nutricional. Su aplicaci\u00f3n es importante en investigaciones nutricionales a nivel de poblaciones, combinado con otros m\u00e9todos. Puede adem\u00e1s utilizarse en el campo de la nutrici\u00f3n cl\u00ednica y deportiva entre otras. Se presentar\u00e1 la metodolog\u00eda a trav\u00e9s de material web.<\/p>\n\n\n\n<p class=\"has-small-font-size\"><strong>Participantes:<\/strong> Mar\u00eda del Carmen Zimmer  &#8211; Mar\u00eda Ver\u00f3nica Poderti- Valeria Alejandra Vittor- Estela Ola Castro<\/p>\n\n\n\n<p class=\"has-small-font-size\"><\/p>\n<\/div>\n<\/div>\n\n\n\n<div class=\"wp-block-columns is-layout-flex wp-container-core-columns-is-layout-28f84493 wp-block-columns-is-layout-flex\">\n<div class=\"wp-block-column is-vertically-aligned-center is-layout-flow wp-block-column-is-layout-flow\">\n<figure class=\"wp-block-gallery has-nested-images columns-3 is-cropped wp-block-gallery-1 is-layout-flex wp-block-gallery-is-layout-flex\">\n<figure class=\"wp-block-image size-large\"><img loading=\"lazy\" decoding=\"async\" width=\"724\" height=\"1024\" data-id=\"729\" src=\"https:\/\/semanacientifica.unsa.edu.ar\/wp-content\/uploads\/2022\/09\/Formulacion-de-barritas-de-cereales.-FCS.-UNSA-001-724x1024.jpg\" alt=\"\" class=\"wp-image-729\" srcset=\"https:\/\/semana.exa.unsa.edu.ar\/wp-content\/uploads\/2022\/09\/Formulacion-de-barritas-de-cereales.-FCS.-UNSA-001-724x1024.jpg 724w, https:\/\/semana.exa.unsa.edu.ar\/wp-content\/uploads\/2022\/09\/Formulacion-de-barritas-de-cereales.-FCS.-UNSA-001-212x300.jpg 212w, https:\/\/semana.exa.unsa.edu.ar\/wp-content\/uploads\/2022\/09\/Formulacion-de-barritas-de-cereales.-FCS.-UNSA-001-768x1086.jpg 768w, https:\/\/semana.exa.unsa.edu.ar\/wp-content\/uploads\/2022\/09\/Formulacion-de-barritas-de-cereales.-FCS.-UNSA-001-1086x1536.jpg 1086w, https:\/\/semana.exa.unsa.edu.ar\/wp-content\/uploads\/2022\/09\/Formulacion-de-barritas-de-cereales.-FCS.-UNSA-001-600x848.jpg 600w, https:\/\/semana.exa.unsa.edu.ar\/wp-content\/uploads\/2022\/09\/Formulacion-de-barritas-de-cereales.-FCS.-UNSA-001.jpg 1191w\" sizes=\"auto, (max-width: 724px) 100vw, 724px\" \/><\/figure>\n<\/figure>\n<\/div>\n\n\n\n<div class=\"wp-block-column is-layout-flow wp-block-column-is-layout-flow\">\n<p><strong>FORMULACI\u00d3N DE BARRITAS DE CEREALES. DEL LABORATORIO A LA INDUSTRIA DE ALIMENTOS<\/strong><\/p>\n\n\n\n<p class=\"has-small-font-size\"><strong>Dependencia<\/strong>: Facultad de Salud, Instituto de Investigaciones en Alimento y Nutrici\u00f3n (IIAN)<\/p>\n\n\n\n<p class=\"has-small-font-size\"><strong>Responsable:<\/strong> Jimena Cecilia Alcocer\u2013<\/p>\n\n\n\n<p class=\"has-small-font-size\"><strong>Resumen<\/strong>: Se presenta la formulaci\u00f3n de barritas de cereales a nivel laboratorio y el desaf\u00edo de su escalamiento a nivel industrial. Esta actividad se desarrolla en el marco del Proyecto Tipo A Plan Nacional de Ciencia y Tecnolog\u00eda Contra el Hambre.<\/p>\n\n\n\n<div class=\"wp-block-buttons is-content-justification-center is-layout-flex wp-container-core-buttons-is-layout-a89b3969 wp-block-buttons-is-layout-flex\">\n<div class=\"wp-block-button\"><a class=\"wp-block-button__link has-header-gradient-background-color has-background\" href=\"https:\/\/drive.google.com\/file\/d\/1R9gvFwiNFxwT8Z7ryMq4NC-TlwruvZPs\/view?usp=sharing\" target=\"_blank\" rel=\"noreferrer noopener\">Leer art\u00edculo completo<\/a><\/div>\n<\/div>\n<\/div>\n<\/div>\n\n\n\n<div class=\"wp-block-media-text is-stacked-on-mobile is-vertically-aligned-center\" style=\"grid-template-columns:49% auto\"><figure class=\"wp-block-media-text__media\"><img loading=\"lazy\" decoding=\"async\" width=\"724\" height=\"1024\" src=\"https:\/\/semanacientifica.unsa.edu.ar\/wp-content\/uploads\/2021\/11\/Poster-CilindroParabolico-1_page-0001-724x1024.jpg\" alt=\"\" class=\"wp-image-142 size-full\" srcset=\"https:\/\/semana.exa.unsa.edu.ar\/wp-content\/uploads\/2021\/11\/Poster-CilindroParabolico-1_page-0001-724x1024.jpg 724w, https:\/\/semana.exa.unsa.edu.ar\/wp-content\/uploads\/2021\/11\/Poster-CilindroParabolico-1_page-0001-scaled-600x848.jpg 600w, https:\/\/semana.exa.unsa.edu.ar\/wp-content\/uploads\/2021\/11\/Poster-CilindroParabolico-1_page-0001-212x300.jpg 212w, https:\/\/semana.exa.unsa.edu.ar\/wp-content\/uploads\/2021\/11\/Poster-CilindroParabolico-1_page-0001-768x1086.jpg 768w, https:\/\/semana.exa.unsa.edu.ar\/wp-content\/uploads\/2021\/11\/Poster-CilindroParabolico-1_page-0001-1087x1536.jpg 1087w, https:\/\/semana.exa.unsa.edu.ar\/wp-content\/uploads\/2021\/11\/Poster-CilindroParabolico-1_page-0001-1449x2048.jpg 1449w, https:\/\/semana.exa.unsa.edu.ar\/wp-content\/uploads\/2021\/11\/Poster-CilindroParabolico-1_page-0001-scaled.jpg 1811w\" sizes=\"auto, (max-width: 724px) 100vw, 724px\" \/><\/figure><div class=\"wp-block-media-text__content\">\n<p class=\"has-text-align-left has-normal-font-size\"><strong>Poster: Concentrador Cilindro Parab\u00f3lico como fuente de calor<\/strong><\/p>\n\n\n\n<p class=\"has-text-align-left has-normal-font-size\">Se propone la muestra de un equipo concentrador solar del tipo cilindro parab\u00f3lico, desarrollado en el marco de un proyecto CIUNSa, para la generaci\u00f3n de agua caliente sanitaria y vapor de agua. El mismo se encuentra en una fase de estudio a escala prototipo con proyecciones de mejoras de dise\u00f1o y construcci\u00f3n futura. Se expondr\u00e1 al equipo construido y se explicar\u00e1 el principio de funcionamiento asociados con los fen\u00f3menos termof\u00edsico, as\u00ed como el potencial de aplicaci\u00f3n de las tecnolog\u00edas termo solares en el sector industrial.<\/p>\n\n\n\n<p>Autor: Dr. Ing. Pablo Dellicompagni<\/p>\n\n\n\n<p><\/p>\n<\/div><\/div>\n\n\n\n<div class=\"wp-block-media-text is-stacked-on-mobile is-vertically-aligned-center\" style=\"grid-template-columns:49% auto\"><figure class=\"wp-block-media-text__media\"><img loading=\"lazy\" decoding=\"async\" width=\"724\" height=\"1024\" src=\"https:\/\/semanacientifica.unsa.edu.ar\/wp-content\/uploads\/2021\/11\/Poster-Semana-de-la-Ciencia-2021_-Cocina-Solar-Indirecta-2_page-0001-1-724x1024.jpg\" alt=\"\" class=\"wp-image-143 size-full\" srcset=\"https:\/\/semana.exa.unsa.edu.ar\/wp-content\/uploads\/2021\/11\/Poster-Semana-de-la-Ciencia-2021_-Cocina-Solar-Indirecta-2_page-0001-1-724x1024.jpg 724w, https:\/\/semana.exa.unsa.edu.ar\/wp-content\/uploads\/2021\/11\/Poster-Semana-de-la-Ciencia-2021_-Cocina-Solar-Indirecta-2_page-0001-1-scaled-600x848.jpg 600w, https:\/\/semana.exa.unsa.edu.ar\/wp-content\/uploads\/2021\/11\/Poster-Semana-de-la-Ciencia-2021_-Cocina-Solar-Indirecta-2_page-0001-1-212x300.jpg 212w, https:\/\/semana.exa.unsa.edu.ar\/wp-content\/uploads\/2021\/11\/Poster-Semana-de-la-Ciencia-2021_-Cocina-Solar-Indirecta-2_page-0001-1-768x1086.jpg 768w, https:\/\/semana.exa.unsa.edu.ar\/wp-content\/uploads\/2021\/11\/Poster-Semana-de-la-Ciencia-2021_-Cocina-Solar-Indirecta-2_page-0001-1-1087x1536.jpg 1087w, https:\/\/semana.exa.unsa.edu.ar\/wp-content\/uploads\/2021\/11\/Poster-Semana-de-la-Ciencia-2021_-Cocina-Solar-Indirecta-2_page-0001-1-1449x2048.jpg 1449w, https:\/\/semana.exa.unsa.edu.ar\/wp-content\/uploads\/2021\/11\/Poster-Semana-de-la-Ciencia-2021_-Cocina-Solar-Indirecta-2_page-0001-1-scaled.jpg 1811w\" sizes=\"auto, (max-width: 724px) 100vw, 724px\" \/><\/figure><div class=\"wp-block-media-text__content\">\n<p class=\"has-normal-font-size\"><strong>Poster: Cocina Solar Indirecta de Alto Rendimiento<\/strong><\/p>\n\n\n\n<p class=\"has-text-align-left\">En esta experiencia se muestra un nuevo dise\u00f1o de cocina solar indirecta de alta eficiencia, la idea est\u00e1 basada en la aplicaci\u00f3n de un concentrador parab\u00f3lico compuesto (CPC) y un sistema absorbedor elaborado a partir de tubos de calor que operan en el interior de tubos de borosilicato de doble pared con vac\u00edo, y superficie de excelente selectividad. En este dise\u00f1o la olla de cocci\u00f3n se encuentra rodeada de un medio acumulador de calor, este conjunto est\u00e1 convenientemente aislado del exterior, lo que permite cocinar alimentos incluso hasta ciertas horas de la noche. El concepto propuesto presenta una muy eficiente absorci\u00f3n de la energ\u00eda solar, y complementariamente una muy eficaz transmisi\u00f3n de calor hacia la olla de cocci\u00f3n, todo con muy bajas p\u00e9rdidas de calor al exterior.<\/p>\n\n\n\n<p>Autor: MSc Nicol\u00e1s Dilalla<\/p>\n<\/div><\/div>\n\n\n\n<div class=\"wp-block-media-text is-stacked-on-mobile is-vertically-aligned-center\" style=\"grid-template-columns:48% auto\"><figure class=\"wp-block-media-text__media\"><img loading=\"lazy\" decoding=\"async\" width=\"485\" height=\"1024\" src=\"https:\/\/semanacientifica.unsa.edu.ar\/wp-content\/uploads\/2021\/11\/poster-semana-ciencia_page-0001-485x1024.jpg\" alt=\"\" class=\"wp-image-161 size-full\" srcset=\"https:\/\/semana.exa.unsa.edu.ar\/wp-content\/uploads\/2021\/11\/poster-semana-ciencia_page-0001-485x1024.jpg 485w, https:\/\/semana.exa.unsa.edu.ar\/wp-content\/uploads\/2021\/11\/poster-semana-ciencia_page-0001-scaled-600x1266.jpg 600w, https:\/\/semana.exa.unsa.edu.ar\/wp-content\/uploads\/2021\/11\/poster-semana-ciencia_page-0001-142x300.jpg 142w, https:\/\/semana.exa.unsa.edu.ar\/wp-content\/uploads\/2021\/11\/poster-semana-ciencia_page-0001-768x1621.jpg 768w, https:\/\/semana.exa.unsa.edu.ar\/wp-content\/uploads\/2021\/11\/poster-semana-ciencia_page-0001-728x1536.jpg 728w, https:\/\/semana.exa.unsa.edu.ar\/wp-content\/uploads\/2021\/11\/poster-semana-ciencia_page-0001-970x2048.jpg 970w, https:\/\/semana.exa.unsa.edu.ar\/wp-content\/uploads\/2021\/11\/poster-semana-ciencia_page-0001-scaled.jpg 1213w\" sizes=\"auto, (max-width: 485px) 100vw, 485px\" \/><\/figure><div class=\"wp-block-media-text__content\">\n<p class=\"has-normal-font-size\"><strong>Poster:Kit Solar Esterilizador<\/strong><\/p>\n\n\n\n<p class=\"has-text-align-left\">En esta experiencia se muestra un kit de esterilizaci\u00f3n solar dise\u00f1ado y construido en la facultad de Cs. Exactas, a cargo de becarios e investigadores del INENCO, para la Asociaci\u00f3n Latinoamericana para el Desarrollo Social y Art\u00edstico, MANOS, financiado por la Secretaria de Cooperaci\u00f3n T\u00e9cnica y el Concejo de Investigaci\u00f3n de la Universidad Nacional de Salta.  Con capacidad de funcionar mediante alimentaci\u00f3n FV o 220v. El mismo es el resultado de un proyecto de extensi\u00f3n propuesto en el marco de la pandemia para la desinfecci\u00f3n de superficies con COVID.<\/p>\n\n\n\n<p>Autora: Ing. Aien Salvo. <\/p>\n<\/div><\/div>\n\n\n\n<div class=\"wp-block-media-text is-stacked-on-mobile\" style=\"grid-template-columns:47% auto\"><figure class=\"wp-block-media-text__media\"><img loading=\"lazy\" decoding=\"async\" width=\"1024\" height=\"1024\" src=\"https:\/\/semanacientifica.unsa.edu.ar\/wp-content\/uploads\/2021\/11\/Semana-de-la-Ciencia_-3-1024x1024.png\" alt=\"\" class=\"wp-image-145 size-full\" srcset=\"https:\/\/semana.exa.unsa.edu.ar\/wp-content\/uploads\/2021\/11\/Semana-de-la-Ciencia_-3-1024x1024.png 1024w, https:\/\/semana.exa.unsa.edu.ar\/wp-content\/uploads\/2021\/11\/Semana-de-la-Ciencia_-3-160x160.png 160w, https:\/\/semana.exa.unsa.edu.ar\/wp-content\/uploads\/2021\/11\/Semana-de-la-Ciencia_-3-600x600.png 600w, https:\/\/semana.exa.unsa.edu.ar\/wp-content\/uploads\/2021\/11\/Semana-de-la-Ciencia_-3-300x300.png 300w, https:\/\/semana.exa.unsa.edu.ar\/wp-content\/uploads\/2021\/11\/Semana-de-la-Ciencia_-3-150x150.png 150w, https:\/\/semana.exa.unsa.edu.ar\/wp-content\/uploads\/2021\/11\/Semana-de-la-Ciencia_-3-768x768.png 768w, https:\/\/semana.exa.unsa.edu.ar\/wp-content\/uploads\/2021\/11\/Semana-de-la-Ciencia_-3.png 1080w\" sizes=\"auto, (max-width: 1024px) 100vw, 1024px\" \/><\/figure><div class=\"wp-block-media-text__content\">\n<p class=\"has-normal-font-size\"><strong>Podcast: PREMIO NOBEL DE F\u00cdSICA 2021: el cambio clim\u00e1tico en el foco de la ciencia.<\/strong><\/p>\n\n\n\n<p>Autora: Dra. Ver\u00f3nica Javi<\/p>\n\n\n\n<figure class=\"wp-block-audio\"><audio controls src=\"http:\/\/semanacientifica.unsa.edu.ar\/wp-content\/uploads\/2021\/11\/3LA-FISICA-DEL-CAMBIO-CLIMATICO-VERONICA-JAVI-28-11-2021-1.mp3\"><\/audio><\/figure>\n\n\n\n<p><\/p>\n<\/div><\/div>\n\n\n\n<div class=\"wp-block-media-text is-stacked-on-mobile\" style=\"grid-template-columns:46% auto\"><figure class=\"wp-block-media-text__media\"><img loading=\"lazy\" decoding=\"async\" width=\"1024\" height=\"1024\" src=\"https:\/\/semanacientifica.unsa.edu.ar\/wp-content\/uploads\/2021\/11\/Semana-de-la-Ciencia_-4-1024x1024.png\" alt=\"\" class=\"wp-image-164 size-full\" srcset=\"https:\/\/semana.exa.unsa.edu.ar\/wp-content\/uploads\/2021\/11\/Semana-de-la-Ciencia_-4-1024x1024.png 1024w, https:\/\/semana.exa.unsa.edu.ar\/wp-content\/uploads\/2021\/11\/Semana-de-la-Ciencia_-4-160x160.png 160w, https:\/\/semana.exa.unsa.edu.ar\/wp-content\/uploads\/2021\/11\/Semana-de-la-Ciencia_-4-600x600.png 600w, https:\/\/semana.exa.unsa.edu.ar\/wp-content\/uploads\/2021\/11\/Semana-de-la-Ciencia_-4-300x300.png 300w, https:\/\/semana.exa.unsa.edu.ar\/wp-content\/uploads\/2021\/11\/Semana-de-la-Ciencia_-4-150x150.png 150w, https:\/\/semana.exa.unsa.edu.ar\/wp-content\/uploads\/2021\/11\/Semana-de-la-Ciencia_-4-768x768.png 768w, https:\/\/semana.exa.unsa.edu.ar\/wp-content\/uploads\/2021\/11\/Semana-de-la-Ciencia_-4.png 1080w\" sizes=\"auto, (max-width: 1024px) 100vw, 1024px\" \/><\/figure><div class=\"wp-block-media-text__content\">\n<p class=\"has-normal-font-size\"><strong>Podcast: Cuando un poeta mira al cielo en la Edad Media<\/strong>. <\/p>\n\n\n\n<p>Autora: Sabina Arroyo<\/p>\n\n\n\n<p>Aplicaci\u00f3n del modelo geoc\u00e9ntrico de Ptolomeo en la descripci\u00f3n del universo a lo largo de la &#8220;Divina Commedia&#8221;, de Dante Alighieri.<\/p>\n\n\n\n<figure class=\"wp-block-audio\"><audio controls src=\"https:\/\/semanacientifica.unsa.edu.ar\/wp-content\/uploads\/2021\/11\/Sabinapodcast.mp3\"><\/audio><\/figure>\n<\/div><\/div>\n\n\n\n<div class=\"wp-block-media-text is-stacked-on-mobile\" style=\"grid-template-columns:45% auto\"><figure class=\"wp-block-media-text__media\"><video controls src=\"https:\/\/semanacientifica.unsa.edu.ar\/wp-content\/uploads\/2021\/11\/Energia-Solar-F-A-1.m4v\"><\/video><\/figure><div class=\"wp-block-media-text__content\">\n<p class=\"has-normal-font-size\"><strong>Podcast: Dispersi\u00f3n Dominguera &#8211; Energ\u00eda Solar: La estrella que todo lo permite. <\/strong><\/p>\n\n\n\n<p class=\"has-normal-font-size\">Ciclo radial emitido durante el primer semestre del 2021 en FM La Patriada, programa La Farsa Actual, conducido por Nahuel S\u00e1nchez y Guillermo Ramos por la 92.7 para todo el pa\u00eds los domingos a las 17 Hs. Capitulo:  Energ\u00eda Solar: La estrella que todo lo permite.  <\/p>\n\n\n\n<p>Autora: Lic. Camila Binda. Participaci\u00f3n especial de la Dra. Judith Franco. <\/p>\n<\/div><\/div>\n\n\n\n<div class=\"wp-block-media-text is-stacked-on-mobile\" style=\"grid-template-columns:45% auto\"><figure class=\"wp-block-media-text__media\"><video controls src=\"https:\/\/semanacientifica.unsa.edu.ar\/wp-content\/uploads\/2021\/11\/Lafarsa-Eolica-1.m4v\"><\/video><\/figure><div class=\"wp-block-media-text__content\">\n<p class=\"has-normal-font-size\"><strong>Podcast: Dispersi\u00f3n Dominguera &#8211; D\u00eda Mundial del Viento &#8211; Energ\u00eda E\u00f3lica.<\/strong><\/p>\n\n\n\n<p>Ciclo radial emitido durante el primer semestre del 2021 en FM La Patriada, programa La Farsa Actual, conducido por Nahuel S\u00e1nchez y Guillermo Ramos por la 92.7 para todo el pa\u00eds los domingos a las 17 Hs. Capitulo:  D\u00eda Mundial del Viento &#8211; Energ\u00eda E\u00f3lica. <\/p>\n\n\n\n<p>Autora:  Lic.  Camila Binda. Participaci\u00f3n especial del Dr. Fernando Tilca. <\/p>\n<\/div><\/div>\n\n\n\n<div class=\"wp-block-media-text is-stacked-on-mobile\" style=\"grid-template-columns:45% auto\"><figure class=\"wp-block-media-text__media\"><video controls src=\"https:\/\/semanacientifica.unsa.edu.ar\/wp-content\/uploads\/2021\/11\/L-F-Biomasa-1.m4v\"><\/video><\/figure><div class=\"wp-block-media-text__content\">\n<p class=\"has-normal-font-size\"><strong>Podcast: Dispersi\u00f3n Dominguera &#8211; La biomasa m\u00e1s all\u00e1 del speech<\/strong>.<\/p>\n\n\n\n<p>Ciclo radial emitido durante el primer semestre del 2021 en FM La Patriada, programa La Farsa Actual, conducido por Nahuel S\u00e1nchez y Guillermo Ramos por la 92.7 para todo el pa\u00eds los domingos a las 17 Hs. Capitulo: La biomasa: M\u00e1s all\u00e1 del speech.<\/p>\n\n\n\n<p>Autora:  Lic.  Camila Binda. Participaci\u00f3n especial de la Dra. Silvina Manrique. <\/p>\n<\/div><\/div>\n\n\n\n<div class=\"wp-block-media-text is-stacked-on-mobile\" style=\"grid-template-columns:45% auto\"><figure class=\"wp-block-media-text__media\"><video controls src=\"https:\/\/semanacientifica.unsa.edu.ar\/wp-content\/uploads\/2021\/11\/Geotermia-1-1.m4v\"><\/video><\/figure><div class=\"wp-block-media-text__content\">\n<p class=\"has-normal-font-size\"><strong>Podcast: Dispersi\u00f3n Dominguera &#8211; Energ\u00eda Geot\u00e9rmica<\/strong><\/p>\n\n\n\n<p>Ciclo radial emitido durante el primer semestre del 2021 en FM La Patriada, programa La Farsa Actual, conducido por Nahuel S\u00e1nchez y Guillermo Ramos por la 92.7 para todo el pa\u00eds los domingos a las 17 Hs. Capitulo: Energ\u00eda geot\u00e9rmica.  <\/p>\n\n\n\n<p>Autora:  Lic.  Camila Binda. Participaci\u00f3n especial de la Dra. Agustina Chiodi. <\/p>\n<\/div><\/div>\n\n\n\n<div class=\"wp-block-media-text is-stacked-on-mobile\" style=\"grid-template-columns:44% auto\"><figure class=\"wp-block-media-text__media\"><video controls src=\"https:\/\/semanacientifica.unsa.edu.ar\/wp-content\/uploads\/2021\/11\/Mareo-Undi-Fa-1.m4v\"><\/video><\/figure><div class=\"wp-block-media-text__content\">\n<p class=\"has-normal-font-size\"><strong>Podcast: Dispersi\u00f3n Dominguera &#8211; Energ\u00eda Mareomotriz y Undimotriz.<\/strong><\/p>\n\n\n\n<p>Ciclo radial emitido durante el primer semestre del 2021 en FM La Patriada, programa La Farsa Actual, conducido por Nahuel S\u00e1nchez y Guillermo Ramos por la 92.7 para todo el pa\u00eds los domingos a las 17 Hs. Capitulo: Energ\u00eda Mareomotriz y Undimotriz. <\/p>\n\n\n\n<p>Autora:  Lic.  Camila Binda. Participaci\u00f3n especial del Mg. Alejandro Haim.  <\/p>\n<\/div><\/div>\n\n\n\n<div class=\"wp-block-media-text is-stacked-on-mobile\" style=\"grid-template-columns:44% auto\"><figure class=\"wp-block-media-text__media\"><video controls src=\"https:\/\/semanacientifica.unsa.edu.ar\/wp-content\/uploads\/2021\/11\/L-Fa-A3-Ed.Bioclimaticos-1.m4v\"><\/video><\/figure><div class=\"wp-block-media-text__content\">\n<p class=\"has-normal-font-size\"><strong>Podcast: Dispersi\u00f3n Dominguera &#8211; Construcci\u00f3n bioclim\u00e1tica. <\/strong><\/p>\n\n\n\n<p class=\"has-normal-font-size\">Ciclo radial emitido durante el primer semestre del 2021 en FM La Patriada, programa La Farsa Actual, conducido por Nahuel S\u00e1nchez y Guillermo Ramos por la 92.7 para todo el pa\u00eds los domingos a las 17 Hs. Capitulo: Construcci\u00f3n Bioclim\u00e1tica. <\/p>\n\n\n\n<p>Autora: Lic. Camila Binda. Participaci\u00f3n especial de la Dra. Silvana Flores Larsen.   <\/p>\n<\/div><\/div>\n\n\n\n<div class=\"wp-block-media-text is-stacked-on-mobile\" style=\"grid-template-columns:44% auto\"><figure class=\"wp-block-media-text__media\"><video controls src=\"https:\/\/semanacientifica.unsa.edu.ar\/wp-content\/uploads\/2021\/11\/Pobrezaenergetica-2-1.m4v\"><\/video><\/figure><div class=\"wp-block-media-text__content\">\n<p class=\"has-normal-font-size\"><strong>Podcast: Dispersi\u00f3n Dominguera &#8211; Pobreza Energ\u00e9tica<\/strong><\/p>\n\n\n\n<p class=\"has-normal-font-size\">Ciclo radial emitido durante el primer semestre del 2021 en FM La Patriada, programa La Farsa Actual, conducido por Nahuel S\u00e1nchez y Guillermo Ramos por la 92.7 para todo el pa\u00eds los domingos a las 17 Hs. Capitulo: Construcci\u00f3n Bioclim\u00e1tica. <\/p>\n\n\n\n<p>Autora: Lic. Camila Binda. Participaci\u00f3n especial del Dr. Rodrigo Dur\u00e1n. <\/p>\n<\/div><\/div>\n\n\n\n<div class=\"wp-block-media-text is-stacked-on-mobile\" style=\"grid-template-columns:44% auto\"><figure class=\"wp-block-media-text__media\"><video controls src=\"https:\/\/semanacientifica.unsa.edu.ar\/wp-content\/uploads\/2021\/11\/Leydeeducacionfinal-1.m4v\"><\/video><\/figure><div class=\"wp-block-media-text__content\">\n<p class=\"has-normal-font-size\"><strong>Podcast: Dispersi\u00f3n Dominguera &#8211; La nueva Ley de Educaci\u00f3n Ambiental. <\/strong><\/p>\n\n\n\n<p class=\"has-normal-font-size\">Ciclo radial emitido durante el primer semestre del 2021 en FM La Patriada, programa La Farsa Actual, conducido por Nahuel S\u00e1nchez y Guillermo Ramos por la 92.7 para todo el pa\u00eds los domingos a las 17 Hs. Capitulo: La nueva Ley de Educaci\u00f3n Ambiental<\/p>\n\n\n\n<p>Autora: Lic. Camila Binda. Participaci\u00f3n especial del Lic. Anal\u00eda Villagr\u00e1n.  <\/p>\n<\/div><\/div>\n","protected":false},"excerpt":{"rendered":"<p>EDUCACI\u00d3N SIN M\u00c1S PROTOCOLO MATERIAL TALLER EDUCAR.NOS MATERIAL TALLER LA CULTURA DE LAS REDES SOCIALES Y LOS DISCURSOS DE ODIO. DICTADURA Y ROCK: UN RECORRIDO MUSICAL POR LA HISTORIA ARGENTINA ENTRE 1976 Y 1983 APLICANDO PRACTICAS SUSTENTABLES EN VIVERO Y HUERTA MATERIAL: LA CONSTITUCI\u00d3N ARGENTINA EN LA ESCUELA SECUNDARIA MATERIAL [&hellip;]<\/p>\n","protected":false},"author":2,"featured_media":0,"parent":0,"menu_order":0,"comment_status":"closed","ping_status":"closed","template":"","meta":{"footnotes":""},"class_list":["post-20","page","type-page","status-publish","hentry"],"_links":{"self":[{"href":"https:\/\/semana.exa.unsa.edu.ar\/index.php?rest_route=\/wp\/v2\/pages\/20","targetHints":{"allow":["GET"]}}],"collection":[{"href":"https:\/\/semana.exa.unsa.edu.ar\/index.php?rest_route=\/wp\/v2\/pages"}],"about":[{"href":"https:\/\/semana.exa.unsa.edu.ar\/index.php?rest_route=\/wp\/v2\/types\/page"}],"author":[{"embeddable":true,"href":"https:\/\/semana.exa.unsa.edu.ar\/index.php?rest_route=\/wp\/v2\/users\/2"}],"replies":[{"embeddable":true,"href":"https:\/\/semana.exa.unsa.edu.ar\/index.php?rest_route=%2Fwp%2Fv2%2Fcomments&post=20"}],"version-history":[{"count":42,"href":"https:\/\/semana.exa.unsa.edu.ar\/index.php?rest_route=\/wp\/v2\/pages\/20\/revisions"}],"predecessor-version":[{"id":1004,"href":"https:\/\/semana.exa.unsa.edu.ar\/index.php?rest_route=\/wp\/v2\/pages\/20\/revisions\/1004"}],"wp:attachment":[{"href":"https:\/\/semana.exa.unsa.edu.ar\/index.php?rest_route=%2Fwp%2Fv2%2Fmedia&parent=20"}],"curies":[{"name":"wp","href":"https:\/\/api.w.org\/{rel}","templated":true}]}}