{"id":573,"date":"2022-09-23T19:12:36","date_gmt":"2022-09-23T22:12:36","guid":{"rendered":"https:\/\/semanacientifica.unsa.edu.ar\/?page_id=573"},"modified":"2022-09-23T21:38:43","modified_gmt":"2022-09-24T00:38:43","slug":"jornadas-y-actos","status":"publish","type":"page","link":"https:\/\/semana.exa.unsa.edu.ar\/?page_id=573","title":{"rendered":"Jornadas y Actos"},"content":{"rendered":"\n<p class=\"has-white-color has-text-color has-background has-medium-font-size\" style=\"background-color:#85eb6f\"><strong>ACTOS<\/strong><\/p>\n\n\n\n<div class=\"wp-block-columns is-layout-flex wp-container-core-columns-is-layout-28f84493 wp-block-columns-is-layout-flex\">\n<div class=\"wp-block-column is-layout-flow wp-block-column-is-layout-flow\"><div class=\"wp-block-image\">\n<figure class=\"aligncenter size-large\"><img loading=\"lazy\" decoding=\"async\" width=\"1024\" height=\"1024\" src=\"https:\/\/semanacientifica.unsa.edu.ar\/wp-content\/uploads\/2022\/09\/Copia-de-Flayer-CARPA-CONFERENCIA-10-1024x1024.png\" alt=\"\" class=\"wp-image-596\" srcset=\"https:\/\/semana.exa.unsa.edu.ar\/wp-content\/uploads\/2022\/09\/Copia-de-Flayer-CARPA-CONFERENCIA-10-1024x1024.png 1024w, https:\/\/semana.exa.unsa.edu.ar\/wp-content\/uploads\/2022\/09\/Copia-de-Flayer-CARPA-CONFERENCIA-10-300x300.png 300w, https:\/\/semana.exa.unsa.edu.ar\/wp-content\/uploads\/2022\/09\/Copia-de-Flayer-CARPA-CONFERENCIA-10-150x150.png 150w, https:\/\/semana.exa.unsa.edu.ar\/wp-content\/uploads\/2022\/09\/Copia-de-Flayer-CARPA-CONFERENCIA-10-768x768.png 768w, https:\/\/semana.exa.unsa.edu.ar\/wp-content\/uploads\/2022\/09\/Copia-de-Flayer-CARPA-CONFERENCIA-10-600x600.png 600w, https:\/\/semana.exa.unsa.edu.ar\/wp-content\/uploads\/2022\/09\/Copia-de-Flayer-CARPA-CONFERENCIA-10-160x160.png 160w, https:\/\/semana.exa.unsa.edu.ar\/wp-content\/uploads\/2022\/09\/Copia-de-Flayer-CARPA-CONFERENCIA-10.png 1080w\" sizes=\"auto, (max-width: 1024px) 100vw, 1024px\" \/><\/figure>\n<\/div><\/div>\n\n\n\n<div class=\"wp-block-column is-layout-flow wp-block-column-is-layout-flow\"><div class=\"wp-block-image\">\n<figure class=\"aligncenter size-large\"><img loading=\"lazy\" decoding=\"async\" width=\"819\" height=\"1024\" src=\"https:\/\/semanacientifica.unsa.edu.ar\/wp-content\/uploads\/2022\/09\/Sinfonica-Post-819x1024.png\" alt=\"\" class=\"wp-image-598\" srcset=\"https:\/\/semana.exa.unsa.edu.ar\/wp-content\/uploads\/2022\/09\/Sinfonica-Post-819x1024.png 819w, https:\/\/semana.exa.unsa.edu.ar\/wp-content\/uploads\/2022\/09\/Sinfonica-Post-240x300.png 240w, https:\/\/semana.exa.unsa.edu.ar\/wp-content\/uploads\/2022\/09\/Sinfonica-Post-768x960.png 768w, https:\/\/semana.exa.unsa.edu.ar\/wp-content\/uploads\/2022\/09\/Sinfonica-Post-600x750.png 600w, https:\/\/semana.exa.unsa.edu.ar\/wp-content\/uploads\/2022\/09\/Sinfonica-Post.png 1080w\" sizes=\"auto, (max-width: 819px) 100vw, 819px\" \/><\/figure>\n<\/div><\/div>\n<\/div>\n\n\n\n<div class=\"wp-block-columns is-layout-flex wp-container-core-columns-is-layout-28f84493 wp-block-columns-is-layout-flex\">\n<div class=\"wp-block-column is-layout-flow wp-block-column-is-layout-flow\"><div class=\"wp-block-image\">\n<figure class=\"aligncenter size-large\"><img loading=\"lazy\" decoding=\"async\" width=\"1024\" height=\"1024\" src=\"https:\/\/semanacientifica.unsa.edu.ar\/wp-content\/uploads\/2022\/09\/Copia-de-Flayer-CARPA-CONFERENCIA-14-1024x1024.png\" alt=\"\" class=\"wp-image-616\" srcset=\"https:\/\/semana.exa.unsa.edu.ar\/wp-content\/uploads\/2022\/09\/Copia-de-Flayer-CARPA-CONFERENCIA-14-1024x1024.png 1024w, https:\/\/semana.exa.unsa.edu.ar\/wp-content\/uploads\/2022\/09\/Copia-de-Flayer-CARPA-CONFERENCIA-14-300x300.png 300w, https:\/\/semana.exa.unsa.edu.ar\/wp-content\/uploads\/2022\/09\/Copia-de-Flayer-CARPA-CONFERENCIA-14-150x150.png 150w, https:\/\/semana.exa.unsa.edu.ar\/wp-content\/uploads\/2022\/09\/Copia-de-Flayer-CARPA-CONFERENCIA-14-768x768.png 768w, https:\/\/semana.exa.unsa.edu.ar\/wp-content\/uploads\/2022\/09\/Copia-de-Flayer-CARPA-CONFERENCIA-14-600x600.png 600w, https:\/\/semana.exa.unsa.edu.ar\/wp-content\/uploads\/2022\/09\/Copia-de-Flayer-CARPA-CONFERENCIA-14-160x160.png 160w, https:\/\/semana.exa.unsa.edu.ar\/wp-content\/uploads\/2022\/09\/Copia-de-Flayer-CARPA-CONFERENCIA-14.png 1080w\" sizes=\"auto, (max-width: 1024px) 100vw, 1024px\" \/><\/figure>\n<\/div><\/div>\n\n\n\n<div class=\"wp-block-column is-layout-flow wp-block-column-is-layout-flow\"><div class=\"wp-block-image\">\n<figure class=\"aligncenter size-large\"><img loading=\"lazy\" decoding=\"async\" width=\"1024\" height=\"624\" src=\"https:\/\/semanacientifica.unsa.edu.ar\/wp-content\/uploads\/2022\/09\/WhatsApp-Image-2022-09-23-at-20.18.08-1024x624.jpeg\" alt=\"\" class=\"wp-image-617\" srcset=\"https:\/\/semana.exa.unsa.edu.ar\/wp-content\/uploads\/2022\/09\/WhatsApp-Image-2022-09-23-at-20.18.08-1024x624.jpeg 1024w, https:\/\/semana.exa.unsa.edu.ar\/wp-content\/uploads\/2022\/09\/WhatsApp-Image-2022-09-23-at-20.18.08-300x183.jpeg 300w, https:\/\/semana.exa.unsa.edu.ar\/wp-content\/uploads\/2022\/09\/WhatsApp-Image-2022-09-23-at-20.18.08-768x468.jpeg 768w, https:\/\/semana.exa.unsa.edu.ar\/wp-content\/uploads\/2022\/09\/WhatsApp-Image-2022-09-23-at-20.18.08-1536x936.jpeg 1536w, https:\/\/semana.exa.unsa.edu.ar\/wp-content\/uploads\/2022\/09\/WhatsApp-Image-2022-09-23-at-20.18.08-600x366.jpeg 600w, https:\/\/semana.exa.unsa.edu.ar\/wp-content\/uploads\/2022\/09\/WhatsApp-Image-2022-09-23-at-20.18.08.jpeg 1600w\" sizes=\"auto, (max-width: 1024px) 100vw, 1024px\" \/><figcaption><strong>Invitaci\u00f3n a la Ceremonia de Acto de Colaci\u00f3n de Grado y Posgrado de la Universidad Nacional de Salta- 50\u00b0 ANIVESARIO- Teatro Provincial Salta-<\/strong><\/figcaption><\/figure>\n<\/div><\/div>\n<\/div>\n\n\n\n<p class=\"has-white-color has-header-gradient-background-color has-text-color has-background\"><strong>JORNADAS <\/strong><\/p>\n\n\n\n<p><strong>JORNADA: EL DESAF\u00cdO DE LA EDUCACI\u00d3N A DISTANCIA A 50 A\u00d1OS DE LA CREACI\u00d3N DE LA UNIVERSIDAD NACIONAL DE SALTA<\/strong><\/p>\n\n\n\n<div class=\"wp-block-columns is-layout-flex wp-container-core-columns-is-layout-28f84493 wp-block-columns-is-layout-flex\">\n<div class=\"wp-block-column is-layout-flow wp-block-column-is-layout-flow\">\n<figure class=\"wp-block-image size-large\"><img loading=\"lazy\" decoding=\"async\" width=\"1024\" height=\"1024\" src=\"https:\/\/semanacientifica.unsa.edu.ar\/wp-content\/uploads\/2022\/09\/Copia-de-Flayer-CARPA-CONFERENCIA-8-1024x1024.png\" alt=\"\" class=\"wp-image-584\" srcset=\"https:\/\/semana.exa.unsa.edu.ar\/wp-content\/uploads\/2022\/09\/Copia-de-Flayer-CARPA-CONFERENCIA-8-1024x1024.png 1024w, https:\/\/semana.exa.unsa.edu.ar\/wp-content\/uploads\/2022\/09\/Copia-de-Flayer-CARPA-CONFERENCIA-8-300x300.png 300w, https:\/\/semana.exa.unsa.edu.ar\/wp-content\/uploads\/2022\/09\/Copia-de-Flayer-CARPA-CONFERENCIA-8-150x150.png 150w, https:\/\/semana.exa.unsa.edu.ar\/wp-content\/uploads\/2022\/09\/Copia-de-Flayer-CARPA-CONFERENCIA-8-768x768.png 768w, https:\/\/semana.exa.unsa.edu.ar\/wp-content\/uploads\/2022\/09\/Copia-de-Flayer-CARPA-CONFERENCIA-8-600x600.png 600w, https:\/\/semana.exa.unsa.edu.ar\/wp-content\/uploads\/2022\/09\/Copia-de-Flayer-CARPA-CONFERENCIA-8-160x160.png 160w, https:\/\/semana.exa.unsa.edu.ar\/wp-content\/uploads\/2022\/09\/Copia-de-Flayer-CARPA-CONFERENCIA-8.png 1080w\" sizes=\"auto, (max-width: 1024px) 100vw, 1024px\" \/><\/figure>\n\n\n\n<div class=\"wp-block-buttons is-content-justification-center is-layout-flex wp-container-core-buttons-is-layout-a89b3969 wp-block-buttons-is-layout-flex\">\n<div class=\"wp-block-button\"><a class=\"wp-block-button__link has-background\" href=\"https:\/\/forms.gle\/2sARm3C8mf7zQmeJ9\" style=\"background-color:#44bf41\" target=\"_blank\" rel=\"noreferrer noopener\">INSCRIPCIONES<\/a><\/div>\n<\/div>\n<\/div>\n\n\n\n<div class=\"wp-block-column is-layout-flow wp-block-column-is-layout-flow\">\n<figure class=\"wp-block-image size-full\"><img loading=\"lazy\" decoding=\"async\" width=\"352\" height=\"498\" src=\"https:\/\/semanacientifica.unsa.edu.ar\/wp-content\/uploads\/2022\/09\/WhatsApp-Image-2022-09-22-at-08.46.07-1.jpeg\" alt=\"\" class=\"wp-image-576\" srcset=\"https:\/\/semana.exa.unsa.edu.ar\/wp-content\/uploads\/2022\/09\/WhatsApp-Image-2022-09-22-at-08.46.07-1.jpeg 352w, https:\/\/semana.exa.unsa.edu.ar\/wp-content\/uploads\/2022\/09\/WhatsApp-Image-2022-09-22-at-08.46.07-1-212x300.jpeg 212w\" sizes=\"auto, (max-width: 352px) 100vw, 352px\" \/><\/figure>\n<\/div>\n<\/div>\n\n\n\n<p><strong>III JORNADAS DEL  ALTIPLANO SUR. MIRADAS INTERDISCIPLINARIAS.<\/strong><\/p>\n\n\n\n<div class=\"wp-block-columns is-layout-flex wp-container-core-columns-is-layout-28f84493 wp-block-columns-is-layout-flex\">\n<div class=\"wp-block-column is-layout-flow wp-block-column-is-layout-flow\">\n<figure class=\"wp-block-image size-large\"><img loading=\"lazy\" decoding=\"async\" width=\"1024\" height=\"1024\" src=\"https:\/\/semanacientifica.unsa.edu.ar\/wp-content\/uploads\/2022\/09\/Copia-de-Flayer-CARPA-CONFERENCIA-5-3-1024x1024.png\" alt=\"\" class=\"wp-image-589\" srcset=\"https:\/\/semana.exa.unsa.edu.ar\/wp-content\/uploads\/2022\/09\/Copia-de-Flayer-CARPA-CONFERENCIA-5-3-1024x1024.png 1024w, https:\/\/semana.exa.unsa.edu.ar\/wp-content\/uploads\/2022\/09\/Copia-de-Flayer-CARPA-CONFERENCIA-5-3-300x300.png 300w, https:\/\/semana.exa.unsa.edu.ar\/wp-content\/uploads\/2022\/09\/Copia-de-Flayer-CARPA-CONFERENCIA-5-3-150x150.png 150w, https:\/\/semana.exa.unsa.edu.ar\/wp-content\/uploads\/2022\/09\/Copia-de-Flayer-CARPA-CONFERENCIA-5-3-768x768.png 768w, https:\/\/semana.exa.unsa.edu.ar\/wp-content\/uploads\/2022\/09\/Copia-de-Flayer-CARPA-CONFERENCIA-5-3-600x600.png 600w, https:\/\/semana.exa.unsa.edu.ar\/wp-content\/uploads\/2022\/09\/Copia-de-Flayer-CARPA-CONFERENCIA-5-3-160x160.png 160w, https:\/\/semana.exa.unsa.edu.ar\/wp-content\/uploads\/2022\/09\/Copia-de-Flayer-CARPA-CONFERENCIA-5-3.png 1080w\" sizes=\"auto, (max-width: 1024px) 100vw, 1024px\" \/><\/figure>\n\n\n\n<div class=\"wp-block-buttons alignwide is-layout-flex wp-block-buttons-is-layout-flex\">\n<div class=\"wp-block-button aligncenter\"><a class=\"wp-block-button__link has-background\" href=\"https:\/\/docs.google.com\/forms\/d\/e\/1FAIpQLSexdnBpULlBH4CNK9hMMF5eKLydnu9gET90UyZqOg3CzQWiiA\/viewform\" style=\"background-color:#a8a946\" target=\"_blank\" rel=\"noreferrer noopener\">PRE-INSCRIPCI\u00d3N<\/a><\/div>\n<\/div>\n<\/div>\n\n\n\n<div class=\"wp-block-column is-layout-flow wp-block-column-is-layout-flow\">\n<figure class=\"wp-block-image size-full\"><img loading=\"lazy\" decoding=\"async\" width=\"509\" height=\"720\" src=\"https:\/\/semanacientifica.unsa.edu.ar\/wp-content\/uploads\/2022\/09\/295256540_775608633889611_779742351218965789_n.jpg\" alt=\"\" class=\"wp-image-590\" srcset=\"https:\/\/semana.exa.unsa.edu.ar\/wp-content\/uploads\/2022\/09\/295256540_775608633889611_779742351218965789_n.jpg 509w, https:\/\/semana.exa.unsa.edu.ar\/wp-content\/uploads\/2022\/09\/295256540_775608633889611_779742351218965789_n-212x300.jpg 212w\" sizes=\"auto, (max-width: 509px) 100vw, 509px\" \/><\/figure>\n<\/div>\n<\/div>\n","protected":false},"excerpt":{"rendered":"<p>ACTOS JORNADAS JORNADA: EL DESAF\u00cdO DE LA EDUCACI\u00d3N A DISTANCIA A 50 A\u00d1OS DE LA CREACI\u00d3N DE LA UNIVERSIDAD NACIONAL DE SALTA III JORNADAS DEL ALTIPLANO SUR. MIRADAS INTERDISCIPLINARIAS.<\/p>\n","protected":false},"author":1,"featured_media":0,"parent":0,"menu_order":0,"comment_status":"closed","ping_status":"closed","template":"","meta":{"footnotes":""},"class_list":["post-573","page","type-page","status-publish","hentry"],"_links":{"self":[{"href":"https:\/\/semana.exa.unsa.edu.ar\/index.php?rest_route=\/wp\/v2\/pages\/573","targetHints":{"allow":["GET"]}}],"collection":[{"href":"https:\/\/semana.exa.unsa.edu.ar\/index.php?rest_route=\/wp\/v2\/pages"}],"about":[{"href":"https:\/\/semana.exa.unsa.edu.ar\/index.php?rest_route=\/wp\/v2\/types\/page"}],"author":[{"embeddable":true,"href":"https:\/\/semana.exa.unsa.edu.ar\/index.php?rest_route=\/wp\/v2\/users\/1"}],"replies":[{"embeddable":true,"href":"https:\/\/semana.exa.unsa.edu.ar\/index.php?rest_route=%2Fwp%2Fv2%2Fcomments&post=573"}],"version-history":[{"count":9,"href":"https:\/\/semana.exa.unsa.edu.ar\/index.php?rest_route=\/wp\/v2\/pages\/573\/revisions"}],"predecessor-version":[{"id":618,"href":"https:\/\/semana.exa.unsa.edu.ar\/index.php?rest_route=\/wp\/v2\/pages\/573\/revisions\/618"}],"wp:attachment":[{"href":"https:\/\/semana.exa.unsa.edu.ar\/index.php?rest_route=%2Fwp%2Fv2%2Fmedia&parent=573"}],"curies":[{"name":"wp","href":"https:\/\/api.w.org\/{rel}","templated":true}]}}